{"id":544,"date":"2022-04-14T13:37:50","date_gmt":"2022-04-14T13:37:50","guid":{"rendered":"https:\/\/support.multical.org\/?post_type=manual_documentation&#038;p=544"},"modified":"2024-02-14T10:52:14","modified_gmt":"2024-02-14T10:52:14","slug":"zeiterfassung-einfuehrung-fuer-administratoren","status":"publish","type":"manual_documentation","link":"https:\/\/support.multical.org\/?manual_documentation=zeiterfassung\/zeiterfassung-einfuehrung-fuer-administratoren","title":{"rendered":"Zeiterfassung &#8211; Einf\u00fchrung f\u00fcr Administratoren"},"content":{"rendered":"<div id=\"toctoc\"><\/div>\n<h2 class=\"wp-block-heading\" id=\"Firmeneinstellungen\">Firmeneinstellungen<\/h2>\n\n\n\n<h4 class=\"wp-block-heading\" id=\"Allgemein\">Allgemein<\/h4>\n\n\n\n<p>Hier k\u00f6nnen Sie Ihre Firmenangaben sowie das Firmenlogo hinzuf\u00fcgen und \u00e4ndern.<\/p>\n\n\n\n<h4 class=\"wp-block-heading\" id=\"Benachrichtigungen\">Benachrichtigungen<\/h4>\n\n\n\n<p><strong><em>Verantwortlicher f\u00fcr Auszahlungen<\/em><\/strong>: Geben Sie die Person an, die f\u00fcr die Auszahlung von gebuchten Stunden verantwortlich ist (z.B. aus der Buchhaltung). Diese Person wird bei einer entsprechenden Anfrage per Mail informiert und kann in dessen Account genehmigte Zeitbuchungen als ausbezahlt markieren.<\/p>\n\n\n\n<p id=\"Keine-E-Mails\"><em><strong>Keine E-Mails oder Benachrichtigungen senden<\/strong>:<\/em> Wenn Sie diese Option aktivieren, werden alle Benachrichtigungen des ganzen Unternehmens abgestellt.<\/p>\n\n\n\n<h4 class=\"wp-block-heading\" id=\"Berechnungen\">Berechnungen<\/h4>\n\n\n\n<p id=\"Berechnungurlaub\"><strong><em>Berechnung des Urlaubs:<\/em><\/strong> Diese Einstellung ist nur relevant, falls Sie das Modul \u00abFerienverwaltung\u00bb verwenden. Hier w\u00e4hlen Sie aus, auf welcher Basis ein Tag Urlaub errechnet werden soll:<\/p>\n\n\n\n<figure class=\"wp-block-table\"><table><tbody><tr><td>Urlaub \u00fcber Arbeitszeit berechnen (CH)<\/td><td>Es ist nicht relevant, wie lange der regul\u00e4re Arbeitstag bei einem 100%-Pensum dauert<\/td><\/tr><tr><td>Urlaub \u00fcber Arbeitstage berechnen (DE)<\/td><td>F\u00e4llt eine Urlaubsanfrage auf einen Tag, an welchem regul\u00e4r weniger lange gearbeitet wird, wird der enstprechende Anteil des Arbeitstages verrechnet<\/td><\/tr><tr><td>Urlaub \u00fcber L\u00e4nge der Arbeitszeit berechnen<\/td><td>Das Modul \u00abZeiterfassung\u00bb ermittelt, wie hoch der Urlaubsanspruch nach erfasster Arbeitszeit ist<\/td><\/tr><\/tbody><\/table><\/figure>\n\n\n\n<h4 class=\"wp-block-heading\">Pausenmanagement<\/h4>\n\n\n\n<p>W\u00e4hlen Sie aus, wie Sie die Pausen managen m\u00f6chten:<\/p>\n\n\n\n<figure class=\"wp-block-image size-large\"><img loading=\"lazy\" decoding=\"async\" width=\"1024\" height=\"473\" src=\"https:\/\/support.multical.org\/wp-content\/uploads\/2023\/03\/Bildschirmfoto-2023-03-21-um-12.18.57-1024x473.png\" alt=\"\" class=\"wp-image-2990\" srcset=\"https:\/\/support.multical.org\/wp-content\/uploads\/2023\/03\/Bildschirmfoto-2023-03-21-um-12.18.57-1024x473.png 1024w, https:\/\/support.multical.org\/wp-content\/uploads\/2023\/03\/Bildschirmfoto-2023-03-21-um-12.18.57-300x139.png 300w, https:\/\/support.multical.org\/wp-content\/uploads\/2023\/03\/Bildschirmfoto-2023-03-21-um-12.18.57-768x355.png 768w, https:\/\/support.multical.org\/wp-content\/uploads\/2023\/03\/Bildschirmfoto-2023-03-21-um-12.18.57.png 1238w\" sizes=\"auto, (max-width: 1024px) 100vw, 1024px\" \/><\/figure>\n\n\n\n<ul class=\"wp-block-list\">\n<li>Pausen vorschlagen (rot): Wenn Sie diese Option w\u00e4hlen, erhalten Sie immer einen Pausenvorschlag, sobald Sie mehr als die eingetragene Arbeitszeit eines Halbtages von Ihrer Soll-Arbeitszeit am St\u00fcck leisten. Sie k\u00f6nnen dann selbst eingeben, in welcher Zeitspanne Sie eine Pause gemacht haben.<\/li>\n\n\n\n<li>Pausen automatisch einf\u00fcgen (blau): Hierbei werden Ihre Pausen ganz automatisch eingef\u00fcgt, wenn Sie eine Zeitbuchung erfassen. Dabei k\u00f6nnen Sie w\u00e4hlen, in welchem Intervall wieviele Minuten an Pause von der Arbeitszeit abgezogen werden sollen.<\/li>\n\n\n\n<li>Pausen aus der Arbeitszeit ermitteln (gr\u00fcn): L\u00e4uft eine Zeitbuchung \u00fcber den gesamten Arbeitstag, so wird die Pause automatisch anhand der hinterlegten Arbeitszeiten des betroffenen Mitarbeiters ermittelt und entsprechend von der Arbeitszeit abgezogen.<\/li>\n<\/ul>\n\n\n\n<p>Kernzeit (gelb): Definieren Sie eine Kernzeit, so ist dies eine Pflicht-Anwesenheitszeit der Mitarbeiter. Falls jemand sp\u00e4ter ein- oder fr\u00fcher ausgestempelt hat, wird dies f\u00fcr die Vorgesetzten in der Ansicht \u00abGenehmigen &amp; Auszahlen\u00bb mittels einer Warnung sichtbar.<\/p>\n\n\n\n<p><\/p>\n\n\n\n<h4 class=\"wp-block-heading\">Rechnungsstellung<\/h4>\n\n\n\n<p>W\u00e4hlen Sie hier den Standard, der verwendet werden soll, wenn Sie eine Rechnung von einem Projekt an einen Kunden erstellen m\u00f6chten. Nat\u00fcrlich k\u00f6nnen Sie dies bei der Erstellung der Rechnung jederzeit individuell \u00fcberschreiben.<\/p>\n\n\n\n<div style=\"height:100px\" aria-hidden=\"true\" class=\"wp-block-spacer\"><\/div>\n\n\n\n<h2 class=\"wp-block-heading\" id=\"Standortefeiertage\">Standorte und Feiertage<\/h2>\n\n\n\n<p>Diese Einstellungen befinden sich im Tab \u00abStandorte\u00bb der Firmeneinstellungen. Hier k\u00f6nnen Sie mehrere Standorte erfassen, welchen Sie dann Ihr Personal zuordnen k\u00f6nnen. Zudem haben Sie hier noch die M\u00f6glichkeit, die Feiertage und neue Mitarbeitende zu erfassen.<\/p>\n\n\n\n<h4 class=\"wp-block-heading\" id=\"standortee\">Standorte<\/h4>\n\n\n\n<p>Klicken Sie auf das Plus, um einen neuen Standort zu erfassen. Auf dem Stift-Icon daneben k\u00f6nnen Sie die bestehenden Standorte bearbeiten.<\/p>\n\n\n\n<figure class=\"wp-block-image\"><a href=\"https:\/\/support.multical.org\/wp-content\/uploads\/2022\/04\/standorte-2.png\"><img loading=\"lazy\" decoding=\"async\" width=\"505\" height=\"102\" src=\"https:\/\/support.multical.org\/wp-content\/uploads\/2022\/04\/standorte-2.png\" alt=\"\" class=\"wp-image-328\" srcset=\"https:\/\/support.multical.org\/wp-content\/uploads\/2022\/04\/standorte-2.png 505w, https:\/\/support.multical.org\/wp-content\/uploads\/2022\/04\/standorte-2-300x61.png 300w\" sizes=\"auto, (max-width: 505px) 100vw, 505px\" \/><\/a><\/figure>\n\n\n\n<p>Die Wahl des Bundeslandes\/Kantons ist relevant f\u00fcr die automatische Erfassung von den jeweiligen gesetzlichen Feiertagen.<\/p>\n\n\n\n<h4 class=\"wp-block-heading\" id=\"Feiertage\">Feiertage<\/h4>\n\n\n\n<p>Einem Standort werden direkt die gesetzlichen Feiertage implementiert. Wenn Sie weitere Feiertage oder Betriebsferien haben, k\u00f6nnen Sie diese auf dem Plus-Icon (rot) manuell erfassen und auf Wunsch auch befristen. Klicken Sie auf das runde Plus (blau), um die gesetzlichen Feiertage neu zu importieren.<\/p>\n\n\n\n<figure class=\"wp-block-image\"><a href=\"https:\/\/support.multical.org\/wp-content\/uploads\/2022\/04\/feiertage-1.png\"><img loading=\"lazy\" decoding=\"async\" width=\"846\" height=\"366\" src=\"https:\/\/support.multical.org\/wp-content\/uploads\/2022\/04\/feiertage-1.png\" alt=\"\" class=\"wp-image-332\" srcset=\"https:\/\/support.multical.org\/wp-content\/uploads\/2022\/04\/feiertage-1.png 846w, https:\/\/support.multical.org\/wp-content\/uploads\/2022\/04\/feiertage-1-300x130.png 300w, https:\/\/support.multical.org\/wp-content\/uploads\/2022\/04\/feiertage-1-768x332.png 768w\" sizes=\"auto, (max-width: 846px) 100vw, 846px\" \/><\/a><\/figure>\n\n\n\n<h4 class=\"wp-block-heading\" id=\"Mitarbeiter\">Mitarbeiter<\/h4>\n\n\n\n<p>Wenn Sie einem Standort gleich das zust\u00e4ndige Personal zuordnen m\u00f6chten, k\u00f6nnen Sie im selben Fenster auch noch Mitarbeiter erfassen. Klicke Sie daf\u00fcr auf das Plus. Alle Optionen, die Sie beim Erfassen eines Mitarbeiters haben, werden Ihnen unter \u00abMitarbeiter\u00bb genauer erkl\u00e4rt.<\/p>\n\n\n\n<figure class=\"wp-block-image\"><a href=\"https:\/\/support.multical.org\/wp-content\/uploads\/2022\/04\/mitarbeiter.png\"><img loading=\"lazy\" decoding=\"async\" width=\"800\" height=\"635\" src=\"https:\/\/support.multical.org\/wp-content\/uploads\/2022\/04\/mitarbeiter.png\" alt=\"\" class=\"wp-image-330\" srcset=\"https:\/\/support.multical.org\/wp-content\/uploads\/2022\/04\/mitarbeiter.png 800w, https:\/\/support.multical.org\/wp-content\/uploads\/2022\/04\/mitarbeiter-300x238.png 300w, https:\/\/support.multical.org\/wp-content\/uploads\/2022\/04\/mitarbeiter-768x610.png 768w\" sizes=\"auto, (max-width: 800px) 100vw, 800px\" \/><\/a><\/figure>\n\n\n\n<div style=\"height:100px\" aria-hidden=\"true\" class=\"wp-block-spacer\"><\/div>\n\n\n\n<h2 class=\"wp-block-heading\" id=\"Abteilungen\">Abteilungen<\/h2>\n\n\n\n<p>Klicken Sie auf das Plus (rot), um eine neue Abteilung anzulegen. Alternativ k\u00f6nnen Sie Abteilungen auch aus einer CSV-Datei importieren (blau).<\/p>\n\n\n\n<figure class=\"wp-block-image\"><a href=\"https:\/\/support.multical.org\/wp-content\/uploads\/2022\/04\/rotblau.png\"><img loading=\"lazy\" decoding=\"async\" width=\"930\" height=\"218\" src=\"https:\/\/support.multical.org\/wp-content\/uploads\/2022\/04\/rotblau.png\" alt=\"\" class=\"wp-image-331\" srcset=\"https:\/\/support.multical.org\/wp-content\/uploads\/2022\/04\/rotblau.png 930w, https:\/\/support.multical.org\/wp-content\/uploads\/2022\/04\/rotblau-300x70.png 300w, https:\/\/support.multical.org\/wp-content\/uploads\/2022\/04\/rotblau-768x180.png 768w\" sizes=\"auto, (max-width: 930px) 100vw, 930px\" \/><\/a><\/figure>\n\n\n\n<p>Wenn Sie eine Abteilung anklicken, finden Sie rechts daneben das Dialogfenster, wo Sie Folgendes bestimmen k\u00f6nnen:<\/p>\n\n\n\n<ul class=\"wp-block-list\">\n<li>Name der Abteilung<\/li>\n\n\n\n<li>H\u00f6chstens abwesend (Anzahl Mitarbeiter, die zur selben Zeit abwesend sein d\u00fcrfen)<\/li>\n\n\n\n<li>Mindestens anwesend (Anzahl Mitarbeiter, die mindestens anwesend sein m\u00fcssen)<\/li>\n<\/ul>\n\n\n\n<p>Sollte eine verantwortliche Person Anfragen erhalten, die die oben aufgef\u00fchrten Bedingungen nicht erf\u00fcllen, wird diese entsprechend gewarnt.<\/p>\n\n\n\n<ul class=\"wp-block-list\">\n<li>Art der Genehmigung (Entweder muss nur ein Verantwortlicher die Anfragen genehmigen oder wenn mehrere definiert sind alle)<\/li>\n\n\n\n<li>Mitarbeiter<\/li>\n\n\n\n<li>Verantwortliche (M\u00fcssen die Anfragen der Mitarbeiter bearbeiten)<\/li>\n\n\n\n<li>Beobachter (Definieren Sie hier Personal, das nicht in dieser Abteilung ist, den Absenzenkalender dieser Abteilung aber dennoch sehen soll)<\/li>\n\n\n\n<li>L\u00f6schen (Klicken Sie den Button \u00abL\u00f6schen\u00bb, um die Abteilung zu l\u00f6schen.<\/li>\n<\/ul>\n\n\n\n<div style=\"height:100px\" aria-hidden=\"true\" class=\"wp-block-spacer\"><\/div>\n\n\n\n<h2 class=\"wp-block-heading\" id=\"voreinstellungen\">Voreinstellungen Mitarbeiter<\/h2>\n\n\n\n<p>Hier legen Sie die Voreinstellungen fest, die beim Erfassungsfenster der Mitarbeitenden erscheinen.<\/p>\n\n\n\n<h4 class=\"wp-block-heading\" id=\"Sprache\">Sprache<\/h4>\n\n\n\n<p>Dies bestimmt die Benutzersprache des Mitarbeiters. Es besteht nur ein kleiner Unterschied zwischen Deutsch (CH) und Deutsch (DE), so z.B. wird bei der CH-Sprache das Wort \u00abFerien\u00bb und bei der DE-Sprache \u00abUrlaub\u00bb benutzt.<\/p>\n\n\n\n<h4 class=\"wp-block-heading\" id=\"\u00fcberziehen\">Das \u00dcberstundenkonto darf \u00fcberzogen werden<\/h4>\n\n\n\n<p>Bestimmen Sie, ob ein negativer Wert bei \u00dcberstunden erlaubt sein soll.<\/p>\n\n\n\n<h4 class=\"wp-block-heading\" id=\"zugriff\">Zugriff auf Zeiterfassung \u00fcber<\/h4>\n\n\n\n<p>Hier legen Sie fest, wie der Zugriff f\u00fcr die Personen auf die Zeiterfassung m\u00f6glich sein soll:<\/p>\n\n\n\n<figure class=\"wp-block-table\"><table><tbody><tr><td>Badge<\/td><td>Hierf\u00fcr ist ein iPad mit einer speziellen App n\u00f6tig (App auf Anfrage kostenlos erh\u00e4ltlich), welche QR-Badgekarten mittels der Frontkamera einscannt und die Personen so ein- und ausstempeln k\u00f6nnen<\/td><\/tr><tr><td>MULTICAL<\/td><td>Dies ist die g\u00e4ngige Methode der Zeiterfassung \u00fcber den Webbrowser<\/td><\/tr><tr><td>Smartphone App<\/td><td>Zugriff auf Zeiterfassung in der mobilen App f\u00fcr iOS und Android<\/td><\/tr><\/tbody><\/table><\/figure>\n\n\n\n<h4 class=\"wp-block-heading\">Zeiten werden ausgezahlt &#8230;<\/h4>\n\n\n\n<p>Falls Sie m\u00f6chten, dass dieser Person die geleisteten Zeiten jeweils ausgezahlt werden (z.B. da diese Person im Stundenlohn angestellt ist), k\u00f6nnen Sie hier ein g\u00fcltiges Startdatum eingeben. Das Enddatum ist optional und kann die Stundenentl\u00f6hnung befristen.<\/p>\n\n\n\n<h4 class=\"wp-block-heading\">Kernzeit \/ Blockzeit<\/h4>\n\n\n\n<p>Definieren Sie eine Kernzeit, so ist dies eine Pflicht-Anwesenheitszeit der Mitarbeiter. Falls jemand sp\u00e4ter ein- oder fr\u00fcher ausgestempelt hat, wird dies f\u00fcr die Vorgesetzten in der Ansicht \u00abGenehmigen &amp; Auszahlen\u00bb mittels einer Warnung sichtbar.<\/p>\n\n\n\n<h4 class=\"wp-block-heading\" id=\"arbeitszeiten100\">Arbeitszeiten<\/h4>\n\n\n\n<p>Hier legen Sie fest, wie der regul\u00e4re Arbeitstag bei einem 100%-Pensum zeitlich aussieht. Diese Zeiten haben keinen Einfluss auf den Urlaubsanspruch der Mitarbeitenden. Sie dienen vorwiegend dazu, dass die Software erkennt, wann jemand am arbeiten ist. Geben Sie f\u00fcr freie Tage (z.B. Samstag und Sonntag) in die 4 Felder jeweils eine 0 ein.<\/p>\n\n\n\n<figure class=\"wp-block-image\"><a href=\"https:\/\/support.multical.org\/wp-content\/uploads\/2022\/04\/arbeitszeiten-1.png\"><img loading=\"lazy\" decoding=\"async\" width=\"387\" height=\"331\" src=\"https:\/\/support.multical.org\/wp-content\/uploads\/2022\/04\/arbeitszeiten-1.png\" alt=\"\" class=\"wp-image-334\" srcset=\"https:\/\/support.multical.org\/wp-content\/uploads\/2022\/04\/arbeitszeiten-1.png 387w, https:\/\/support.multical.org\/wp-content\/uploads\/2022\/04\/arbeitszeiten-1-300x257.png 300w\" sizes=\"auto, (max-width: 387px) 100vw, 387px\" \/><\/a><\/figure>\n\n\n\n<div style=\"height:100px\" aria-hidden=\"true\" class=\"wp-block-spacer\"><\/div>\n\n\n\n<h2 class=\"wp-block-heading\" id=\"mitarbeitererfassen\">Mitarbeiter<\/h2>\n\n\n\n<p>Klicken Sie im Administrations-Men\u00fc in der linken Seitennavigation auf \u00abMitarbeiter\u00bb.<\/p>\n\n\n\n<p>Um einen neuen Mitarbeiter hinzuzuf\u00fcgen, klicken Sie auf das Plus-Icon rechts oben.<\/p>\n\n\n\n<p>Direkt unter dem Platzhalter f\u00fcr das Profilbild, das Sie oder der Mitarbeiter einfach in den markierten Bereich ziehen k\u00f6nnen, l\u00e4sst sich neben dem Geburtstag auch der Standort zuweisen, falls Sie mehrere Standorte erfasst haben. Zudem k\u00f6nnen Sie die Sprache noch ausw\u00e4hlen.<\/p>\n\n\n\n<p>Nach Eingabe der Personalien m\u00fcssen Sie die Rollen des Mitarbeiters bestimmen. Im Dropdown-Men\u00fc beim Punkt \u00abArbeit\u00bb k\u00f6nnen Sie ausw\u00e4hlen zwischen Mitarbeiter, Freier Mitarbeiter und Administrator:<\/p>\n\n\n\n<ul class=\"wp-block-list\">\n<li>Mitarbeiter: Regul\u00e4res Pensum<\/li>\n\n\n\n<li>Freier Mitarbeiter: Irregul\u00e4res Pensum, keine Soll-Arbeitszeit<\/li>\n\n\n\n<li>Administrator: Mitarbeiter mit Administratoren-Rechte<\/li>\n<\/ul>\n\n\n\n<p>W\u00e4hlen Sie danach die Module aus, die Sie dem Mitarbeiter freigeben m\u00f6chten (abh\u00e4ngig davon, welche Sie bestellt haben). Geben Sie zwingend einen Arbeitsbeginn ein. Sofern es sich um ein befristetes Arbeitsverh\u00e4ltnis handelt, k\u00f6nnen Sie auch ein Enddatum eingeben.<\/p>\n\n\n\n<p>Bestimmen Sie nun, in welcher Abteilung der Mitarbeiter arbeitet (k\u00f6nnen auch mehrere sein).<\/p>\n\n\n\n<p>Sobald Sie auf \u00abSpeichern\u00bb klicken, k\u00f6nnen Sie in die weiteren Tabs wechseln.<\/p>\n\n\n\n<h4 class=\"wp-block-heading\" id=\"zeitarbeiter\">Arbeitszeiten<\/h4>\n\n\n\n<p>Die Arbeitszeiten werden gleich vom Firmenstandard \u00fcbernommen. M\u00f6chten Sie diese bearbeiten, klicken Sie in den Tab \u00abArbeitszeiten\u00bb und dann auf die bestehende Zeile. Sie k\u00f6nnen die Arbeitszeiten auch befristen und mehrere davon anlegen. Nun \u00f6ffnet sich folgendes Fenster:<\/p>\n\n\n\n<figure class=\"wp-block-image\"><a href=\"https:\/\/support.multical.org\/wp-content\/uploads\/2022\/04\/freetodecide.png\"><img loading=\"lazy\" decoding=\"async\" width=\"851\" height=\"428\" src=\"https:\/\/support.multical.org\/wp-content\/uploads\/2022\/04\/freetodecide.png\" alt=\"\" class=\"wp-image-339\" srcset=\"https:\/\/support.multical.org\/wp-content\/uploads\/2022\/04\/freetodecide.png 851w, https:\/\/support.multical.org\/wp-content\/uploads\/2022\/04\/freetodecide-300x151.png 300w, https:\/\/support.multical.org\/wp-content\/uploads\/2022\/04\/freetodecide-768x386.png 768w\" sizes=\"auto, (max-width: 851px) 100vw, 851px\" \/><\/a><\/figure>\n\n\n\n<h4 class=\"wp-block-heading\" id=\"Zeiterfassung\">Zeiterfassung<\/h4>\n\n\n\n<p>Im Tab \u00abZeiterfassung\u00bb legen Sie weitere Einstellungen rund um die Zeiterfassung fest. <\/p>\n\n\n\n<p><strong><em>Ein- und Ausstempeln \u00fcber:<\/em><\/strong> Siehe obiges Kapitel <a href=\"#zugriff\">\u00abZugriff auf Zeiterfassung \u00fcber\u00bb<\/a>.<\/p>\n\n\n\n<p><strong><em>Zeiten werden ausgezahlt:<\/em><\/strong> Falls Sie m\u00f6chten, k\u00f6nnen Sie hier einen Zeitraum w\u00e4hlen, in welchem geleistete \u00dcberstunden ausbezahlt werden d\u00fcrfen. \u00dcberstunden, die ausserhalb dieses Zeitraums geleistet wurden, d\u00fcrfen <strong>nicht<\/strong> ausgezahlt werden.<\/p>\n\n\n\n<p><strong><em>Beginn der Zeiterfassung<\/em>:<\/strong> Geben den Beginn der Sollzeiterrechnung der Arbeitszeit ein. <\/p>\n\n\n\n<p><strong><em>QRCode drucken\/erneuern:<\/em><\/strong> Der QR-Code dient dazu, als Badge ein- und auszustempeln. Daf\u00fcr ist ein iPad mit einer speziellen App erforderlich (App kostenlos auf Anfrage erh\u00e4ltlich). Sie k\u00f6nnen Ihrem Personal also selbst eine Badgekarte erstellen oder diese vom MULTICAL-Team drucken lassen. Falls es mit dem QR-Code Probleme g\u00e4be, k\u00f6nnen Sie diesen auch nochmals erneuern.<\/p>\n\n\n\n<p><h4 class=\"wp-block-heading\">Weitere Einstellungen zur Zeiterfassung<img loading=\"lazy\" decoding=\"async\" width=\"858\" height=\"580\" class=\"wp-image-2993\" src=\"https:\/\/support.multical.org\/wp-content\/uploads\/2023\/03\/Bildschirmfoto-2023-03-21-um-16.26.41.png\" alt=\"\" srcset=\"https:\/\/support.multical.org\/wp-content\/uploads\/2023\/03\/Bildschirmfoto-2023-03-21-um-16.26.41.png 858w, https:\/\/support.multical.org\/wp-content\/uploads\/2023\/03\/Bildschirmfoto-2023-03-21-um-16.26.41-300x203.png 300w, https:\/\/support.multical.org\/wp-content\/uploads\/2023\/03\/Bildschirmfoto-2023-03-21-um-16.26.41-768x519.png 768w\" sizes=\"auto, (max-width: 858px) 100vw, 858px\" \/><\/h4><p><strong>1<\/strong> Falls diese Person nicht innert 15 Minuten nach Beginn der Arbeitszeit die Zeitbuchung gestartet hat, wird ein Hinweis per E-Mail verschickt.<\/p><\/p>\n\n\n\n<p><p><strong>2 <\/strong>Falls diese Person nicht inner 15 Minuten nach Ende der Arbeitszeit die Zeitbuchung gestoppt hat, wird ein Hinweis per E-Mail verschickt. Falls darauf nicht inner 30 Minuten geantwortet wird mit \u00abIch arbeite noch\u00bb, wird die Zeitbuchung automatisch auf das Ende der regul\u00e4ren Arbeitszeit hin beendet.<\/p><\/p>\n\n\n\n<p><p><strong>3<\/strong> Legen Sie fest, ob die Zeiten vor der Auszahlung von einer verantwortlichen Person genehmigt werden m\u00fcssen. <\/p><\/p>\n\n\n\n<p><p><strong>4<\/strong> Legen Sie fest, ob die Pause mittels Vorschlag oder automatisch erfasst werden soll, falls diese nicht sowieso manuell erfasst wird.<\/p><\/p>\n\n\n\n<p><p><strong>5<\/strong> Bestimmen Sie, ob der Standort der Zeitbuchung erfasst werden soll. Desweiteren k\u00f6nnen Sie einschr\u00e4nken, ob die Erfassung einer Zeitbuchung ohne Angabe des Standorts \u00fcberhaupt m\u00f6glich sein soll.<\/p><\/p>\n\n\n\n<p><p><strong>6<\/strong> Bestimmen Sie, ob die Mitarbeiter ihre eigenen Zeitbuchungen im Nachhinein \u00e4ndern und erfassen d\u00fcrfen. Solche Zeitbuchungen werden Ihnen aber immer entsprechend gekennzeichnet. Auch die Daten vor einer \u00c4nderung k\u00f6nnen Sie noch einsehen.<\/p><\/p>\n\n\n\n<p><p><strong>7<\/strong> Bestimmen Sie ein Startdatum der Zeiterfassung. Dies wirkt sich auf die Soll-Arbeitszeit aus. Wenn Sie mitten im Jahr anfangen, \u00fcber MULTICAL Zeit zu erfassen, k\u00f6nnen Sie dort das Startdatum eingeben.<\/p><\/p>\n\n\n\n<p><p><strong>8<\/strong> Definieren Sie hier einen Stundenansatz f\u00fcr diese Person, falls Sie deren Zeitaufwand weiterverrechnen m\u00f6chten. Die aufgewendeten Stunden k\u00f6nnen Sie dann in der Ansicht \u00abZeiten fakturieren\u00bb zusammenfassen.<\/p><strong>Blockzeit\/Kernzeit:<\/strong> Definieren Sie eine Kernzeit, so ist dies eine Pflicht-Anwesenheitszeit der Mitarbeiter. Falls jemand sp\u00e4ter ein- oder fr\u00fcher ausgestempelt hat, wird dies f\u00fcr die Vorgesetzten in der Ansicht \u00abGenehmigen &amp; Auszahlen\u00bb mittels einer Warnung sichtbar.<\/p>\n\n\n\n<div style=\"height:100px\" aria-hidden=\"true\" class=\"wp-block-spacer\"><\/div>\n\n\n\n<h2 class=\"wp-block-heading\" id=\"genehmigen\">Genehmigen  und Auszahlen<\/h2>\n\n\n\n<p>In der \u00dcbersicht \u00abGenehmigen &amp; Auszahlen\u00bb, welche Sie links in der Navigation finden, sind alle Zeitbuchungen, die die Mitarbeiter Ihrer Firma erfasst haben, kumuliert abgebildet. Wenn Sie eine Teamleiter-Funktion haben, k\u00f6nnen Sie hier die Zeiten genehmigen:<\/p>\n\n\n\n<figure class=\"wp-block-image size-full is-resized\"><a href=\"https:\/\/support.multical.org\/wp-content\/uploads\/2022\/04\/genehmigen.png\"><img loading=\"lazy\" decoding=\"async\" width=\"1489\" height=\"64\" src=\"https:\/\/support.multical.org\/wp-content\/uploads\/2022\/04\/genehmigen.png\" alt=\"\" class=\"wp-image-464\" style=\"width:1137px;height:49px\" srcset=\"https:\/\/support.multical.org\/wp-content\/uploads\/2022\/04\/genehmigen.png 1489w, https:\/\/support.multical.org\/wp-content\/uploads\/2022\/04\/genehmigen-300x13.png 300w, https:\/\/support.multical.org\/wp-content\/uploads\/2022\/04\/genehmigen-1024x44.png 1024w, https:\/\/support.multical.org\/wp-content\/uploads\/2022\/04\/genehmigen-768x33.png 768w\" sizes=\"auto, (max-width: 1489px) 100vw, 1489px\" \/><\/a><\/figure>\n\n\n\n<p>Sie sehen zudem in roter Farbe, wenn die Zeitbuchungen nach Beginn oder vor Ende der von Ihnen in den Firmeneinstellungen festgelegten Blockzeiten gestartet oder beendet wurden. Sollten Sie eine Zeitbuchung nicht genehmigen wollen, k\u00f6nnen Sie diese per Doppelklick bearbeiten und richtigstellen:<\/p>\n\n\n\n<figure class=\"wp-block-image size-full is-resized\"><a href=\"https:\/\/support.multical.org\/wp-content\/uploads\/2022\/04\/rot.png\"><img loading=\"lazy\" decoding=\"async\" width=\"1489\" height=\"287\" src=\"https:\/\/support.multical.org\/wp-content\/uploads\/2022\/04\/rot.png\" alt=\"\" class=\"wp-image-465\" style=\"width:1140px;height:219px\" srcset=\"https:\/\/support.multical.org\/wp-content\/uploads\/2022\/04\/rot.png 1489w, https:\/\/support.multical.org\/wp-content\/uploads\/2022\/04\/rot-300x58.png 300w, https:\/\/support.multical.org\/wp-content\/uploads\/2022\/04\/rot-1024x197.png 1024w, https:\/\/support.multical.org\/wp-content\/uploads\/2022\/04\/rot-768x148.png 768w\" sizes=\"auto, (max-width: 1489px) 100vw, 1489px\" \/><\/a><\/figure>\n\n\n\n<p>Die von Ihnen festgelegte Person, die f\u00fcr die Auszahlung der Stunden zust\u00e4ndig ist, kann wiederum nachdem die Genehmigung eines Teamleiters erfolgte, den Zeitaufwand entlohnen und somit als bezahlt markieren. <\/p>\n\n\n\n<p>Auch bei dieser Ansicht haben Sie wieder die Option, das Zeitfenster auf einen Monat auszuweiten. Auf dem Zahnrad-Icon oben rechts k\u00f6nnen Sie zudem einstellen, ob Ihnen alle Mitarbeiter angezeigt werden sollen oder nur solche, die tats\u00e4chlich auch Zeitbuchungen im ausgew\u00e4hlten Zeitfenster get\u00e4tigt haben. Ebenfalls k\u00f6nnen Sie sich nur freie Mitarbeiter anzeigen lassen, die kein festes Arbeitspensum aufweisen.<\/p>\n\n\n\n<div style=\"height:100px\" aria-hidden=\"true\" class=\"wp-block-spacer\"><\/div>\n\n\n\n<h2 class=\"wp-block-heading\" id=\"fakturieren\">Zeiten fakturieren<\/h2>\n\n\n\n<p>Um Ihren Zeitaufwand f\u00fcr Projekte und Kunden abzurechnen, klicken Sie auf \u00abZeiten fakturieren\u00bb in der linken Seitennavigation. Nun k\u00f6nnen Sie w\u00e4hlen, ob Sie eine Kunden- oder Projektabrechnung vornehmen wollen (rot). Alle Ihre Projekte oder Kunden, auf welche im ausgew\u00e4hlten Zeitraum Zeiten gebucht wurden, werden nun aufgelistet. Markieren Sie die Zeitbuchungen, die Sie abrechnen m\u00f6chten mit einem Haken und klicken Sie danach auf \u00abAbrechnen\u00bb. Die abgerechneten Zeitbuchungen werden somit lediglich als abgerechnet markiert, damit sie nicht versehentlich doppelt verrechnet werden. Wenn Sie die abgerechneten Zeiten in eine Rechnungsvorlage \u00fcbertragen m\u00f6chten, k\u00f6nnen Sie daf\u00fcr alle markierten Zeiten in ein Excel-Dokument exportieren (blau).<\/p>\n\n\n\n<figure class=\"wp-block-image size-large is-resized\"><img loading=\"lazy\" decoding=\"async\" width=\"1024\" height=\"314\" src=\"https:\/\/support.multical.org\/wp-content\/uploads\/2022\/07\/Bildschirmfoto-2022-07-21-um-14.22.16-1024x314.png\" alt=\"\" class=\"wp-image-2896\" style=\"width:1129px;height:346px\" srcset=\"https:\/\/support.multical.org\/wp-content\/uploads\/2022\/07\/Bildschirmfoto-2022-07-21-um-14.22.16-1024x314.png 1024w, https:\/\/support.multical.org\/wp-content\/uploads\/2022\/07\/Bildschirmfoto-2022-07-21-um-14.22.16-300x92.png 300w, https:\/\/support.multical.org\/wp-content\/uploads\/2022\/07\/Bildschirmfoto-2022-07-21-um-14.22.16-768x235.png 768w, https:\/\/support.multical.org\/wp-content\/uploads\/2022\/07\/Bildschirmfoto-2022-07-21-um-14.22.16-1536x471.png 1536w, https:\/\/support.multical.org\/wp-content\/uploads\/2022\/07\/Bildschirmfoto-2022-07-21-um-14.22.16-2048x627.png 2048w\" sizes=\"auto, (max-width: 1024px) 100vw, 1024px\" \/><\/figure>\n\n\n\n<p>Nat\u00fcrlich k\u00f6nnen Sie die ausgew\u00e4hlten Zeitbuchungen auch gleich in eine Rechnung \u00fcbertragen. Klicken Sie daf\u00fcr auf \u00abRechnung erstellen\u00bb. Nun k\u00f6nnen Sie sich Ihre PDF-Rechnung mit den Zeitbuchungen selbst zusammenstellen, bearbeiten und bei Bedarf mit Informationen erg\u00e4nzen. Die Basisinformationen wie W\u00e4hrung, MwSt, Zusatztext und Preis pro Einheit legen Sie in den Firmeneinstellungen fest. Klicken Sie abschliessend auf \u00abPDF\u00bb, um die Rechnung in einem neuen Tab als PDF fertig anzuzeigen. Um die Rechnung abzulegen, klicken Sie auf \u00abSpeichern\u00bb.<\/p>\n\n\n\n<figure class=\"wp-block-image size-large\"><img loading=\"lazy\" decoding=\"async\" width=\"1024\" height=\"568\" src=\"https:\/\/support.multical.org\/wp-content\/uploads\/2022\/07\/Bildschirmfoto-2022-07-21-um-14.25.42-1024x568.png\" alt=\"\" class=\"wp-image-2897\" srcset=\"https:\/\/support.multical.org\/wp-content\/uploads\/2022\/07\/Bildschirmfoto-2022-07-21-um-14.25.42-1024x568.png 1024w, https:\/\/support.multical.org\/wp-content\/uploads\/2022\/07\/Bildschirmfoto-2022-07-21-um-14.25.42-300x166.png 300w, https:\/\/support.multical.org\/wp-content\/uploads\/2022\/07\/Bildschirmfoto-2022-07-21-um-14.25.42-768x426.png 768w, https:\/\/support.multical.org\/wp-content\/uploads\/2022\/07\/Bildschirmfoto-2022-07-21-um-14.25.42-1536x852.png 1536w, https:\/\/support.multical.org\/wp-content\/uploads\/2022\/07\/Bildschirmfoto-2022-07-21-um-14.25.42.png 1984w\" sizes=\"auto, (max-width: 1024px) 100vw, 1024px\" \/><\/figure>\n\n\n\n<p><\/p>\n\n\n\n<h2 class=\"wp-block-heading\">Rechnungen<\/h2>\n\n\n\n<p>PDF-Rechnungen, die Sie wie im Beispiel oben erstellt haben, werden in dieser Ansicht allesamt abgespeichert, damit Sie diese weiterhin aufrufen k\u00f6nnen. Sie k\u00f6nnen diese Mittels Rechnungs- oder Kundennummer suchen. Ebenfalls m\u00f6glich ist es, hier eine neue Rechnung ohne eine Zeitbuchung durchgef\u00fchrt zu haben zu erstellen. Klicken Sie daf\u00fcr einfach auf das Plus rechts oben.<\/p>\n\n\n\n<div style=\"height:100px\" aria-hidden=\"true\" class=\"wp-block-spacer\"><\/div>\n\n\n\n<h2 class=\"wp-block-heading\">Zeiten importieren<\/h2>\n\n\n\n<p>Damit Sie bereits geleistete Zeiten, die woanders erfasst wurden, direkt beim Umstieg auf MULTICAL in die Software \u00fcbernehmen k\u00f6nnen, haben Sie die M\u00f6glichkeit, diese Zeiten mittels einem CSV-Import zu importieren. Grundvoraussetzung daf\u00fcr sind folgende:<\/p>\n\n\n\n<ul class=\"wp-block-list\">\n<li>Ihre bisherigen Daten m\u00fcssen in einer CSV-Datei zusammengefasst sein<\/li>\n\n\n\n<li>Alle Mitarbeitenden m\u00fcssen eine Personalnummer haben (k\u00f6nnen Sie unter Administration -&gt; Mitarbeiter einf\u00fcgen)<\/li>\n\n\n\n<li>Datum der Zeitbuchung muss erfasst worden sein<\/li>\n\n\n\n<li>Dauer der Zeitbuchung muss erfasst worden sein<\/li>\n<\/ul>\n\n\n\n<p> Sobald Sie das CSV mit allen vorhandenen Daten unter \u00abZeiten importieren\u00bb hochladen, k\u00f6nnen Sie die entsprechenden Spalten zuweisen und diese Zuweisung gleich unter \u00abEinstellung speichern\u00bb f\u00fcr ein m\u00f6gliches n\u00e4chstes Mal sichern. Falls Sie bereits Projekte bebucht haben, die aber in MULTICAL noch nicht unter \u00abMeine Projekte\u00bb angelegt sind, werden diese dort automatisch erfasst.<\/p>\n\n\n\n<p>Nachdem Sie den Import dann unter \u00abCSV-Datei importieren\u00bb gestartet haben, werden Sie sehen, ob es zu Fehlern kam. Falls ja, werden Ihnen diese chronologisch aufgelistet und Sie k\u00f6nnen den Grund auf dem roten Warn-Icon erkennen und somit sp\u00e4ter beheben.<\/p>\n\n\n\n<p>Falls Sie beim Import Unterst\u00fctzung brauchen, helfen wir Ihnen nat\u00fcrlich gerne. Kontaktieren Sie uns einfach mittels dem Kontaktformular oder rufen Sie uns an.<\/p>\n\n\n\n<div style=\"height:100px\" aria-hidden=\"true\" class=\"wp-block-spacer\"><\/div>\n\n\n\n<h2 class=\"wp-block-heading\" id=\"kunden\">Kunden hinzuf\u00fcgen<\/h2>\n\n\n\n<p>Damit Sie Ihren Zeitbuchungen jeweils Kunden zuordnen k\u00f6nnen, k\u00f6nnen Sie diese vorab hinzuf\u00fcgen. \u00d6ffnen Sie daf\u00fcr die Navigation \u00abKunden\u00bb im Administrations-Men\u00fc. Geben Sie die Daten des Kunden ein und erstellen Sie eine Kundennummer. Diese Nummer dient als K\u00fcrzel und kann alternativ zum vollst\u00e4ndigen Namen in eine Zeitbuchung eingetragen werden. Eine vollst\u00e4ndige Kundenliste kann auch mittels CSV-Datei importiert werden. Klicken Sie daf\u00fcr einfach auf das entsprechende Icon rechts oben:<\/p>\n\n\n\n<figure class=\"wp-block-image size-large\"><img loading=\"lazy\" decoding=\"async\" width=\"1024\" height=\"276\" src=\"https:\/\/support.multical.org\/wp-content\/uploads\/2024\/02\/Bildschirmfoto-2024-02-14-um-11.38.51-1024x276.png\" alt=\"\" class=\"wp-image-3091\" srcset=\"https:\/\/support.multical.org\/wp-content\/uploads\/2024\/02\/Bildschirmfoto-2024-02-14-um-11.38.51-1024x276.png 1024w, https:\/\/support.multical.org\/wp-content\/uploads\/2024\/02\/Bildschirmfoto-2024-02-14-um-11.38.51-300x81.png 300w, https:\/\/support.multical.org\/wp-content\/uploads\/2024\/02\/Bildschirmfoto-2024-02-14-um-11.38.51-768x207.png 768w, https:\/\/support.multical.org\/wp-content\/uploads\/2024\/02\/Bildschirmfoto-2024-02-14-um-11.38.51-1536x413.png 1536w, https:\/\/support.multical.org\/wp-content\/uploads\/2024\/02\/Bildschirmfoto-2024-02-14-um-11.38.51-2048x551.png 2048w\" sizes=\"auto, (max-width: 1024px) 100vw, 1024px\" \/><\/figure>\n\n\n\n<div style=\"height:100px\" aria-hidden=\"true\" class=\"wp-block-spacer\"><\/div>\n\n\n\n<h2 class=\"wp-block-heading\" id=\"aktivit\u00e4t\">Aktivit\u00e4ten hinzuf\u00fcgen<\/h2>\n\n\n\n<p>Um Aktivit\u00e4ten hinzuzuf\u00fcgen, klicken Sie im linken Administrations-Men\u00fc auf \u00abAktivit\u00e4ten\u00bb. Klicken Sie daraufhin auf das +-Icon im rechten oberen Bildrand. Die Aktivit\u00e4t \u00abPrivat\u00bb wird standardm\u00e4ssig bereits zur Verf\u00fcgung gestellt. Hier sehen Sie eine Aktivit\u00e4t als Beispiel. Benennen Sie diese und ordnen Sie die Aktivit\u00e4t einer Farbe zu. Klicken Sie danach auf \u00abSpeichern\u00bb.<\/p>\n\n\n\n<figure class=\"wp-block-image\"><a href=\"https:\/\/support.multical.org\/wp-content\/uploads\/2022\/04\/Aktivit\u00e4ten.png\"><img decoding=\"async\" src=\"https:\/\/support.multical.org\/wp-content\/uploads\/2022\/04\/Aktivit\u00e4ten.png\" alt=\"\" class=\"wp-image-405\"\/><\/a><\/figure>\n\n\n\n<div style=\"height:100px\" aria-hidden=\"true\" class=\"wp-block-spacer\"><\/div>\n\n\n\n<h2 class=\"wp-block-heading\">Lizenzverwaltung<\/h2>\n\n\n\n<p>Unter \u00abLizenzverwaltung\u00bb haben Sie die M\u00f6glichkeit, Ihr Abo einzusehen und anzupassen. Dies funktioniert genauso wie bei der erstmaligen Registrierung.<\/p>\n\n\n\n<p>Vorerst sehen Sie im Detail, welche Module und wie viele Mitarbeiter Sie in Ihrem Abo festgelegt haben (rot). Mit einem Klick auf die Rechnung (blauer Pfeil) sehen Sie genau, aus welchen Betr\u00e4gen sich Ihre Rechnung zusammensetzt.<\/p>\n\n\n\n<figure class=\"wp-block-image size-large\"><img loading=\"lazy\" decoding=\"async\" width=\"1024\" height=\"341\" src=\"https:\/\/support.multical.org\/wp-content\/uploads\/2022\/07\/Bildschirmfoto-2022-07-26-um-11.24.12-1-1024x341.png\" alt=\"\" class=\"wp-image-2943\" srcset=\"https:\/\/support.multical.org\/wp-content\/uploads\/2022\/07\/Bildschirmfoto-2022-07-26-um-11.24.12-1-1024x341.png 1024w, https:\/\/support.multical.org\/wp-content\/uploads\/2022\/07\/Bildschirmfoto-2022-07-26-um-11.24.12-1-300x100.png 300w, https:\/\/support.multical.org\/wp-content\/uploads\/2022\/07\/Bildschirmfoto-2022-07-26-um-11.24.12-1-768x255.png 768w, https:\/\/support.multical.org\/wp-content\/uploads\/2022\/07\/Bildschirmfoto-2022-07-26-um-11.24.12-1-1536x511.png 1536w, https:\/\/support.multical.org\/wp-content\/uploads\/2022\/07\/Bildschirmfoto-2022-07-26-um-11.24.12-1-2048x681.png 2048w\" sizes=\"auto, (max-width: 1024px) 100vw, 1024px\" \/><\/figure>\n\n\n\n<p><\/p>\n\n\n\n<p>Wenn Sie Ihre Lizenz bearbeiten m\u00f6chten, klicken Sie auf den Button \u00abAnpassen\u00bb (gr\u00fcner Pfeil).<\/p>\n\n\n\n<p>Nun gibt es zwei M\u00f6glichkeiten:<\/p>\n\n\n\n<p>1. Sie m\u00f6chten Ihre Lizenz aufstocken, d.h. mehr Mitarbeiter und\/oder Module hinzuf\u00fcgen. Diese \u00c4nderung wird <strong>sofort <\/strong>vorgenommen und Ihr Abopreis f\u00fcr die restliche Laufzeit angepasst.<\/p>\n\n\n\n<p>2. Sie m\u00f6chten Ihre Lizenz verkleinern, d.h. weniger Mitarbeiter und\/oder Module hinzuf\u00fcgen. Diese \u00c4nderung wird <strong>erst nach Ablauf der Laufzeit<\/strong> angepasst. Das bedeutet, Sie verl\u00e4ngern Ihr Abo nach der aktuellen Laufzeit um ein weiteres Jahr mit den vorgenommenen \u00c4nderungen.<\/p>\n\n\n\n<p><\/p>\n\n\n\n<p>Wenn Ihnen MULTICAL gef\u00e4llt und Sie es gerne an eine Partnerfirma oder an Bekannte weitergeben m\u00f6chten, k\u00f6nnen sowohl Sie als auch Ihr Partner davon profitieren. Im gelb markierten Kasten finden Sie Ihren Referenzcode (hier: MC-fritz-muster-ag). Erhalten wir eine kaufpflichtige Bestellung, die mit diesem Referenzcode versehen wurde, erh\u00e4lt Ihr Partner gleich 10% Rabatt auf die erste Jahresrechnung, Sie selbst erhalten ebenfalls 10% auf die Rechnung im darauffolgenden Jahr.<\/p>\n\n\n\n<p><\/p>\n\n\n\n<p>Im orange markierten Kasten sehen Sie, welche Partner Ihren Referenzcode schon erhalten haben. \u00dcber den Button &#8220;Meinen Code senden&#8221; k\u00f6nnen Sie Ihren Referenzcode gleich nochmals an andere Bekannte verschicken. <\/p>\n\n\n\n<div style=\"height:100px\" aria-hidden=\"true\" class=\"wp-block-spacer\"><\/div>\n\n\n\n<h2 class=\"wp-block-heading\">Links zu AGB, Datenschutz, Impressum<\/h2>\n\n\n\n<p><a href=\"https:\/\/www.multical.org\/de_CH\/agb.html\" data-type=\"URL\" data-id=\"https:\/\/www.multical.org\/de_CH\/agb.html\">Allgemeine Gesch\u00e4ftsbedingungen (AGB)<\/a><\/p>\n\n\n\n<p><a href=\"https:\/\/www.multical.org\/Datenschutz.html\" data-type=\"URL\" data-id=\"https:\/\/www.multical.org\/Datenschutz.html\">Datenschutzerkl\u00e4rung<\/a><\/p>\n\n\n\n<p><a href=\"https:\/\/www.multical.org\/Impressum.html\" data-type=\"URL\" data-id=\"https:\/\/www.multical.org\/Impressum.html\">Impressum<\/a><\/p>\n","protected":false},"author":1,"featured_media":0,"parent":2475,"menu_order":301,"template":"","manualdocumentationcategory":[94,39,93],"manual_doc_tag":[],"class_list":["post-544","manual_documentation","type-manual_documentation","status-publish","hentry","manualdocumentationcategory-anleitungen","manualdocumentationcategory-erste-schritte","manualdocumentationcategory-zeiterfassung"],"_links":{"self":[{"href":"https:\/\/support.multical.org\/index.php?rest_route=\/wp\/v2\/manual_documentation\/544","targetHints":{"allow":["GET"]}}],"collection":[{"href":"https:\/\/support.multical.org\/index.php?rest_route=\/wp\/v2\/manual_documentation"}],"about":[{"href":"https:\/\/support.multical.org\/index.php?rest_route=\/wp\/v2\/types\/manual_documentation"}],"author":[{"embeddable":true,"href":"https:\/\/support.multical.org\/index.php?rest_route=\/wp\/v2\/users\/1"}],"version-history":[{"count":38,"href":"https:\/\/support.multical.org\/index.php?rest_route=\/wp\/v2\/manual_documentation\/544\/revisions"}],"predecessor-version":[{"id":3102,"href":"https:\/\/support.multical.org\/index.php?rest_route=\/wp\/v2\/manual_documentation\/544\/revisions\/3102"}],"up":[{"embeddable":true,"href":"https:\/\/support.multical.org\/index.php?rest_route=\/wp\/v2\/manual_documentation\/2475"}],"wp:attachment":[{"href":"https:\/\/support.multical.org\/index.php?rest_route=%2Fwp%2Fv2%2Fmedia&parent=544"}],"wp:term":[{"taxonomy":"manualdocumentationcategory","embeddable":true,"href":"https:\/\/support.multical.org\/index.php?rest_route=%2Fwp%2Fv2%2Fmanualdocumentationcategory&post=544"},{"taxonomy":"manual_doc_tag","embeddable":true,"href":"https:\/\/support.multical.org\/index.php?rest_route=%2Fwp%2Fv2%2Fmanual_doc_tag&post=544"}],"curies":[{"name":"wp","href":"https:\/\/api.w.org\/{rel}","templated":true}]}}