{"id":2571,"date":"2022-04-22T08:46:21","date_gmt":"2022-04-22T08:46:21","guid":{"rendered":"https:\/\/support.multical.org\/?post_type=manual_documentation&#038;p=2571"},"modified":"2023-06-27T11:44:39","modified_gmt":"2023-06-27T11:44:39","slug":"teamkalender-einfuehrung-fuer-mitarbeiter","status":"publish","type":"manual_documentation","link":"https:\/\/support.multical.org\/?manual_documentation=teamkalender\/teamkalender-einfuehrung-fuer-mitarbeiter","title":{"rendered":"Teamkalender &#8211; Einf\u00fchrung f\u00fcr Mitarbeiter"},"content":{"rendered":"<div id=\"toctoc\"><\/div>\n<p>Das Modul \u00abTeamkalender\u00bb ist das Herzst\u00fcck von MULTICAL und hat wesentlichen Anteil an der tollen Integrit\u00e4t der verschiedenen Module. Der Teamkalender verwaltet alle Ihre Termine, Aufgaben und Ressourcen. Mit Ressourcen sind physische Objekte eines Unternehmens gemeint, wie z.B. R\u00e4umlichkeiten, Arbeitsger\u00e4te, Fahrzeuge und Vieles mehr. Aber auch Plattformen f\u00fcr Videokonferenzen wie Zoom oder GoTo k\u00f6nnen als Ressource angelegt und zu den Terminen gebucht werden, damit Sie alle Infos und Links mit nur einem Klick auf den Termin einsehen k\u00f6nnen. Das Besondere am Teamkalender ist die enorme Flexibilit\u00e4t und Intelligenz. Dank dem Zusammenspiel mit den anderen Modulen und der Ber\u00fccksichtigung Ihres Arbeitspensums kennt der Teamkalender Ihre Verf\u00fcgbarkeiten jederzeit. Automatische Vorschl\u00e4ge helfen Ihnen, eine Zeit f\u00fcr einen Termin zu finden, der mit mehreren Teilnehmenden stattfinden soll. Auch externe Personen, die kein MULTICAL verwenden, k\u00f6nnen Sie zu Ihren Terminen einladen. Mit den total flexibel und individuell anpassbaren Ansichten k\u00f6nnen Sie mehrere Kalender von Ihren Arbeitskollegen oder den Firmenressourcen zur selben Zeit anzeigen, so dass Sie Ihr Team jederzeit im Blick haben!<\/p>\n\n\n\n<div style=\"height:51px\" aria-hidden=\"true\" class=\"wp-block-spacer\"><\/div>\n\n\n\n<p>Schauen Sie sich den Film an, um die wichtigsten Funktionen in K\u00fcrze kennenzulernen:<\/p>\n\n\n\n<figure class=\"wp-block-embed is-type-video is-provider-youtube wp-block-embed-youtube wp-embed-aspect-16-9 wp-has-aspect-ratio\"><div class=\"wp-block-embed__wrapper\">\n<iframe loading=\"lazy\" title=\"MULTICAL Teamkalender\" width=\"700\" height=\"394\" src=\"https:\/\/www.youtube.com\/embed\/6KcOGeVjiyw?feature=oembed\" frameborder=\"0\" allow=\"accelerometer; autoplay; clipboard-write; encrypted-media; gyroscope; picture-in-picture; web-share\" allowfullscreen><\/iframe>\n<\/div><\/figure>\n\n\n\n<div style=\"height:20px\" aria-hidden=\"true\" class=\"wp-block-spacer\"><\/div>\n\n\n\n<p>Die folgende Anleitung erkl\u00e4rt Ihnen schrittweise alle Funktionen, von denen Sie im Teamkalender profitieren k\u00f6nnen.<\/p>\n\n\n\n<h2 class=\"wp-block-heading\">\u00dcbersicht Startseite<\/h2>\n\n\n\n<p>Der Startscreen l\u00e4sst sich in folgende drei Bereiche einteilen:<\/p>\n\n\n\n<figure class=\"wp-block-image size-large is-resized\"><a href=\"https:\/\/support.multical.org\/wp-content\/uploads\/2022\/04\/cats.png\"><img loading=\"lazy\" decoding=\"async\" src=\"https:\/\/support.multical.org\/wp-content\/uploads\/2022\/04\/cats-1024x632.png\" alt=\"\" class=\"wp-image-409\" width=\"1125\" height=\"694\" srcset=\"https:\/\/support.multical.org\/wp-content\/uploads\/2022\/04\/cats-1024x632.png 1024w, https:\/\/support.multical.org\/wp-content\/uploads\/2022\/04\/cats-300x185.png 300w, https:\/\/support.multical.org\/wp-content\/uploads\/2022\/04\/cats-768x474.png 768w, https:\/\/support.multical.org\/wp-content\/uploads\/2022\/04\/cats-1536x949.png 1536w, https:\/\/support.multical.org\/wp-content\/uploads\/2022\/04\/cats-2048x1265.png 2048w\" sizes=\"auto, (max-width: 1125px) 100vw, 1125px\" \/><\/a><\/figure>\n\n\n\n<ul class=\"wp-block-list\">\n<li>Kalenderansicht und Navigation (rot)<\/li>\n\n\n\n<li>Liste mit den n\u00e4chsten und vergangenen Terminen (blau)<\/li>\n\n\n\n<li>Liste mit Ihren To-dos (gr\u00fcn)<\/li>\n<\/ul>\n\n\n\n<p>Oben rechts in der Ecke sehen Sie folgende Symbole:<\/p>\n\n\n\n<figure class=\"wp-block-image size-full\"><a href=\"https:\/\/support.multical.org\/wp-content\/uploads\/2022\/04\/farbenddd.png\"><img loading=\"lazy\" decoding=\"async\" width=\"342\" height=\"106\" src=\"https:\/\/support.multical.org\/wp-content\/uploads\/2022\/04\/farbenddd.png\" alt=\"\" class=\"wp-image-410\" srcset=\"https:\/\/support.multical.org\/wp-content\/uploads\/2022\/04\/farbenddd.png 342w, https:\/\/support.multical.org\/wp-content\/uploads\/2022\/04\/farbenddd-300x93.png 300w\" sizes=\"auto, (max-width: 342px) 100vw, 342px\" \/><\/a><\/figure>\n\n\n\n<p><strong><em>Pers\u00f6nlich<\/em><\/strong><em><strong>e Einstellungen (rot):<\/strong> <\/em>Klicken Sie auf Ihr Profilbild (wenn Sie keines hochgeladen haben, erscheinen Ihre Initialen), um zu Ihren pers\u00f6nlichen Einstellungen zu gelangen.<\/p>\n\n\n\n<p><strong><em>Kurzeinf\u00fchrung (blau):<\/em> <\/strong>Klicken Sie auf das Fragezeichen, um Ihnen die aktuelle Ansicht erkl\u00e4ren zu lassen. Dies k\u00f6nnen Sie in jedem Dialogfenster tun.<\/p>\n\n\n\n<p><strong><em>MULTICAL empfehlen (gr\u00fcn):<\/em><\/strong> Schicken Sie per Mail eine MULTICAL-Empfehlung an Ihre Kontakte und sparen Sie bei einer erfolgreichen Empfehlung 10 % auf die n\u00e4chste Abrechnung. Zudem erh\u00e4lt der Empf\u00e4nger ebenfalls 10% Rabatt auf den Kaufpreis seiner Bestellung.<\/p>\n\n\n\n<p><strong><em>Abmelden (gelb):<\/em> <\/strong>Klicken Sie hier, um sich von MULTICAL auszuloggen.<\/p>\n\n\n\n<p><\/p>\n\n\n\n<p><\/p>\n\n\n\n<h3 class=\"wp-block-heading\" id=\"meins\">Mein Kalender<\/h3>\n\n\n\n<figure class=\"wp-block-embed is-type-video is-provider-youtube wp-block-embed-youtube wp-embed-aspect-16-9 wp-has-aspect-ratio\"><div class=\"wp-block-embed__wrapper\">\n<iframe loading=\"lazy\" title=\"MULTICAL Teamkalender \u2013\u00a0Mein Kalender\" width=\"700\" height=\"394\" src=\"https:\/\/www.youtube.com\/embed\/Pp4q5IovoMc?start=9&#038;feature=oembed\" frameborder=\"0\" allow=\"accelerometer; autoplay; clipboard-write; encrypted-media; gyroscope; picture-in-picture; web-share\" allowfullscreen><\/iframe>\n<\/div><\/figure>\n\n\n\n<p><\/p>\n\n\n\n<p>Der MULTICAL-Kalender bietet Ihnen viele einzigartige Funktionen. Diese befinden sich direkt \u00fcber Ihrem Kalender.<\/p>\n\n\n\n<figure class=\"wp-block-image size-full is-resized\"><a href=\"https:\/\/support.multical.org\/wp-content\/uploads\/2022\/04\/Bildschirmfoto-2022-04-11-um-09.07.14.png\"><img loading=\"lazy\" decoding=\"async\" src=\"https:\/\/support.multical.org\/wp-content\/uploads\/2022\/04\/Bildschirmfoto-2022-04-11-um-09.07.14.png\" alt=\"\" class=\"wp-image-413\" width=\"679\" height=\"100\" srcset=\"https:\/\/support.multical.org\/wp-content\/uploads\/2022\/04\/Bildschirmfoto-2022-04-11-um-09.07.14.png 858w, https:\/\/support.multical.org\/wp-content\/uploads\/2022\/04\/Bildschirmfoto-2022-04-11-um-09.07.14-300x45.png 300w\" sizes=\"auto, (max-width: 679px) 100vw, 679px\" \/><\/a><\/figure>\n\n\n\n<p><strong><em>Homeoffice eintragen (rot): <\/em><\/strong>Klicken Sie hier, um Ihr Team dar\u00fcber zu informieren, dass Sie im Homeoffice arbeiten. Sie k\u00f6nnen Homeoffice auch mehrt\u00e4gig oder f\u00fcr Tage in der Zukunft anlegen.<\/p>\n\n\n\n<p><strong><em>.ics-Datei importieren (blau): <\/em><\/strong>Hier k\u00f6nnen Sie eine .ics-Datei hochladen, die einen oder mehrere Termine beinhaltet. Somit k\u00f6nnen Sie ganz bequem Ihren gesamten Terminkalender aus einer anderen Kalendersoftware exportieren und direkt in den MULTICAL Teamkalender integrieren. Ziehen Sie diese Datei ganz einfach auf dieses Icon.<\/p>\n\n\n\n<p><strong><em>Filteroptionen (gr\u00fcn):<\/em><\/strong> W\u00e4hlen Sie hier, was Ihr Kalender anzeigen soll. Sie haben die Optionen To-dos, Geburtstage, Dienstjubil\u00e4en und abgesagte Termine.<\/p>\n\n\n\n<p><strong><em>Filtern nach Aktivit\u00e4ten (gelb):<\/em><\/strong> Wenn Sie nur ein Typ von Termin (z.B. Meetings oder Aussendiensttermine) sehen m\u00f6chten, k\u00f6nnen Sie hier die gew\u00fcnschten Aktivit\u00e4ten ausw\u00e4hlen (wurden von Ihrem Administrator angelegt).<\/p>\n\n\n\n<p><strong><em>Einfachauswahl\/Mehrfachauswahl (orange):<\/em><\/strong> Klicken Sie hier, um mehrere Kalender \u00fcbereinander anzuzeigen oder sich nur auf Ihren Kalender zu beschr\u00e4nken.<\/p>\n\n\n\n<p><strong><em>Mitarbeiter\/Ressource(n) ausw\u00e4hlen (lila): <\/em><\/strong>Klicken Sie hier, um den Kalender einer anderen Person oder einer Ressource anzuzeigen. M\u00f6chten Sie mehrere Kalender \u00fcbereinanderlegen, aktivieren Sie die Mehrfachauswahl (orange) und w\u00e4hlen Sie danach eine(n) oder mehrere Personen oder Ressourcen aus.<\/p>\n\n\n\n<figure class=\"wp-block-image size-full is-resized\"><a href=\"https:\/\/support.multical.org\/wp-content\/uploads\/2022\/04\/Nr.2.png\"><img loading=\"lazy\" decoding=\"async\" src=\"https:\/\/support.multical.org\/wp-content\/uploads\/2022\/04\/Nr.2.png\" alt=\"\" class=\"wp-image-414\" width=\"647\" height=\"83\" srcset=\"https:\/\/support.multical.org\/wp-content\/uploads\/2022\/04\/Nr.2.png 916w, https:\/\/support.multical.org\/wp-content\/uploads\/2022\/04\/Nr.2-300x39.png 300w, https:\/\/support.multical.org\/wp-content\/uploads\/2022\/04\/Nr.2-768x99.png 768w\" sizes=\"auto, (max-width: 647px) 100vw, 647px\" \/><\/a><\/figure>\n\n\n\n<p><strong><em>Zeitraum w\u00e4hlen (rot): <\/em><\/strong> W\u00e4hlen Sie hier aus, wie gross der Zeitraum der Anzeige Ihres Kalenders sein soll.<\/p>\n\n\n\n<p><strong><em>Heute (blau):<\/em><\/strong> Klicken Sie auf diesen Knopf, um zum heutigen Datum zur\u00fcckzukehren.<\/p>\n\n\n\n<p><strong><em>Datum w\u00e4hlen (gr\u00fcn):<\/em><\/strong> Navigieren Sie auf den beiden Pfeilen durch den Kalender oder geben Sie Ihr Datum mittels Mini-Kalender ein, um zum gew\u00fcnschten Datum zu springen.<\/p>\n\n\n\n<p><strong><em>Suche ein-\/blenden (gelb):<\/em><\/strong> Durchsuchen Sie Ihre Termine nach Stichworten. Dabei werden alle Eingabefelder ber\u00fccksichtigt.<\/p>\n\n\n\n<p><\/p>\n\n\n\n<h3 class=\"wp-block-heading\" id=\"Termine\">Termine<\/h3>\n\n\n\n<p>Direkt unter Ihrem pers\u00f6nlichen Kalender sehen Sie Ihre bevorstehenden sowie die vergangenen Termine in chronologischer Reihenfolge. Zudem sind bevorstehenden Terminen oft Farbpunkte zugeteilt, welche folgende Bedeutung haben:<\/p>\n\n\n\n<p>Rot: Von anderen Teilnehmern unbeantwortete Termine<\/p>\n\n\n\n<p>Blau: Von mir unbeantwortete Termine<\/p>\n\n\n\n<figure class=\"wp-block-image size-large\"><a href=\"https:\/\/support.multical.org\/wp-content\/uploads\/2022\/04\/jojoo.png\"><img loading=\"lazy\" decoding=\"async\" width=\"1024\" height=\"276\" src=\"https:\/\/support.multical.org\/wp-content\/uploads\/2022\/04\/jojoo-1024x276.png\" alt=\"\" class=\"wp-image-415\" srcset=\"https:\/\/support.multical.org\/wp-content\/uploads\/2022\/04\/jojoo-1024x276.png 1024w, https:\/\/support.multical.org\/wp-content\/uploads\/2022\/04\/jojoo-300x81.png 300w, https:\/\/support.multical.org\/wp-content\/uploads\/2022\/04\/jojoo-768x207.png 768w, https:\/\/support.multical.org\/wp-content\/uploads\/2022\/04\/jojoo.png 1489w\" sizes=\"auto, (max-width: 1024px) 100vw, 1024px\" \/><\/a><\/figure>\n\n\n\n<p><mark style=\"background-color:rgba(0, 0, 0, 0)\" class=\"has-inline-color has-vivid-red-color\"><strong>1<\/strong><\/mark> Suchen Sie im Suchfeld nach einem gew\u00fcnschten Eintrag<\/p>\n\n\n\n<p><strong><mark style=\"background-color:rgba(0, 0, 0, 0)\" class=\"has-inline-color has-vivid-red-color\">2<\/mark><\/strong> Sie k\u00f6nnen auch hier die Termine nach Aktivit\u00e4ten filtern<\/p>\n\n\n\n<p><strong><mark style=\"background-color:rgba(0, 0, 0, 0)\" class=\"has-inline-color has-vivid-red-color\">3<\/mark><\/strong> Beschr\u00e4nken Sie die angezeigten Termine auf den gew\u00fcnschten bevorstehenden Zeitraum<\/p>\n\n\n\n<p><strong><mark style=\"background-color:rgba(0, 0, 0, 0)\" class=\"has-inline-color has-vivid-red-color\">4<\/mark><\/strong> Dr\u00fccken Sie diesen Tongle, um alle Termine anzuzeigen, denen Sie noch nicht zu- oder abgesagt haben oder weitere Teilnehmer noch offen sind<\/p>\n\n\n\n<p><strong><mark style=\"background-color:rgba(0, 0, 0, 0)\" class=\"has-inline-color has-vivid-red-color\">5<\/mark><\/strong> Bei allen Terminen bei denen Sie Mitarbeiter eingeladen haben, diese aber die Einladung noch nicht beantwortet haben, erscheint dieses Icon. Klicken Sie auf dieses Icon, um eine Erinnerung an diese Mitarbeiter zu schicken, welche den Termin noch nicht beantwortet haben<\/p>\n\n\n\n<p><strong><mark style=\"background-color:rgba(0, 0, 0, 0)\" class=\"has-inline-color has-vivid-red-color\">6<\/mark><\/strong> Sagen Sie bei den angezeigten Terminen direkt in dieser Ansicht zu, indem Sie den gr\u00fcnen Haken dr\u00fccken oder auf dem roten Kreuz ablehnen<\/p>\n\n\n\n<p><strong><mark style=\"background-color:rgba(0, 0, 0, 0)\" class=\"has-inline-color has-vivid-red-color\">7<\/mark> <\/strong>Sehen Sie auf dem Personen-Icon, wer alles zu diesem Termin eingeladen wurde. Auf dem Auto-Icon k\u00f6nnen Sie sehen, welche Ressourcen f\u00fcr diesen Termin gebucht wurden<\/p>\n\n\n\n<h3 class=\"wp-block-heading\" id=\"todos\">To-dos<\/h3>\n\n\n\n<p>Rechts neben der Ansicht mit den Terminen sind alle Ihre To-dos chronologisch nach F\u00e4lligkeitsdatum aufgelistet, die entweder Sie sich selbst oder andere Mitarbeiter Ihnen erteilt haben.&nbsp;<\/p>\n\n\n\n<figure class=\"wp-block-image size-large\"><a href=\"https:\/\/support.multical.org\/wp-content\/uploads\/2022\/04\/todos.png\"><img loading=\"lazy\" decoding=\"async\" width=\"1024\" height=\"257\" src=\"https:\/\/support.multical.org\/wp-content\/uploads\/2022\/04\/todos-1024x257.png\" alt=\"\" class=\"wp-image-416\" srcset=\"https:\/\/support.multical.org\/wp-content\/uploads\/2022\/04\/todos-1024x257.png 1024w, https:\/\/support.multical.org\/wp-content\/uploads\/2022\/04\/todos-300x75.png 300w, https:\/\/support.multical.org\/wp-content\/uploads\/2022\/04\/todos-768x193.png 768w, https:\/\/support.multical.org\/wp-content\/uploads\/2022\/04\/todos.png 1241w\" sizes=\"auto, (max-width: 1024px) 100vw, 1024px\" \/><\/a><\/figure>\n\n\n\n<p><mark style=\"background-color:rgba(0, 0, 0, 0)\" class=\"has-inline-color has-vivid-red-color\"><strong>1<\/strong><\/mark> Suchen Sie im Suchfeld nach einem gew\u00fcnschten Eintrag<\/p>\n\n\n\n<p><mark style=\"background-color:rgba(0, 0, 0, 0)\" class=\"has-inline-color has-vivid-red-color\"><strong>2<\/strong><\/mark> Sie k\u00f6nnen auch hier die To-dos nach Aktivit\u00e4ten filtern<\/p>\n\n\n\n<p><mark style=\"background-color:rgba(0, 0, 0, 0)\" class=\"has-inline-color has-vivid-red-color\"><strong>3<\/strong><\/mark> Filtern Sie die Termine nach einem gew\u00fcnschten Zeitraum<\/p>\n\n\n\n<p><mark style=\"background-color:rgba(0, 0, 0, 0)\" class=\"has-inline-color has-vivid-red-color\"><strong>4<\/strong><\/mark> Setzen Sie einen Haken, wenn das To-do von Ihrer Seite erledigt ist. Wenn noch weitere Mitarbeiter im To-do aufgef\u00fchrt sind, m\u00fcssen diese zuerst auch noch best\u00e4tigen, dass das To-do insgesamt als erledigt gilt<\/p>\n\n\n\n<p><mark style=\"background-color:rgba(0, 0, 0, 0)\" class=\"has-inline-color has-vivid-red-color\"><strong>5<\/strong><\/mark> Sehen Sie hier, wer das To-do noch offen hat und wer es als erledigt markiert hat<\/p>\n\n\n\n<div style=\"height:100px\" aria-hidden=\"true\" class=\"wp-block-spacer\"><\/div>\n\n\n\n<h2 class=\"wp-block-heading\" id=\"Pers\u00f6nliche\">Pers\u00f6nliche Einstellungen<\/h2>\n\n\n\n<p>Klicken Sie oben rechts auf Ihr Profilbild, um zu den pers\u00f6nlichen Einstellungen zu gelangen. Wenn Sie keines hochgeladen haben, erscheinen Ihre Initialen.<\/p>\n\n\n\n<h3 class=\"wp-block-heading\" id=\"passwort\">Passwort \u00e4ndern<\/h3>\n\n\n\n<p id=\"passwort\">Um Ihr Passwort zu \u00e4ndern, klicken Sie unter \u00abAllgemein\u00bb auf \u00abPasswort \u00e4ndern\u00bb. Wenn Sie Ihr Passwort nicht mehr wissen, klicken Sie einfach vor der Anmeldung zu MULTICAL auf \u00abPasswort vergessen\u00bb.<\/p>\n\n\n\n<h3 class=\"wp-block-heading\" id=\"voreinstellungen\">Voreinstellungen Termine<\/h3>\n\n\n\n<p>Hier k\u00f6nnen Sie einstellen, welche Angaben beim Erfassungsfenster des Termins schon standardm\u00e4ssig drin sein sollten. Die genauere Erkl\u00e4rung der verschiedenen Optionen finden Sie <mark style=\"background-color:rgba(0, 0, 0, 0)\" class=\"has-inline-color has-vivid-red-color\"><a href=\"#terminerfassen\" data-type=\"internal\" data-id=\"#terminerfassen\">hier<\/a><\/mark>.<\/p>\n\n\n\n<h3 class=\"wp-block-heading\" id=\"Benachrichtigungen\">Benachrichtigungen<\/h3>\n\n\n\n<p>Definieren Sie, welche Ereignisse Sie als E-Mail und welche als Push-Benachrichtigung erhalten m\u00f6chten. Die Push-Benachrichtigung erhalten Sie dann von Ihrem Internet-Browser, allerdings nur, wenn dieser ge\u00f6ffnet ist.<\/p>\n\n\n\n<h3 class=\"wp-block-heading\" id=\"Externe\">Externe Teilnehmer<\/h3>\n\n\n\n<p>Wenn Sie oftmals Termine anlegen, die mit einer externen Person stattfinden, die kein MULTICAL-Konto hat, k\u00f6nnen Sie diese hier mit der E-Mail-Adresse erfassen. Somit k\u00f6nnen Sie die externen Teilnehmer beim Erstellen eines Termins namentlich ausw\u00e4hlen. Wenn Sie eine E-Mail-Adresse erstmalig im Terminerfassungsfenster eingeben, wird diese gleich gespeichert.<\/p>\n\n\n\n<h3 class=\"wp-block-heading\" id=\"freigeben\">Kalender freigeben<\/h3>\n\n\n\n<p>Bestimmen Sie, wem Sie Einsicht in Ihren Kalender geben m\u00f6chten, indem Sie bei der entsprechenden Person auf \u00abFreigeben\u00bb klicken. Diese Person kann dann Ihre Termindetails einsehen \u2013&nbsp;nicht aber die privaten Termine von Ihnen. Klicken Sie auf \u00abFolgen\u00bb, um jemandem eine Anfrage zu schicken, den Kalender einsehen zu d\u00fcrfen. Diese Person erh\u00e4lt dann eine E-Mail und kann entscheiden, ob der Kalender freigegeben wird oder nicht.<\/p>\n\n\n\n<figure class=\"wp-block-image size-large\"><a href=\"https:\/\/support.multical.org\/wp-content\/uploads\/2022\/04\/freigeben.png\"><img loading=\"lazy\" decoding=\"async\" width=\"1024\" height=\"132\" src=\"https:\/\/support.multical.org\/wp-content\/uploads\/2022\/04\/freigeben-1024x132.png\" alt=\"\" class=\"wp-image-418\" srcset=\"https:\/\/support.multical.org\/wp-content\/uploads\/2022\/04\/freigeben-1024x132.png 1024w, https:\/\/support.multical.org\/wp-content\/uploads\/2022\/04\/freigeben-300x39.png 300w, https:\/\/support.multical.org\/wp-content\/uploads\/2022\/04\/freigeben-768x99.png 768w, https:\/\/support.multical.org\/wp-content\/uploads\/2022\/04\/freigeben-1536x198.png 1536w, https:\/\/support.multical.org\/wp-content\/uploads\/2022\/04\/freigeben.png 1570w\" sizes=\"auto, (max-width: 1024px) 100vw, 1024px\" \/><\/a><\/figure>\n\n\n\n<div style=\"height:100px\" aria-hidden=\"true\" class=\"wp-block-spacer\"><\/div>\n\n\n\n<h2 class=\"wp-block-heading\" id=\"terminneu\">Neuen Termin anlegen<\/h2>\n\n\n\n<p>Klicken Sie auf \u00abNeuer Termin\u00bb, um das Terminerfassungsfenster zu \u00f6ffnen. Alternativ k\u00f6nnen Sie direkt im Kalender per Doppelklick oder durch Ziehen am passenden Tag einen Termin anlegen. In den <a href=\"#Pers\u00f6nliche\" data-type=\"internal\" data-id=\"#Pers\u00f6nliche\">pers\u00f6nlichen Einstellungen<\/a> k\u00f6nnen s\u00e4mtliche Einstellungen, die hier manuell vorgenommen werden, standardisiert werden.<\/p>\n\n\n\n<p>Die folgenden Abschnitte erkl\u00e4rt Ihnen alles rund um die Erfassung der verschiedenen Termintypen.<\/p>\n\n\n\n<h3 class=\"wp-block-heading\" id=\"terminerfassen\">Termin<\/h3>\n\n\n\n<p>\u00d6ffnen Sie das Terminerfassungsfenster und w\u00e4hlen Sie den Typ \u00abTermin\u00bb.<\/p>\n\n\n\n<figure class=\"wp-block-image size-full is-resized\"><a href=\"https:\/\/support.multical.org\/wp-content\/uploads\/2022\/04\/termin1.png\"><img loading=\"lazy\" decoding=\"async\" src=\"https:\/\/support.multical.org\/wp-content\/uploads\/2022\/04\/termin1.png\" alt=\"\" class=\"wp-image-420\" width=\"540\" height=\"346\" srcset=\"https:\/\/support.multical.org\/wp-content\/uploads\/2022\/04\/termin1.png 852w, https:\/\/support.multical.org\/wp-content\/uploads\/2022\/04\/termin1-300x192.png 300w, https:\/\/support.multical.org\/wp-content\/uploads\/2022\/04\/termin1-768x492.png 768w\" sizes=\"auto, (max-width: 540px) 100vw, 540px\" \/><\/a><\/figure>\n\n\n\n<p><\/p>\n\n\n\n<p><strong><mark style=\"background-color:rgba(0, 0, 0, 0)\" class=\"has-inline-color has-black-color\">1<\/mark><\/strong><mark style=\"background-color:rgba(0, 0, 0, 0)\" class=\"has-inline-color has-vivid-red-color\"><strong> <\/strong><\/mark><mark style=\"background-color:rgba(0, 0, 0, 0)\" class=\"has-inline-color has-black-color\">Benennen Sie den Term<\/mark>in<\/p>\n\n\n\n<p><strong><mark style=\"background-color:rgba(0, 0, 0, 0)\" class=\"has-inline-color has-black-color\">2<\/mark><\/strong> Geben Sie den Namen eines erfassten Kunden oder dessen Kundennummer ein<\/p>\n\n\n\n<p><strong><mark style=\"background-color:rgba(0, 0, 0, 0)\" class=\"has-inline-color has-black-color\">3<\/mark><\/strong> Geben Sie einen Ort (Adresse) ein oder kopieren Sie den Link einer Videokonferenz hier rein, um einen Schnellzugriff zum Videocall einzurichten<\/p>\n\n\n\n<p><strong><mark style=\"background-color:rgba(0, 0, 0, 0)\" class=\"has-inline-color has-black-color\">4<\/mark><\/strong> W\u00e4hlen Sie ein Projekt aus, das Sie dem Termin zuordnen m\u00f6chten<\/p>\n\n\n\n<p><strong><mark style=\"background-color:rgba(0, 0, 0, 0)\" class=\"has-inline-color has-black-color\">5<\/mark><\/strong> Lassen Sie sich dieses Dialogfenster detailliert erkl\u00e4ren<\/p>\n\n\n\n<p><strong><mark style=\"background-color:rgba(0, 0, 0, 0)\" class=\"has-inline-color has-black-color\">6<\/mark><\/strong> Bestimmen Sie, ob die TeilnehmerInnen selbst bestimmen k\u00f6nnen, ob sie am Termin teilnehmen oder nicht<\/p>\n\n\n\n<p><strong><mark style=\"background-color:rgba(0, 0, 0, 0)\" class=\"has-inline-color has-black-color\">7<\/mark><\/strong> Bestimmen Sie, wer die Termindetails \u00e4ndern kann<\/p>\n\n\n\n<p><strong><mark style=\"background-color:rgba(0, 0, 0, 0)\" class=\"has-inline-color has-black-color\">8<\/mark><\/strong> Durch Klicken auf dieses Icon ist der Inhalt dieses Termins f\u00fcr die Mitarbeiter die Ihnen folgen nicht sichtbar. Die Mitarbeiter sehen nur, dass Sie zu dieser Zeit ohne Angabe von Details einen Termin haben<\/p>\n\n\n\n<p><strong><mark style=\"background-color:rgba(0, 0, 0, 0)\" class=\"has-inline-color has-black-color\">9<\/mark><\/strong> Schicken Sie eine Nachricht an alle Teilnehmer des Termins. Diese Nachricht wird als E-Mail verschickt<\/p>\n\n\n\n<p><strong><mark style=\"background-color:rgba(0, 0, 0, 0)\" class=\"has-inline-color has-black-color\">10<\/mark><\/strong> Ordnen Sie den Termin einer Aktivit\u00e4t zu<\/p>\n\n\n\n<p><strong><mark style=\"background-color:rgba(0, 0, 0, 0)\" class=\"has-inline-color has-black-color\">11<\/mark><\/strong> F\u00fcgen Sie gegebenenfalls eine Wegzeit hinzu. Diese wird dann f\u00fcr den Termin eingeplant. W\u00e4hlen Sie aus, ob die Wegzeit nur f\u00fcr den Hin- oder auch f\u00fcr den R\u00fcckweg gilt<\/p>\n\n\n\n<p><strong><mark style=\"background-color:rgba(0, 0, 0, 0)\" class=\"has-inline-color has-black-color\">12<\/mark><\/strong> Legen Sie den Termin ganzt\u00e4gig an, wenn Sie sich nicht auf eine Zeit beschr\u00e4nken wollen<\/p>\n\n\n\n<p><mark style=\"background-color:rgba(0, 0, 0, 0)\" class=\"has-inline-color has-black-color\"><strong>13<\/strong> <\/mark>W\u00e4hlen Sie aus, ob sich der Termin wiederholt und ob er dies t\u00e4glich, w\u00f6chentlich, monatlich oder auch j\u00e4hrlich tut. Ebenfalls k\u00f6nnen Sie benutzerdefinierte Wiederholungen aktivieren (z.B. jeden zweiten Dienstag)<\/p>\n\n\n\n<p><strong><mark style=\"background-color:rgba(0, 0, 0, 0)\" class=\"has-inline-color has-black-color\">14<\/mark><\/strong> F\u00fcgen Sie einen oder mehrere Hinweise als Erinnerung hinzu<\/p>\n\n\n\n<figure class=\"wp-block-image size-full\"><img loading=\"lazy\" decoding=\"async\" width=\"846\" height=\"738\" src=\"https:\/\/support.multical.org\/wp-content\/uploads\/2023\/06\/Bildschirmfoto-2023-06-27-um-13.21.58.png\" alt=\"\" class=\"wp-image-3068\" srcset=\"https:\/\/support.multical.org\/wp-content\/uploads\/2023\/06\/Bildschirmfoto-2023-06-27-um-13.21.58.png 846w, https:\/\/support.multical.org\/wp-content\/uploads\/2023\/06\/Bildschirmfoto-2023-06-27-um-13.21.58-300x262.png 300w, https:\/\/support.multical.org\/wp-content\/uploads\/2023\/06\/Bildschirmfoto-2023-06-27-um-13.21.58-768x670.png 768w\" sizes=\"auto, (max-width: 846px) 100vw, 846px\" \/><\/figure>\n\n\n\n<p><strong><mark style=\"background-color:rgba(0, 0, 0, 0)\" class=\"has-inline-color has-black-color\">15<\/mark><\/strong> W\u00e4hlen Sie einen automatischen <mark style=\"background-color:rgba(0, 0, 0, 0)\" class=\"has-inline-color has-vivid-red-color\"><a href=\"#Terminvorschl\u00e4ge\" data-type=\"internal\" data-id=\"#Terminvorschl\u00e4ge\">Terminvorschlag<\/a><\/mark> aus, bei dem alle Teilnehmer verf\u00fcgbar sind<\/p>\n\n\n\n<p><strong>16<\/strong> Verteilen Sie unter den Teilnehmern des Termins verschiedene Aufgaben, die f\u00fcr diesen Termin erforderlich sind. So kann zwischen dem Protokollf\u00fchrer und anderen Vorbereitungsaufgaben ausgew\u00e4hlt werden. Die zugeteilten Personen werden in der E-Mail-Einladung sowie im Kalender dank des Icons im Termin auf die Aufgabe aufmerksam gemacht. <\/p>\n\n\n\n<p><strong><mark style=\"background-color:rgba(0, 0, 0, 0)\" class=\"has-inline-color has-black-color\">1<\/mark>7<\/strong> Laden Sie weitere Teilnehmer oder ganze Abteilungen ein. Wenn ein Mitarbeiter nicht verf\u00fcgbar ist, sehen Sie dies gleich anhand einer Warnung in Form eines roten Symbols mit Begr\u00fcndung, weshalb di Person verhindert ist.<\/p>\n\n\n\n<p><strong><mark style=\"background-color:rgba(0, 0, 0, 0)\" class=\"has-inline-color has-black-color\">18<\/mark><\/strong> Auch externe Teilnehmer ohne ein Multical-Login k\u00f6nnen mit einer g\u00fcltigen E-Mail-Adresse eingeladen werden und in den Einladungsmails zu- oder absagen. Einmal erfasste Adressen werden gespeichert und Ihnen bei zuk\u00fcnftigen Terminen nach Eingabe der ersten Buchstaben vorgeschlagen<\/p>\n\n\n\n<p><strong><mark style=\"background-color:rgba(0, 0, 0, 0)\" class=\"has-inline-color has-black-color\">19<\/mark><\/strong> F\u00fcgen Sie eine Ressource hinzu, die sie zu diesem Termin ben\u00f6tigen. Ist die gew\u00fcnschte Ressource bereits belegt, so werden Sie direkt mit einem Symbol gewarnt. Sofern eine andere Ressource der gleichen Kategorie frei ist, wird Ihnen diese vorgeschlagen. Termine mit bereits gebuchten Ressourcen k\u00f6nnen nicht abgespeichert werden<\/p>\n\n\n\n<p><mark style=\"background-color:rgba(0, 0, 0, 0)\" class=\"has-inline-color has-black-color\"><strong>20<\/strong> <\/mark>H\u00e4ngen Sie eine Datei an, die f\u00fcr den Termin relevant ist. Sie k\u00f6nnen Dateien folgender Formate verwenden: PDF, JPEG, PNG, PowerPoint, Word, Excel, txt.<\/p>\n\n\n\n<p><strong><mark style=\"background-color:rgba(0, 0, 0, 0)\" class=\"has-inline-color has-black-color\">2<\/mark>1<\/strong> Gegebenenfalls k\u00f6nnen Sie sich noch weitere Notizen zum Termin eintragen. Die Notizen k\u00f6nnen dabei ohne Probleme mehrere Seiten lang sein<\/p>\n\n\n\n<p><strong><mark style=\"background-color:rgba(0, 0, 0, 0)\" class=\"has-inline-color has-black-color\">22<\/mark><\/strong> Falls Sie auch das Modul \u00abZeiterfassung\u00bb verwenden, k\u00f6nnen Sie sich anhand der im Termin hinterlegten Daten sogleich einen Zeitknopf einrichten, den Sie dann nur noch anklicken m\u00fcssen, um die aufgewendete Zeit zu erfassen<\/p>\n\n\n\n<p><strong>23<\/strong> Falls Sie auch das Modul \u00abZeiterfassung\u00bb verwenden, k\u00f6nnen Sie sich anhand der im Termin hinterlegten Zeiten direkt eine Zeitbuchung anlegen, die dann in der Zeiterfassung angerechnet wird.<\/p>\n\n\n\n<p><\/p>\n\n\n\n<h3 class=\"wp-block-heading\" id=\"Terminvorschl\u00e4ge\">Terminvorschl\u00e4ge<\/h3>\n\n\n\n<p>Manchmal kann es besonders schwierig sein, einen Termin zu finden, der f\u00fcr alle Beteiligten passt, besonders wenn viele Mitarbeiter und\/oder Ressourcen am Termin teilnehmen. Deshalb gibt es gleich beim Erstellen eines Termins die Funktion \u00abM\u00f6gliche Termine f\u00fcr alle Mitarbeiter\u00bb. Dabei sucht MULTICAL nach gemeinsamen freien Zeiten mit mindestens der Dauer, die f\u00fcr den Termin festgelegt wird.<\/p>\n\n\n\n<p>W\u00e4hlen Sie Ihr gew\u00fcnschtes Datum an, kontrollieren Sie danach die Zeiten und speichern Sie den Termin.<\/p>\n\n\n\n<figure class=\"wp-block-embed is-type-video is-provider-youtube wp-block-embed-youtube wp-embed-aspect-16-9 wp-has-aspect-ratio\"><div class=\"wp-block-embed__wrapper\">\n<iframe loading=\"lazy\" title=\"MULTICAL Teamkalender \u2013\u00a0Automatische Terminfindung\" width=\"700\" height=\"394\" src=\"https:\/\/www.youtube.com\/embed\/VNgJf8X1UBc?feature=oembed\" frameborder=\"0\" allow=\"accelerometer; autoplay; clipboard-write; encrypted-media; gyroscope; picture-in-picture; web-share\" allowfullscreen><\/iframe>\n<\/div><\/figure>\n\n\n\n<h3 class=\"wp-block-heading\">Protokoll und Vorbereitung zuteilen<\/h3>\n\n\n\n<p>Wenn Sie regelm\u00e4ssig Termine mit mehreren Teilnehmern planen, k\u00f6nnen Sie diesen direkt bei der Terminerfassung Aufgaben zuteilen, die im Vorfeld oder w\u00e4hrend des Termins ausgef\u00fchrt werden m\u00fcssen. \u00dcber die Icons direkt neben den entsprechenden Mitarbeiternamen k\u00f6nnen Sie zwischen den folgenden Aufgaben ausw\u00e4hlen:<\/p>\n\n\n\n<ul class=\"wp-block-list\">\n<li>Keine Vorbereitung notwendig<\/li>\n\n\n\n<li>Vorbereitung notwendig<\/li>\n\n\n\n<li>Protokoll<\/li>\n\n\n\n<li>Protokoll und Vorbereitung<\/li>\n<\/ul>\n\n\n\n<ul class=\"wp-block-list\">\n<li>Vorbereitung f\u00fcr alle notwendig (Somit werden alle Teilnehmer zur Aufgabe \u00abVorbereitung notwendig\u00bb zugeteilt<\/li>\n<\/ul>\n\n\n\n<figure class=\"wp-block-image size-large\"><img loading=\"lazy\" decoding=\"async\" width=\"1024\" height=\"593\" src=\"https:\/\/support.multical.org\/wp-content\/uploads\/2023\/06\/Bildschirmfoto-2023-06-27-um-09.14.57-1024x593.png\" alt=\"\" class=\"wp-image-3071\" srcset=\"https:\/\/support.multical.org\/wp-content\/uploads\/2023\/06\/Bildschirmfoto-2023-06-27-um-09.14.57-1024x593.png 1024w, https:\/\/support.multical.org\/wp-content\/uploads\/2023\/06\/Bildschirmfoto-2023-06-27-um-09.14.57-300x174.png 300w, https:\/\/support.multical.org\/wp-content\/uploads\/2023\/06\/Bildschirmfoto-2023-06-27-um-09.14.57-768x445.png 768w, https:\/\/support.multical.org\/wp-content\/uploads\/2023\/06\/Bildschirmfoto-2023-06-27-um-09.14.57-1536x890.png 1536w, https:\/\/support.multical.org\/wp-content\/uploads\/2023\/06\/Bildschirmfoto-2023-06-27-um-09.14.57-2048x1186.png 2048w\" sizes=\"auto, (max-width: 1024px) 100vw, 1024px\" \/><\/figure>\n\n\n\n<p>Teilnehmer, die einer Aufgabe zugeteilt wurden, werden in der Einladungsmail sowie im Kalender selbst (siehe Pfeil) direkt auf Ihre auszuf\u00fchrende Aufgabe aufmerksam gemacht.<\/p>\n\n\n\n<p><\/p>\n\n\n\n<h3 class=\"wp-block-heading\" id=\"To-dos\">To-do<\/h3>\n\n\n\n<p>Ein To-do ist daf\u00fcr da, um entweder sich selbst oder einer anderen Person eine befristete Aufgabe zu geben. Die To-dos befinden sich gleich auf der Startseite und bleiben auch nach Ablauf der Frist noch bestehen. Sie m\u00fcssen also ein To-do aktiv als erledigt markieren, damit dieses verschwindet. Wenn mehrere Mitarbeiter einem To-do zugeteilt wurden, m\u00fcssen es alle abhaken, damit es als erledigt gilt. Sobald die Frist abgelaufen ist, das To-do aber noch nicht erledigt ist, verf\u00e4rbt sich die Checkbox rot.<\/p>\n\n\n\n<figure class=\"wp-block-image size-full is-resized\"><a href=\"https:\/\/support.multical.org\/wp-content\/uploads\/2022\/04\/Bildschirmfoto-2022-04-12-um-09.31.51.png\"><img loading=\"lazy\" decoding=\"async\" src=\"https:\/\/support.multical.org\/wp-content\/uploads\/2022\/04\/Bildschirmfoto-2022-04-12-um-09.31.51.png\" alt=\"\" class=\"wp-image-429\" width=\"441\" height=\"434\" srcset=\"https:\/\/support.multical.org\/wp-content\/uploads\/2022\/04\/Bildschirmfoto-2022-04-12-um-09.31.51.png 852w, https:\/\/support.multical.org\/wp-content\/uploads\/2022\/04\/Bildschirmfoto-2022-04-12-um-09.31.51-300x295.png 300w, https:\/\/support.multical.org\/wp-content\/uploads\/2022\/04\/Bildschirmfoto-2022-04-12-um-09.31.51-768x755.png 768w\" sizes=\"auto, (max-width: 441px) 100vw, 441px\" \/><\/a><\/figure>\n\n\n\n<p><strong>1<\/strong> Ordnen Sie das To-do einer Aktivit\u00e4t zu<\/p>\n\n\n\n<p><strong>2<\/strong> Legen Sie das F\u00e4lligkeitsdatum des To-dos fest<\/p>\n\n\n\n<p><strong>3<\/strong> F\u00fcgen Sie einen Hinweis als Erinnerungsmail hinzu<\/p>\n\n\n\n<p><strong>4<\/strong> Laden Sie weitere Mitarbeiter ein<\/p>\n\n\n\n<p><strong>5<\/strong> H\u00e4ngen Sie eine Datei an, die f\u00fcr dieses To-do relevant ist<\/p>\n\n\n\n<p><strong>6<\/strong> Gegebenenfalls k\u00f6nnen Sie sich noch weitere Notizen zum To-do eintragen<\/p>\n\n\n\n<p><\/p>\n\n\n\n<h3 class=\"wp-block-heading\" id=\"Info\">Info<\/h3>\n\n\n\n<p>Ein Info-Termin ist ein Termin, welcher keine Mitarbeiter f\u00fcr andere Termine blockiert. Legen Sie einen Info-Termin an, um Ihre Mitarbeiter \u00fcber einen Anlass wie z.B. eine Messe zu informieren. Alle Mitarbeiter, die zu diesem Termin eingeladen sind, sind somit f\u00fcr weitere Termine, die gleichzeitig stattfinden, <strong>verf\u00fcgbar.<\/strong><\/p>\n\n\n\n<p>Sie k\u00f6nnen Info-Termine in folgenden 3 Varianten anlegen:<\/p>\n\n\n\n<ul class=\"wp-block-list\">\n<li>Info nur f\u00fcr mich: Lassen Sie bei \u00abMitarbeiter hinzuf\u00fcgen\u00bb nur Ihren Namen drin<\/li>\n\n\n\n<li>Info f\u00fcr gewisse Mitarbeiter: F\u00fcgen Sie bei \u00abMitarbeiter hinzuf\u00fcgen\u00bb die gew\u00fcnschten Personen hinzu<\/li>\n\n\n\n<li>Info f\u00fcr die ganze Firma: L\u00f6schen Sie Ihren Namen mithilfe des roten Papierkorb-Icons aus dem Termin. Diese Funktion ist besonders geeignet f\u00fcr Firmenanl\u00e4sse wie z.B. ein Weihnachtsessen oder Anl\u00e4sse wie eine Messe, von welcher alle Mitarbeiter Kenntnis haben sollten<\/li>\n<\/ul>\n\n\n\n<p>Info-Termine haben den grossen Vorteil, dass sie zudem auch automatisch im Modul \u00abFerienverwaltung\u00bb erscheinen. Somit haben Sie in der Ferien\u00fcbersicht jederzeit wichtige Termine im Blick:<\/p>\n\n\n\n<figure class=\"wp-block-image size-large\"><a href=\"https:\/\/support.multical.org\/wp-content\/uploads\/2022\/04\/buchhaltung.png\"><img loading=\"lazy\" decoding=\"async\" width=\"1024\" height=\"403\" src=\"https:\/\/support.multical.org\/wp-content\/uploads\/2022\/04\/buchhaltung-1024x403.png\" alt=\"\" class=\"wp-image-430\" srcset=\"https:\/\/support.multical.org\/wp-content\/uploads\/2022\/04\/buchhaltung-1024x403.png 1024w, https:\/\/support.multical.org\/wp-content\/uploads\/2022\/04\/buchhaltung-300x118.png 300w, https:\/\/support.multical.org\/wp-content\/uploads\/2022\/04\/buchhaltung-768x302.png 768w, https:\/\/support.multical.org\/wp-content\/uploads\/2022\/04\/buchhaltung.png 1068w\" sizes=\"auto, (max-width: 1024px) 100vw, 1024px\" \/><\/a><\/figure>\n\n\n\n<p>&nbsp;Um einen Info-Termin anzulegen, w\u00e4hlen Sie bei der Art des Termins \u00abInfo\u00bb und gehen Sie vor wie bei einem normalen <a href=\"#terminerfassen\" data-type=\"internal\" data-id=\"#terminerfassen\">Termin<\/a>.<\/p>\n\n\n\n<h3 class=\"wp-block-heading\" id=\"omeoffice\">Homeoffice<\/h3>\n\n\n\n<p>Klicken Sie in den Tab mit dem Haus-Symbol, um Ihrem Team anzuzeigen, dass Sie im Homeoffice arbeiten. Dies funktioniert wie ein Info-Termin und blockiert Sie nicht f\u00fcr andere Termine. Homeoffice k\u00f6nnen Sie ebenfalls zeitlich begrenzt, ganzt\u00e4gig und mehrt\u00e4gig anlegen. In der Ansicht <mark style=\"background-color:rgba(0, 0, 0, 0)\" class=\"has-inline-color has-vivid-red-color\"><a href=\"#Aktuell\" data-type=\"internal\" data-id=\"#Aktuell\">\u00abMitarbeiter &amp; Ressourcen\u00bb<\/a><\/mark> unter \u00abAktuell\u00bb werden Sie sehen, wer im Homeoffice arbeitet. Homeoffice kann auch durch den Knopf am oberen Rand des Kalenders eingegeben werden (siehe <a href=\"#meins\" data-type=\"internal\" data-id=\"#meins\">\u00abMein Kalender\u00bb<\/a>).<\/p>\n\n\n\n<div style=\"height:100px\" aria-hidden=\"true\" class=\"wp-block-spacer\"><\/div>\n\n\n\n<h2 class=\"wp-block-heading\" id=\"Ansichten\">Ansichten<\/h2>\n\n\n\n<figure class=\"wp-block-embed is-type-video is-provider-youtube wp-block-embed-youtube wp-embed-aspect-16-9 wp-has-aspect-ratio\"><div class=\"wp-block-embed__wrapper\">\n<iframe loading=\"lazy\" title=\"MULTICAL Teamkalender \u2013\u00a0Meine Ansichten\" width=\"700\" height=\"394\" src=\"https:\/\/www.youtube.com\/embed\/y0XfHhbP_sg?feature=oembed\" frameborder=\"0\" allow=\"accelerometer; autoplay; clipboard-write; encrypted-media; gyroscope; picture-in-picture; web-share\" allowfullscreen><\/iframe>\n<\/div><\/figure>\n\n\n\n<p>Erstellen Sie Ihre pers\u00f6nlichen Kalenderansichten indem Sie Mitarbeiter, Ressourcen oder Aktivit\u00e4ten hinzuf\u00fcgen. Klicken Sie dabei im linken Seitenmen\u00fc auf das Plus-Icon bei \u00abMeine Ansichten\u00bb und benennen Sie Ihre neue Ansicht gleich. Klicken Sie danach auf \u00abSpeichern\u00bb, um die neue Ansicht anzulegen.<\/p>\n\n\n\n<figure class=\"wp-block-image size-full is-resized\"><a href=\"https:\/\/support.multical.org\/wp-content\/uploads\/2022\/04\/ansicht.png\"><img loading=\"lazy\" decoding=\"async\" src=\"https:\/\/support.multical.org\/wp-content\/uploads\/2022\/04\/ansicht.png\" alt=\"\" class=\"wp-image-431\" width=\"428\" height=\"90\" srcset=\"https:\/\/support.multical.org\/wp-content\/uploads\/2022\/04\/ansicht.png 698w, https:\/\/support.multical.org\/wp-content\/uploads\/2022\/04\/ansicht-300x63.png 300w\" sizes=\"auto, (max-width: 428px) 100vw, 428px\" \/><\/a><\/figure>\n\n\n\n<p>W\u00e4hlen Sie nun aus den verschiedenen Dropdown-Men\u00fcs (rot) aus, was Sie genau in Ihrer Ansicht angezeigt haben m\u00f6chten. Die neu erstellte Ansicht finden Sie nun links im Seitenmen\u00fc unter dem Namen, den Sie eingegeben haben.<\/p>\n\n\n\n<figure class=\"wp-block-image size-large\"><a href=\"https:\/\/support.multical.org\/wp-content\/uploads\/2022\/04\/rit-1.png\"><img loading=\"lazy\" decoding=\"async\" width=\"1024\" height=\"94\" src=\"https:\/\/support.multical.org\/wp-content\/uploads\/2022\/04\/rit-1-1024x94.png\" alt=\"\" class=\"wp-image-433\" srcset=\"https:\/\/support.multical.org\/wp-content\/uploads\/2022\/04\/rit-1-1024x94.png 1024w, https:\/\/support.multical.org\/wp-content\/uploads\/2022\/04\/rit-1-300x27.png 300w, https:\/\/support.multical.org\/wp-content\/uploads\/2022\/04\/rit-1-768x70.png 768w, https:\/\/support.multical.org\/wp-content\/uploads\/2022\/04\/rit-1-1536x141.png 1536w, https:\/\/support.multical.org\/wp-content\/uploads\/2022\/04\/rit-1.png 1834w\" sizes=\"auto, (max-width: 1024px) 100vw, 1024px\" \/><\/a><\/figure>\n\n\n\n<p>Wenn Sie die Ansicht erstellt haben, erscheint oben unter der Infozeile die Zeile \u00abFreie Zeiten\u00bb. Dieses Feld zeigt Ihnen immer alle Zeitfenster an, in welchem alle Beteiligten keinen anderen Termin haben und nicht blockiert sind. Mit einem Klick auf ein solches graues Feld k\u00f6nnen Sie direkt ein Termin mit allen Beteiligten Ihrer Ansicht zur gew\u00fcnschten Zeit erstellen.<\/p>\n\n\n\n<figure class=\"wp-block-image size-large\"><a href=\"https:\/\/support.multical.org\/wp-content\/uploads\/2022\/04\/frei.png\"><img loading=\"lazy\" decoding=\"async\" width=\"1024\" height=\"65\" src=\"https:\/\/support.multical.org\/wp-content\/uploads\/2022\/04\/frei-1024x65.png\" alt=\"\" class=\"wp-image-434\" srcset=\"https:\/\/support.multical.org\/wp-content\/uploads\/2022\/04\/frei-1024x65.png 1024w, https:\/\/support.multical.org\/wp-content\/uploads\/2022\/04\/frei-300x19.png 300w, https:\/\/support.multical.org\/wp-content\/uploads\/2022\/04\/frei-768x49.png 768w, https:\/\/support.multical.org\/wp-content\/uploads\/2022\/04\/frei.png 1489w\" sizes=\"auto, (max-width: 1024px) 100vw, 1024px\" \/><\/a><\/figure>\n\n\n\n<p>Klicken Sie auf das Zahnrad-Icon rechts oben, um weitere Einstellungen vorzunehmen.<\/p>\n\n\n\n<p>Neben grafischen Einstellungen wie die Gr\u00f6sse der Zellen, k\u00f6nnen folgende wichtige Filter aktiviert werden:<\/p>\n\n\n\n<figure class=\"wp-block-image size-full is-resized\"><a href=\"https:\/\/support.multical.org\/wp-content\/uploads\/2022\/04\/einsz.png\"><img loading=\"lazy\" decoding=\"async\" src=\"https:\/\/support.multical.org\/wp-content\/uploads\/2022\/04\/einsz.png\" alt=\"\" class=\"wp-image-435\" width=\"536\" height=\"678\" srcset=\"https:\/\/support.multical.org\/wp-content\/uploads\/2022\/04\/einsz.png 674w, https:\/\/support.multical.org\/wp-content\/uploads\/2022\/04\/einsz-237x300.png 237w\" sizes=\"auto, (max-width: 536px) 100vw, 536px\" \/><\/a><\/figure>\n\n\n\n<p><strong>1<\/strong> Legen Sie fest, wie die Zeilen sortiert werden sollen<\/p>\n\n\n\n<p><strong>2<\/strong> Wochenendtage ein- oder ausblenden<\/p>\n\n\n\n<p><strong>3<\/strong> Zeigen Sie nur Personen in der Ansicht an, die in der ausgew\u00e4hlten Zeitperiode auch Termine haben<\/p>\n\n\n\n<p><strong>4<\/strong> Lassen Sie sich nur Termine anzeigen, die den Aktivit\u00e4ten zugeordnet sind, die Sie in der Ansicht ausgew\u00e4hlt haben. Dies macht nur Sinn, wenn Sie \u00fcberhaupt Aktivit\u00e4ten zur Ansicht hinzugef\u00fcgt haben<\/p>\n\n\n\n<p><strong>5<\/strong> Blenden Sie inaktive Mitarbeiter ein oder aus. Wenn ein Mitarbeiter l\u00e4ngere Zeit ausf\u00e4llt, kann der Administrator diese als inaktiv markieren, damit Sie nicht mehr angezeigt werden und man somit die \u00dcbersicht besser beh\u00e4lt<\/p>\n\n\n\n<p><strong>6<\/strong> Wenn die Mitarbeiter, die Sie in Ihrer Ansicht hinzugef\u00fcgt haben, dieselbe Ansicht auch haben sollen, setzen Sie hier einen Haken<\/p>\n\n\n\n<p><strong>7<\/strong> Falls Sie die Zeile \u00abFreie Zeiten\u00bb anzeigen m\u00f6chten, k\u00f6nnen Sie mit diesem Balken w\u00e4hlen, wie gross das Zeitfenster sein soll, in welchem alle Mitarbeiter verf\u00fcgbar sein sollen<\/p>\n\n\n\n<p><strong>8<\/strong> Bestimmen Sie, wie gross die einzelnen Felder der Tabelle sein sollen<\/p>\n\n\n\n<p><strong>9<\/strong> Exportieren Sie die angezeigte Ansicht als XLSX-Datei<\/p>\n\n\n\n<div style=\"height:100px\" aria-hidden=\"true\" class=\"wp-block-spacer\"><\/div>\n\n\n\n<h2 class=\"wp-block-heading\" id=\"Aktuell\">Aktuell<\/h2>\n\n\n\n<p>Links in der Seitennavigation finden Sie das Men\u00fc \u00abAktuell\u00bb. Dieses besteht aus folgenden Optionen:<\/p>\n\n\n\n<h3 class=\"wp-block-heading\">Mitarbeiter und Ressourcen<\/h3>\n\n\n\n<p>\u00dcbersicht in welcher alle Personen und Ressourcen Ihrer Firma und deren Live-Verf\u00fcgbarkeit aufgelistet sind. Diese wird in Form eines farbigen Balkens neben dem Profilbild (oder den Initialen der Person) angezeigt. Die Farben teilen sich folgendermassen auf:<\/p>\n\n\n\n<ul class=\"wp-block-list\">\n<li>Gr\u00fcn: Verf\u00fcgbar<\/li>\n\n\n\n<li>Gelb: Arbeitet, hat aber derzeit einen Termin<\/li>\n\n\n\n<li>Rot: Kein Arbeitstag \/ Urlaub \/ krank<\/li>\n<\/ul>\n\n\n\n<p>Falls Sie das Modul \u00abFerienverwaltung\u00bb verwenden, werden Ihnen hier auch die Urlaube, Krankheiten und Abwesenheiten angezeigt. Zudem wird auch Homeoffice ber\u00fccksichtigt.<\/p>\n\n\n\n<p>Falls Sie auch die Zeiterfassung verwenden, werden Ihnen aktuell laufende Zeitbuchungen der Mitarbeiter in Form eines sich bewegenden Kreises neben dem Namen angezeigt. Fahren Sie mit der Maus \u00fcber diesen Kreis, um herauszufinden, wann diese Zeitbuchung gestartet wurde.<\/p>\n\n\n\n<figure class=\"wp-block-image size-large is-resized\"><a href=\"https:\/\/support.multical.org\/wp-content\/uploads\/2022\/04\/Aktuell.png\"><img loading=\"lazy\" decoding=\"async\" src=\"https:\/\/support.multical.org\/wp-content\/uploads\/2022\/04\/Aktuell-1024x552.png\" alt=\"\" class=\"wp-image-437\" width=\"1117\" height=\"601\" srcset=\"https:\/\/support.multical.org\/wp-content\/uploads\/2022\/04\/Aktuell-1024x552.png 1024w, https:\/\/support.multical.org\/wp-content\/uploads\/2022\/04\/Aktuell-300x162.png 300w, https:\/\/support.multical.org\/wp-content\/uploads\/2022\/04\/Aktuell-768x414.png 768w\" sizes=\"auto, (max-width: 1117px) 100vw, 1117px\" \/><\/a><\/figure>\n\n\n\n<h3 class=\"wp-block-heading\">Geburtstage und Jubil\u00e4en<\/h3>\n\n\n\n<p><em>Hinweis: Diese \u00dcbersicht wird Ihnen nur angezeigt, wenn Sie Administratorenrechte haben oder Verantwortliche(r) eines Teams sind. Als Teamleiter\/in werden Ihnen nur die Mitarbeiter angezeigt, die in Ihrem Team sind.<\/em><\/p>\n\n\n\n<p>Diese \u00dcbersicht hilft Ihnen, die Geburtstage und Arbeitsjubil\u00e4en Ihres Personals jederzeit einzusehen. Dabei werden runde Geburtstage (alle 10 Jahre) und runde Jubil\u00e4en (alle 5 Jahre) besonders hervorgehoben. Falls Ihnen hier nichts angezeigt wird oder die Daten nicht stimmen, \u00fcberpr\u00fcfen Sie im Admin-Men\u00fc unter &#8220;Mitarbeiter&#8221; das Eintritts- sowie das Geburtsdatum. <\/p>\n\n\n\n<p>Sie k\u00f6nnen sich die \u00dcbersicht mittels der obigen Dropdown-Men\u00fcs auch auf gewisse Abteilungen einschr\u00e4nken (rot), als Excel-Datei exportieren (blau) oder auch nur die runden Geburtstage\/Jubil\u00e4en anzeigen lassen (gr\u00fcn).<\/p>\n\n\n\n<figure class=\"wp-block-image size-large is-resized\"><img loading=\"lazy\" decoding=\"async\" src=\"https:\/\/support.multical.org\/wp-content\/uploads\/2022\/07\/Bildschirmfoto-2022-07-21-um-11.55.54-1024x561.png\" alt=\"\" class=\"wp-image-2859\" width=\"1100\" height=\"602\" srcset=\"https:\/\/support.multical.org\/wp-content\/uploads\/2022\/07\/Bildschirmfoto-2022-07-21-um-11.55.54-1024x561.png 1024w, https:\/\/support.multical.org\/wp-content\/uploads\/2022\/07\/Bildschirmfoto-2022-07-21-um-11.55.54-300x164.png 300w, https:\/\/support.multical.org\/wp-content\/uploads\/2022\/07\/Bildschirmfoto-2022-07-21-um-11.55.54-768x421.png 768w, https:\/\/support.multical.org\/wp-content\/uploads\/2022\/07\/Bildschirmfoto-2022-07-21-um-11.55.54-1536x841.png 1536w, https:\/\/support.multical.org\/wp-content\/uploads\/2022\/07\/Bildschirmfoto-2022-07-21-um-11.55.54-2048x1122.png 2048w\" sizes=\"auto, (max-width: 1100px) 100vw, 1100px\" \/><\/figure>\n\n\n\n<h3 class=\"wp-block-heading\">Zeitanalyse<\/h3>\n\n\n\n<p><em>Hinweis: Diese \u00dcbersicht wird Ihnen nur angezeigt, wenn Sie Administratorenrechte haben oder Verantwortliche(r) eines Teams sind. Als Teamleiter\/in werden Ihnen nur die Mitarbeiter angezeigt, die in Ihrem Team sind.<\/em><\/p>\n\n\n\n<p>Mithilfe der Zeitanalyse k\u00f6nnen Sie herausfinden, welche Mitarbeiter wie viel Zeit mit verschiedenen Terminen oder auch im Homeoffice verbracht haben (rot). Zudem k\u00f6nnen Sie die Termine nach Aktivit\u00e4t filtern (blau), um beispielsweise herauszufinden, wie viele Stunden Ihr Personal in Meetings verbringt. Falls Sie auch das Modul &#8220;Urlaubsverwaltung&#8221; aktiviert haben, haben Sie noch viel mehr M\u00f6glichkeiten und k\u00f6nnen die Ansicht mit Urlaub, Krankmeldungen, Abwesenheiten, unbezahltem Urlaub und \u00dcberstunden erweitern.<\/p>\n\n\n\n<p> Schr\u00e4nken Sie die Ansicht nochmals ein indem Sie das Kalenderjahr, den Monat oder die Kalenderwoche w\u00e4hlen (alle gr\u00fcn) oder w\u00e4hlen Sie nur bestimmte Mitarbeiter, Abteilungen oder Ressourcen aus (alle gelb). Auch diese Ansicht k\u00f6nnen Sie als Excel-Datei exportieren (orange) oder noch weiter filtern (lila).<\/p>\n\n\n\n<figure class=\"wp-block-image size-large is-resized\"><img loading=\"lazy\" decoding=\"async\" src=\"https:\/\/support.multical.org\/wp-content\/uploads\/2022\/07\/das-1024x343.png\" alt=\"\" class=\"wp-image-2860\" width=\"1083\" height=\"362\" srcset=\"https:\/\/support.multical.org\/wp-content\/uploads\/2022\/07\/das-1024x343.png 1024w, https:\/\/support.multical.org\/wp-content\/uploads\/2022\/07\/das-300x100.png 300w, https:\/\/support.multical.org\/wp-content\/uploads\/2022\/07\/das-768x257.png 768w, https:\/\/support.multical.org\/wp-content\/uploads\/2022\/07\/das-1536x514.png 1536w, https:\/\/support.multical.org\/wp-content\/uploads\/2022\/07\/das-2048x686.png 2048w\" sizes=\"auto, (max-width: 1083px) 100vw, 1083px\" \/><\/figure>\n\n\n\n<div style=\"height:100px\" aria-hidden=\"true\" class=\"wp-block-spacer\"><\/div>\n\n\n\n<h2 class=\"wp-block-heading\" id=\"Ressourcen\">Alle Ressourcen<\/h2>\n\n\n\n<p>Die Ansicht \u00abAlle Ressourcen\u00bb, die Sie links in der Seitennavigation finden, zeigt Ihnen alle von Ihrer Firma angelegten, aktiven Ressourcen an. Diese k\u00f6nnen Sie \u2013&nbsp;wie zuvor beschrieben \u2013&nbsp;zu einem Termin dazubuchen, sofern diese verf\u00fcgbar sind. In \u00abAlle Ressourcen\u00bb sehen Sie alle Informationen zu den Ressourcen auf einen Blick und wissen, wo sich diese aktuell befinden. Mit einem Klick auf \u00abBuchen\u00bb (rot) legen Sie sogleich einen Termin mit der ausgew\u00e4hlten Ressource an. Sie k\u00f6nnen sich die Verf\u00fcgbarkeit auch im Kalender anzeigen lassen (blau) oder der verantwortlichen Person der Ressource eine Nachricht schicken (gr\u00fcn). Dies macht z.B. Sinn, wenn etwas daran kaputt gegangen ist. Sollten Sie die Ressource nach der Verwendung an einem anderen Ort abgestellt haben (z.B. einen Firmenwagen auf einem anderen Parkplatz), k\u00f6nnen Sie sogleich den Standort aktualisieren (gelb).<\/p>\n\n\n\n<figure class=\"wp-block-image size-large is-resized\"><a href=\"https:\/\/support.multical.org\/wp-content\/uploads\/2022\/04\/resses.png\"><img loading=\"lazy\" decoding=\"async\" src=\"https:\/\/support.multical.org\/wp-content\/uploads\/2022\/04\/resses-1024x171.png\" alt=\"\" class=\"wp-image-441\" width=\"1150\" height=\"192\" srcset=\"https:\/\/support.multical.org\/wp-content\/uploads\/2022\/04\/resses-1024x171.png 1024w, https:\/\/support.multical.org\/wp-content\/uploads\/2022\/04\/resses-300x50.png 300w, https:\/\/support.multical.org\/wp-content\/uploads\/2022\/04\/resses-768x129.png 768w, https:\/\/support.multical.org\/wp-content\/uploads\/2022\/04\/resses-1536x257.png 1536w, https:\/\/support.multical.org\/wp-content\/uploads\/2022\/04\/resses-2048x343.png 2048w\" sizes=\"auto, (max-width: 1150px) 100vw, 1150px\" \/><\/a><\/figure>\n\n\n\n<div style=\"height:100px\" aria-hidden=\"true\" class=\"wp-block-spacer\"><\/div>\n\n\n\n<p><\/p>\n\n\n\n<h2 class=\"wp-block-heading\" id=\"Projekte\">Meine Projekte<\/h2>\n\n\n\n<p>MULTICAL hilft Ihnen, alle Ihre Projekte zu organisieren und Ihren Mitarbeitern zuzuteilen. Wenn Sie die Zeiterfassung verwenden, k\u00f6nnen Sie sogleich die geleisteten Zeiten auf die von Ihnen erstellten Projekte buchen. Die Projektverwaltung befindet sich im linken Seitenmen\u00fc unter \u00abMeine Projekte\u00bb. Um ein neues Projekt anzulegen, klicken Sie auf das Plus f\u00fcr \u00abNeues Projekt\u00bb.<\/p>\n\n\n\n<p><\/p>\n\n\n\n<p>Beim Erfassen eines neuen Projektes lassen sich alle Infos, die f\u00fcr die Mitarbeiter relevant sind, direkt einpflegen. So k\u00f6nnen Sie in der Beschreibung das Projekt vorstellen und erl\u00e4utern (rot), dieses zeitlich befristen sowie die Priorit\u00e4t (gering, mittel, hoch) (beide blau) festlegen. Definieren Sie ausserdem ein voraussichtliches Projektbudget in Stunden und lassen Sie sich per E-Mail informieren, sobald ein von Ihnen definierter Prozentsatz an Zeit daf\u00fcr bebucht wurde (beide gr\u00fcn). Dies kann mittels Terminen, die dem Projekt zugeordnet sind oder durch Zeitbuchungen auf das Projekt in der Zeiterfassung erfolgen.<\/p>\n\n\n\n<p>F\u00fcgen Sie danach alle beteiligten Mitarbeiter unter \u00abTeilnehmer\u00bb ein (gelb). Nur Mitarbeiter, die auch in der Teilnehmerliste sind, k\u00f6nnen das Projekt einsehen. Bestimmen Sie zudem einen Projektleiter (orange) und gegebenenfalls eine Projektbegleitung (lila).<\/p>\n\n\n\n<p>Wenn das Projekt einem bestimmten Kunden zugeordnet werden soll, k\u00f6nnen Sie diesen gleich im Feld \u00abKunde\u00bb ausw\u00e4hlen (braun), sofern Ihr Administrator diesen zuvor unter \u00abKunden\u00bb erfasst hat.<\/p>\n\n\n\n<p><\/p>\n\n\n\n<figure class=\"wp-block-image size-large is-resized\"><img loading=\"lazy\" decoding=\"async\" src=\"https:\/\/support.multical.org\/wp-content\/uploads\/2022\/07\/Bildschirmfoto-2022-07-21-um-12.36.23-929x1024.png\" alt=\"\" class=\"wp-image-2863\" width=\"788\" height=\"868\" srcset=\"https:\/\/support.multical.org\/wp-content\/uploads\/2022\/07\/Bildschirmfoto-2022-07-21-um-12.36.23-929x1024.png 929w, https:\/\/support.multical.org\/wp-content\/uploads\/2022\/07\/Bildschirmfoto-2022-07-21-um-12.36.23-272x300.png 272w, https:\/\/support.multical.org\/wp-content\/uploads\/2022\/07\/Bildschirmfoto-2022-07-21-um-12.36.23-768x846.png 768w, https:\/\/support.multical.org\/wp-content\/uploads\/2022\/07\/Bildschirmfoto-2022-07-21-um-12.36.23.png 1196w\" sizes=\"auto, (max-width: 788px) 100vw, 788px\" \/><\/figure>\n\n\n\n<p><\/p>\n\n\n\n<p>Ein Projekt besteht meistens aus mehreren Unterprojekten und Aufgaben, die allesamt zum Erreichen des Ziels beitragen. So k\u00f6nnen Sie mehrere Unterprojekte erfassen und diesen auch Aufgaben zuweisen, welche Sie Ihren Mitarbeitern zuteilen. Danach k\u00f6nnen Sie w\u00e4hlen, ob Sie Ihren Mitarbeitern f\u00fcr die Erledigung der Aufgabe auch gleich ein To-do erstellen sollen. Bei einem Klick in dieses To-Do l\u00e4sst sich dann ein Termin erstellen, der direkt in den Kalender eingepflegt wird (rot). Wenn die Aufgabe erledigt wurde, kann der Mitarbeiter dies entsprechend im To-do oder im Termin markieren (blau).<\/p>\n\n\n\n<figure class=\"wp-block-image size-large is-resized\"><img loading=\"lazy\" decoding=\"async\" src=\"https:\/\/support.multical.org\/wp-content\/uploads\/2022\/07\/Bildschirmfoto-2022-07-21-um-12.47.56-779x1024.png\" alt=\"\" class=\"wp-image-2864\" width=\"528\" height=\"694\" srcset=\"https:\/\/support.multical.org\/wp-content\/uploads\/2022\/07\/Bildschirmfoto-2022-07-21-um-12.47.56-779x1024.png 779w, https:\/\/support.multical.org\/wp-content\/uploads\/2022\/07\/Bildschirmfoto-2022-07-21-um-12.47.56-228x300.png 228w, https:\/\/support.multical.org\/wp-content\/uploads\/2022\/07\/Bildschirmfoto-2022-07-21-um-12.47.56-768x1010.png 768w, https:\/\/support.multical.org\/wp-content\/uploads\/2022\/07\/Bildschirmfoto-2022-07-21-um-12.47.56.png 858w\" sizes=\"auto, (max-width: 528px) 100vw, 528px\" \/><\/figure>\n\n\n\n<div style=\"height:100px\" aria-hidden=\"true\" class=\"wp-block-spacer\"><\/div>\n\n\n\n<h2 class=\"wp-block-heading\">Links zu AGB, Datenschutz, Impressum<\/h2>\n\n\n\n<p><a href=\"https:\/\/www.multical.org\/de_CH\/agb.html\" data-type=\"URL\" data-id=\"https:\/\/www.multical.org\/de_CH\/agb.html\">Allgemeine Gesch\u00e4ftsbedingungen (AGB)<\/a><\/p>\n\n\n\n<p><a href=\"https:\/\/www.multical.org\/Datenschutz.html\" data-type=\"URL\" data-id=\"https:\/\/www.multical.org\/Datenschutz.html\">Datenschutzerkl\u00e4rung<\/a><\/p>\n\n\n\n<p><a href=\"https:\/\/www.multical.org\/Impressum.html\" data-type=\"URL\" data-id=\"https:\/\/www.multical.org\/Impressum.html\">Impressum<\/a><\/p>\n","protected":false},"author":1,"featured_media":0,"parent":2479,"menu_order":202,"template":"","manualdocumentationcategory":[94,39,91],"manual_doc_tag":[],"class_list":["post-2571","manual_documentation","type-manual_documentation","status-publish","hentry","manualdocumentationcategory-anleitungen","manualdocumentationcategory-erste-schritte","manualdocumentationcategory-teamkalender"],"_links":{"self":[{"href":"https:\/\/support.multical.org\/index.php?rest_route=\/wp\/v2\/manual_documentation\/2571","targetHints":{"allow":["GET"]}}],"collection":[{"href":"https:\/\/support.multical.org\/index.php?rest_route=\/wp\/v2\/manual_documentation"}],"about":[{"href":"https:\/\/support.multical.org\/index.php?rest_route=\/wp\/v2\/types\/manual_documentation"}],"author":[{"embeddable":true,"href":"https:\/\/support.multical.org\/index.php?rest_route=\/wp\/v2\/users\/1"}],"version-history":[{"count":42,"href":"https:\/\/support.multical.org\/index.php?rest_route=\/wp\/v2\/manual_documentation\/2571\/revisions"}],"predecessor-version":[{"id":3074,"href":"https:\/\/support.multical.org\/index.php?rest_route=\/wp\/v2\/manual_documentation\/2571\/revisions\/3074"}],"up":[{"embeddable":true,"href":"https:\/\/support.multical.org\/index.php?rest_route=\/wp\/v2\/manual_documentation\/2479"}],"wp:attachment":[{"href":"https:\/\/support.multical.org\/index.php?rest_route=%2Fwp%2Fv2%2Fmedia&parent=2571"}],"wp:term":[{"taxonomy":"manualdocumentationcategory","embeddable":true,"href":"https:\/\/support.multical.org\/index.php?rest_route=%2Fwp%2Fv2%2Fmanualdocumentationcategory&post=2571"},{"taxonomy":"manual_doc_tag","embeddable":true,"href":"https:\/\/support.multical.org\/index.php?rest_route=%2Fwp%2Fv2%2Fmanual_doc_tag&post=2571"}],"curies":[{"name":"wp","href":"https:\/\/api.w.org\/{rel}","templated":true}]}}