{"id":2567,"date":"2022-04-22T08:36:48","date_gmt":"2022-04-22T08:36:48","guid":{"rendered":"https:\/\/support.multical.org\/?post_type=manual_documentation&#038;p=2567"},"modified":"2023-05-03T13:17:35","modified_gmt":"2023-05-03T13:17:35","slug":"ferienverwaltung-einfuehrung-fuer-mitarbeiter","status":"publish","type":"manual_documentation","link":"https:\/\/support.multical.org\/?manual_documentation=ferienverwaltung\/ferienverwaltung-einfuehrung-fuer-mitarbeiter","title":{"rendered":"Ferienverwaltung &#8211; Einf\u00fchrung f\u00fcr Mitarbeiter"},"content":{"rendered":"<div id=\"toctoc\"><\/div>\n<p>Die Ferienverwaltung ist das Modul, das Ihnen die Ferienplanung massiv erleichtern wird! Geben Sie Ihre Ferien, Absenzen, \u00dcberstunden oder Krankheitstage spielend leicht ein und lassen Sie diese Anfragen direkt von Ihrer Teamleitung bearbeiten. Dank dem kalendarischen Aufbau wissen Sie auch jederzeit Bescheid \u00fcber die Ferien und Absenzen Ihrer Kollegen und k\u00f6nnen nach freien Zeiten Ausschau halten. In Ihrem eigenen Konto sehen Sie jederzeit Ihr Guthaben und den Status Ihrer Anfragen. Lassen Sie sich zudem benachrichtigen, wenn sich eine Person Ihrer Abteilung oder der Firma krank gemeldet hat oder abwesend ist. <\/p>\n\n\n\n<div style=\"height:21px\" aria-hidden=\"true\" class=\"wp-block-spacer\"><\/div>\n\n\n\n<p>Schauen Sie sich den Film an, um die wichtigsten Funktionen in K\u00fcrze kennenzulernen:<\/p>\n\n\n\n<figure class=\"wp-block-embed is-type-video is-provider-youtube wp-block-embed-youtube wp-embed-aspect-16-9 wp-has-aspect-ratio\"><div class=\"wp-block-embed__wrapper\">\n<iframe loading=\"lazy\" title=\"MULTICAL Urlaubsverwaltung\" width=\"700\" height=\"394\" src=\"https:\/\/www.youtube.com\/embed\/fLuG4AGeSb8?start=1&#038;feature=oembed\" frameborder=\"0\" allow=\"accelerometer; autoplay; clipboard-write; encrypted-media; gyroscope; picture-in-picture; web-share\" allowfullscreen><\/iframe>\n<\/div><\/figure>\n\n\n\n<div style=\"height:20px\" aria-hidden=\"true\" class=\"wp-block-spacer\"><\/div>\n\n\n\n<p>Die folgende Anleitung erkl\u00e4rt Ihnen schrittweise alle Funktionen, von denen Sie in der Ferienverwaltung profitieren k\u00f6nnen.<\/p>\n\n\n\n<h2 class=\"wp-block-heading\" id=\"Startseite\">\u00dcbersicht Startseite<\/h2>\n\n\n\n<h4 class=\"wp-block-heading\" id=\"oben\">Obere Men\u00fcleiste<\/h4>\n\n\n\n<p>Als Erstes sehen Sie die obere Men\u00fcleiste, wo Ihnen folgendes angezeigt wird:<\/p>\n\n\n\n<figure class=\"wp-block-image size-large is-resized\"><a href=\"https:\/\/support.multical.org\/wp-content\/uploads\/2022\/04\/Bildschirmfoto-2022-04-07-um-10.53.51.png\"><img loading=\"lazy\" decoding=\"async\" src=\"https:\/\/support.multical.org\/wp-content\/uploads\/2022\/04\/Bildschirmfoto-2022-04-07-um-10.53.51-1024x43.png\" alt=\"\" class=\"wp-image-370\" width=\"1106\" height=\"46\" srcset=\"https:\/\/support.multical.org\/wp-content\/uploads\/2022\/04\/Bildschirmfoto-2022-04-07-um-10.53.51-1024x43.png 1024w, https:\/\/support.multical.org\/wp-content\/uploads\/2022\/04\/Bildschirmfoto-2022-04-07-um-10.53.51-300x12.png 300w, https:\/\/support.multical.org\/wp-content\/uploads\/2022\/04\/Bildschirmfoto-2022-04-07-um-10.53.51-768x32.png 768w, https:\/\/support.multical.org\/wp-content\/uploads\/2022\/04\/Bildschirmfoto-2022-04-07-um-10.53.51.png 1372w\" sizes=\"auto, (max-width: 1106px) 100vw, 1106px\" \/><\/a><\/figure>\n\n\n\n<p><strong><em>Urlaubstage (rot):<\/em><\/strong> Sehen Sie, wie viele Tage Sie noch von Ihrem Kontingent f\u00fcr das aktuelle Jahr zur Verf\u00fcgung haben (Hier: 12 Tage von total 25 Tagen).<\/p>\n\n\n\n<p><strong><em>\u00dcberstunden (blau):<\/em><\/strong> Sehen Sie, wie viele \u00dcberstunden Sie bereits eingegeben haben. Auch (noch) nicht genehmigte \u00dcberstunden werden hier miteingerechnet. Wenn die \u00dcberstunden nicht erlaubt wurden, erscheinen diese auch nicht in der Men\u00fcleiste.<\/p>\n\n\n\n<p><strong><em>Krankentage (gr\u00fcn):<\/em><\/strong> Sehen Sie, wie viele Tage Sie im laufenden Jahr bereits krank waren.<\/p>\n\n\n\n<p><strong><em>Abwesenheiten (gelb):<\/em><\/strong> Sehen Sie hier, wie viele Stunden Sie im laufenden Jahr bereits abwesend waren.<\/p>\n\n\n\n<p><strong><em>Pers\u00f6nlich<\/em><\/strong><em><strong>e Einstellungen (orange):<\/strong> <\/em>Klicken Sie auf Ihr Profilbild (wenn Sie keines hochgeladen haben, erscheinen Ihre Initialen), um zu Ihren pers\u00f6nlichen Einstellungen zu gelangen.<\/p>\n\n\n\n<p><strong><em>Kurzeinf\u00fchrung (t\u00fcrkis):<\/em> <\/strong>Klicken Sie auf das Fragezeichen, um Ihnen die aktuelle Ansicht erkl\u00e4ren zu lassen. Dies k\u00f6nnen Sie in jedem Dialogfenster tun.<\/p>\n\n\n\n<p><strong><em>MULTICAL empfehlen (lila):<\/em><\/strong> Schicken Sie per Mail eine MULTICAL-Empfehlung an Ihre Kontakte und sparen Sie bei einer erfolgreichen Empfehlung 10 % auf die n\u00e4chste Abrechnung. Zudem erh\u00e4lt der Empf\u00e4nger ebenfalls 10% Rabatt auf den Kaufpreis seiner Bestellung.<\/p>\n\n\n\n<p><strong><em>Abmelden (braun):<\/em> <\/strong>Klicken Sie hier, um sich von MULTICAL auszuloggen.<\/p>\n\n\n\n<p><\/p>\n\n\n\n<p><\/p>\n\n\n\n<h4 class=\"wp-block-heading\" id=\"Meineanfragen\">Meine Anfragen<\/h4>\n\n\n\n<p>Sie finden gleich unter der oberen Men\u00fcleiste eine chronologische Auflistung aller Anfragen, die Sie get\u00e4tigt haben. <\/p>\n\n\n\n<p>Wenn Sie eine Anfrage bearbeiten m\u00f6chten, klicken Sie einfach die enstprechende Zeile an. Achtung: Anfragen, die beim Status als \u00abGenehmigt\u00bb gelten, k\u00f6nnen Sie <strong>nicht<\/strong> mehr im Nachhinein bearbeiten. <\/p>\n\n\n\n<p>Der Verlauf Ihrer Anfragen hilft Ihnen, die Kontost\u00e4nde nachzuvollziehen und einen Gesamt\u00fcberblick zu erhalten.<\/p>\n\n\n\n<figure class=\"wp-block-image size-large is-resized\"><a href=\"https:\/\/support.multical.org\/wp-content\/uploads\/2022\/04\/meineanfragenm.png\"><img loading=\"lazy\" decoding=\"async\" src=\"https:\/\/support.multical.org\/wp-content\/uploads\/2022\/04\/meineanfragenm-1024x259.png\" alt=\"\" class=\"wp-image-371\" width=\"1198\" height=\"302\" srcset=\"https:\/\/support.multical.org\/wp-content\/uploads\/2022\/04\/meineanfragenm-1024x259.png 1024w, https:\/\/support.multical.org\/wp-content\/uploads\/2022\/04\/meineanfragenm-300x76.png 300w, https:\/\/support.multical.org\/wp-content\/uploads\/2022\/04\/meineanfragenm-768x194.png 768w, https:\/\/support.multical.org\/wp-content\/uploads\/2022\/04\/meineanfragenm.png 1444w\" sizes=\"auto, (max-width: 1198px) 100vw, 1198px\" \/><\/a><\/figure>\n\n\n\n<p><\/p>\n\n\n\n<h4 class=\"wp-block-heading\" id=\"Kalender\u00fcbersicht\">Kalender\u00fcbersicht<\/h4>\n\n\n\n<p>In der Kalender\u00fcbersicht sehen Sie Ihr Team (Alle Abteilungen, von denen Sie Teil sind) und deren Urlaube und Abwesenheiten. Diese Ansicht k\u00f6nnen Sie nat\u00fcrlich entsprechend filtern, z.B. dass nur bestimmte Mitarbeiter angezeigt werden (rot). Ver\u00e4ndern Sie auch den Zeitraum des Kalenders (blau). Wenn Sie weit in die Zukunft oder in die Vergangenheit geklickt haben, klicken Sie einfach den Button \u00abHeute\u00bb, um zum heutigen Datum zur\u00fcckzukehren (gr\u00fcn). Weitere Feineinstellungen k\u00f6nnen Sie auf dem Zahnrad-Icon vornehmen (gelb). Falls Sie auch das Modul \u00abTeamkalender\u00bb verwenden, k\u00f6nnen Sie sich auch gleich alle Termine dort anzeigen lassen (orange). <\/p>\n\n\n\n<figure class=\"wp-block-image size-large is-resized\"><a href=\"https:\/\/support.multical.org\/wp-content\/uploads\/2022\/04\/\u00fcbersicht.png\"><img loading=\"lazy\" decoding=\"async\" src=\"https:\/\/support.multical.org\/wp-content\/uploads\/2022\/04\/\u00fcbersicht-1024x379.png\" alt=\"\" class=\"wp-image-373\" width=\"1194\" height=\"441\"\/><\/a><\/figure>\n\n\n\n<p>Um eine neue Anfrage anzulegen, k\u00f6nnen Sie auch gleich per Doppelklick in den Kalender klicken. Somit wird gleich das entsprechende Datum voreingestellt.<\/p>\n\n\n\n<p><\/p>\n\n\n\n<h4 class=\"wp-block-heading\" id=\"links\">Linke Seitennavigation<\/h4>\n\n\n\n<p>Zuoberst in der linken Seitennavigation finden Sie unter dem Firmenlogo die Auswahl der Module (falls Sie mehrere Module haben):<\/p>\n\n\n\n<figure class=\"wp-block-image size-full is-resized\"><a href=\"https:\/\/support.multical.org\/wp-content\/uploads\/2022\/04\/module.png\"><img loading=\"lazy\" decoding=\"async\" src=\"https:\/\/support.multical.org\/wp-content\/uploads\/2022\/04\/module.png\" alt=\"\" class=\"wp-image-374\" width=\"310\" height=\"84\"\/><\/a><figcaption class=\"wp-element-caption\">Ferienverwaltung, Teamkalender, Zeiterfassung<\/figcaption><\/figure>\n\n\n\n<figure class=\"wp-block-image size-full is-resized\"><a href=\"https:\/\/support.multical.org\/wp-content\/uploads\/2022\/04\/anfrage.png\"><img loading=\"lazy\" decoding=\"async\" src=\"https:\/\/support.multical.org\/wp-content\/uploads\/2022\/04\/anfrage.png\" alt=\"\" class=\"wp-image-376\" width=\"205\" height=\"56\"\/><\/a><\/figure>\n\n\n\n<p>Klicken Sie auf den Button <a href=\"#anfragen\">\u00abNeue Anfrage\u00bb<\/a>, um Ferien, \u00dcberstunden, Krankmeldungen oder Absenzen anzufragen.<\/p>\n\n\n\n<p><em><strong>\u00dcbersicht:<\/strong><\/em> Die \u00dcbersicht ist die Startseite der Ferienverwaltung.<\/p>\n\n\n\n<p><em><strong>Verlauf:<\/strong><\/em> Der Verlauf entspricht der Ansicht <a href=\"#Meineanfragen\" data-type=\"internal\" data-id=\"#Meineanfragen\">\u00abMeine Anfragen\u00bb<\/a> und ist eine chronologische Auflistung aller von Ihnen get\u00e4tigten Anfragen.<\/p>\n\n\n\n<p><strong><em>Meine Abteilungen:<\/em><\/strong> Diese Ansicht enspricht der <a href=\"#Kalender\u00fcbersicht\" data-type=\"internal\" data-id=\"#Kalender\u00fcbersicht\">\u00abKalender\u00fcbersicht\u00bb<\/a> auf der Startseite. Sie ist aufgegliedert in einzelne Abteilungen, die Sie als eigene Ansicht auch aufrufen k\u00f6nnen.<\/p>\n\n\n\n<p><em><strong>Aktuell<\/strong>: <\/em><strong>Verf\u00fcgbarkeit Mitarbeiter \/ Mitarbeiter &amp; Ressourcen<\/strong><\/p>\n\n\n\n<p>Wenn Sie auch das Modul \u00abTeamkalender\u00bb benutzen, heisst diese Ansicht bei Ihnen \u00abMitarbeiter &amp; Ressourcen\u00bb und zeigt Ihnen neben den Live-Verf\u00fcgbarkeiten der Mitarbeiter auch die Ressourcen an. Zudem werden dann auch Termine ber\u00fccksichtigt, die im Teamkalender eingetragen sind.<\/p>\n\n\n\n<p>Wenn Sie nur die Ferienverwaltung benutzen, werden Ihnen diese Live-Daten anhand des eingegebenen Arbeitspensums und der \u00dcberpr\u00fcfung, ob zurzeit jemand krank, abwesend oder in den Ferien ist, erstellt. Die Sortierung dieser Ansicht k\u00f6nnen Sie rechts oben ebenfalls nach Ihren Belieben \u00e4ndern.<\/p>\n\n\n\n<p><strong><em>Mini-Kalender:<\/em><\/strong> Der Mini-Kalender dient Ihnen als Schnellzugriff auf ein bestimmtes Datum. Klicken Sie das gew\u00fcnschte Datum an, richtet sich die ganze Seite danach aus. Sie k\u00f6nnen den Mini-Kalender nach Belieben ganz unten oder ganz oben in der linken Seitennavigation anzeigen lassen. In den <a href=\"#einstellungen\" data-type=\"internal\" data-id=\"#einstellungen\">pers\u00f6nlichen Einstellungen<\/a> k\u00f6nnen Sie den Mini-Kalender auch ganz ausblenden.<\/p>\n\n\n\n<p><strong><em>Versionshinweise:<\/em><\/strong> Ganz unten werden Ihnen die Versionshinweise sowie das Impressum angezeigt. Klicken Sie auf das Datum, um die neusten \u00c4nderungen, Bugfixes und vieles mehr in einer chronologisch aufgebauten Liste zu sehen.<\/p>\n\n\n\n<figure class=\"wp-block-image size-full is-resized\"><a href=\"https:\/\/support.multical.org\/wp-content\/uploads\/2022\/04\/Bildschirmfoto-2022-04-07-um-11.39.42.png\"><img loading=\"lazy\" decoding=\"async\" src=\"https:\/\/support.multical.org\/wp-content\/uploads\/2022\/04\/Bildschirmfoto-2022-04-07-um-11.39.42.png\" alt=\"\" class=\"wp-image-382\" width=\"311\" height=\"86\"\/><\/a><\/figure>\n\n\n\n<div style=\"height:100px\" aria-hidden=\"true\" class=\"wp-block-spacer\"><\/div>\n\n\n\n<h2 class=\"wp-block-heading\" id=\"anfragen\">Anfragen erstellen<\/h2>\n\n\n\n<p>Klicken Sie \u00fcber dem Seitenmen\u00fc auf \u00abNeue Anfrage\u00bb. W\u00e4hlen Sie aus, um welchen Typ von Anfrage es sich handelt:<\/p>\n\n\n\n<figure class=\"wp-block-image size-full is-resized\"><a href=\"https:\/\/support.multical.org\/wp-content\/uploads\/2022\/04\/Anfragefesnter.png\"><img loading=\"lazy\" decoding=\"async\" src=\"https:\/\/support.multical.org\/wp-content\/uploads\/2022\/04\/Anfragefesnter.png\" alt=\"\" class=\"wp-image-383\" width=\"560\" height=\"273\" srcset=\"https:\/\/support.multical.org\/wp-content\/uploads\/2022\/04\/Anfragefesnter.png 455w, https:\/\/support.multical.org\/wp-content\/uploads\/2022\/04\/Anfragefesnter-300x146.png 300w\" sizes=\"auto, (max-width: 560px) 100vw, 560px\" \/><\/a><\/figure>\n\n\n\n<p>Betiteln Sie Ihre Anfrage (optional). W\u00e4hlen Sie den gew\u00fcnschten Zeitraum der Anfrage aus. Wenn die Anfrage nicht einen ganzen Tag betrifft, k\u00f6nnen Sie entweder \u00abNur Vormittag\u00bb oder \u00abNur Nachmittag\u00bb w\u00e4hlen.<\/p>\n\n\n\n<p>Rechts daneben wird Ihnen angezeigt, wie viele Stunden oder Tage Ihnen vom Kontingent abgezogen werden. Auch wenn die Anfrage noch nicht genehmigt wurde, wird Ihnen die Dauer der Anfrage bereits vom Kontingent in der oberen Men\u00fcleiste abgezogen. Falls die Anfrage danach abgelehnt wird, wird diese Zeit nat\u00fcrlich wieder Ihrem Kontingent zugesprochen.<\/p>\n\n\n\n<p><strong><em>Urlaub:<\/em><\/strong> Ferientage werden Ihnen von Ihrem Ferienkontingent abgezogen und m\u00fcssen vom Teamleiter genehmigt werden.<\/p>\n\n\n\n<p><strong><em>Krankmeldung:<\/em><\/strong> Krankentage werden Ihnen <strong>nicht<\/strong> vom Ferienkontingent abgezogen und m\u00fcssen <strong>nicht <\/strong>genehmigt werden. Sofern beim Eingabefeld \u00abArbeitsf\u00e4hig\u00bb 0 steht, geht die Software davon aus, dass Sie Vollzeit krankgeschrieben sind. Wenn Sie teilweise arbeitsf\u00e4hig sind, k\u00f6nnen Sie die entsprechende Prozentzahl in dieses Feld eingeben. Dies hat Auswirkungen auf die beiden anderen Module \u00abTeamkalender\u00bb und \u00abZeiterfassung\u00bb: Im Teamkalender \u00e4ndert sich die Verf\u00fcgbarkeit von teilweise Krankgeschriebenen und in der Zeiterfassung passt sich die Soll-Arbeitszeit des Tages entsprechend an.<\/p>\n\n\n\n<p><strong><em>Abwesenheit:<\/em><\/strong> Absenzzeiten werden Ihnen <strong>nicht<\/strong> vom Ferienkontingent abgezogen, m\u00fcssen aber genehmigt werden.<\/p>\n\n\n\n<p><strong><em>\u00dcberstunden:<\/em><\/strong> \u00dcberstunden <strong>m\u00fcssen<\/strong> vom Teamleiter genehmigt werden und werden <strong>zus\u00e4tzlich<\/strong> zu Ihrem Ferienkontingent angezeigt.<\/p>\n\n\n\n<p><strong><em>\u00dcberstunden abbauen:<\/em><\/strong> Diese Anfragen <strong>m\u00fcssen<\/strong> ebenfalls genehmigt werden und die Stunden werden Ihnen von Ihrem \u00dcberstunden-Kontingent abgezogen. Wenn Sie einfach mal fr\u00fcher gehen m\u00f6chten und diese Zeit mit Ihren \u00dcberstunden kompensieren wollen, w\u00e4hlen Sie danach \u00ab\u00dcberstunden abbauen\u00bb. Alternativ k\u00f6nnen Sie sich Ihre \u00dcberstunden auch in Urlaubstage umwandeln oder auszahlen lassen (Somit erh\u00e4lt die Person, die f\u00fcr die Auszahlung von \u00dcberstunden definiert wurde, eine Nachricht).<\/p>\n\n\n\n<p>Wenn Sie keine \u00dcberstunden auf Ihrem Konto haben, k\u00f6nnen Sie auch keine \u00ab\u00dcberstunden abbauen\u00bb-Anfragen stellen. <\/p>\n\n\n\n<p>Sobald Sie eine Anfrage gespeichert haben, erhalten Ihre Vorgesetzen die Anfrage in ihrem MULTICAL-Account und falls eingestellt auch per Mail. Sie werden dann ebenfalls (falls eingestellt) benachrichtigt, wenn die Anfrage genehmigt oder abgelehnt wurde.<\/p>\n\n\n\n<div style=\"height:100px\" aria-hidden=\"true\" class=\"wp-block-spacer\"><\/div>\n\n\n\n<h2 class=\"wp-block-heading\" id=\"einstellungen\">Pers\u00f6nliche Einstellungen<\/h2>\n\n\n\n<p>Klicken Sie in der oberen Men\u00fcleiste auf Ihr Profilbild (wenn Sie keines hochgeladen haben, erscheinen Ihre Initialen), um zu den pers\u00f6nlichen Einstellungen zu kommen.<\/p>\n\n\n\n<h4 class=\"wp-block-heading\" id=\"passwort\">Passwort \u00e4ndern<\/h4>\n\n\n\n<p>Um Ihr Passwort zu \u00e4ndern, klicken Sie unter \u00abAllgemein\u00bb auf \u00abPasswort \u00e4ndern\u00bb. Wenn Sie Ihr Passwort nicht mehr wissen, klicken Sie einfach vor der Anmeldung zu MULTICAL auf \u00abPasswort vergessen\u00bb.<\/p>\n\n\n\n<h4 class=\"wp-block-heading\" id=\"anzeige\">Anzeige und Sortierung<\/h4>\n\n\n\n<p><strong><em>Anzeige der Mitarbeiter mit:<\/em><\/strong> Bestimmen Sie, ob Sie die Mitarbeiter mit Vorname, Nachname oder mit Nachname, Vorname anzeigen m\u00f6chten.<\/p>\n\n\n\n<p><strong><em>Woche beginnt am: <\/em><\/strong>Legen Sie fest, ob Ihre Arbeitswoche am Sonntag oder am Montag beginnt.<\/p>\n\n\n\n<p><strong><em>Tagesdauer:<\/em><\/strong> Legen Sie Ihre t\u00e4glichen Arbeitszeiten fest. Dies hat keine Auswirkungen auf Ihren Urlaubsanspruch.<\/p>\n\n\n\n<p><strong><em>Sprache:<\/em><\/strong> Bestimmen Sie Ihre Sprache. Es besteht nur ein kleiner Unterschied zwischen Deutsch (CH) und Deutsch (DE), so z.B. wird bei der CH-Sprache das Wort \u00abFerien\u00bb und bei der DE-Sprache \u00abUrlaub\u00bb benutzt.<\/p>\n\n\n\n<p><strong><em>Farbschema:<\/em><\/strong> Legen Sie hier das Design Ihres MULTICAL-Accounts fest.<\/p>\n\n\n\n<p><strong><em>Kalender in der Navigation anzeigen:<\/em><\/strong> Blenden Sie den Mini-Kalender in der linken Seitennavigation ein oder aus.<\/p>\n\n\n\n<p><strong><em>Zeitzonen anzeigen:<\/em><\/strong> Bestimmen Sie, ob Sie sich die Auswahl der verschiedenen Zeitzonen in der \u00dcbersicht anzeigen lassen wollen.<\/p>\n\n\n\n<p><strong><em>Meinen Geburtstag anzeigen:<\/em><\/strong> Legt fest, ob Ihr Geburtstag den \u00fcbrigen Mitarbeitern im Kalender angezeigt werden soll.<\/p>\n\n\n\n<p><\/p>\n\n\n\n<h4 class=\"wp-block-heading\" id=\"Benachrichtungen\">Benachrichtungen<\/h4>\n\n\n\n<p>Bestimmen Sie hier, in welchen F\u00e4llen Sie eine Informationsmail erhalten m\u00f6chten.<\/p>\n\n\n\n<div style=\"height:100px\" aria-hidden=\"true\" class=\"wp-block-spacer\"><\/div>\n\n\n\n<h2 class=\"wp-block-heading\">Links zu AGB, Datenschutz, Impressum<\/h2>\n\n\n\n<p><a href=\"https:\/\/www.multical.org\/de_CH\/agb.html\" data-type=\"URL\" data-id=\"https:\/\/www.multical.org\/de_CH\/agb.html\">Allgemeine Gesch\u00e4ftsbedingungen (AGB)<\/a><\/p>\n\n\n\n<p><a href=\"https:\/\/www.multical.org\/Datenschutz.html\" data-type=\"URL\" data-id=\"https:\/\/www.multical.org\/Datenschutz.html\">Datenschutzerkl\u00e4rung<\/a><\/p>\n\n\n\n<p><a href=\"https:\/\/www.multical.org\/Impressum.html\" data-type=\"URL\" data-id=\"https:\/\/www.multical.org\/Impressum.html\">Impressum<\/a><\/p>\n","protected":false},"author":1,"featured_media":0,"parent":2477,"menu_order":102,"template":"","manualdocumentationcategory":[94,92,39],"manual_doc_tag":[],"class_list":["post-2567","manual_documentation","type-manual_documentation","status-publish","hentry","manualdocumentationcategory-anleitungen","manualdocumentationcategory-ferienverwaltung","manualdocumentationcategory-erste-schritte"],"_links":{"self":[{"href":"https:\/\/support.multical.org\/index.php?rest_route=\/wp\/v2\/manual_documentation\/2567","targetHints":{"allow":["GET"]}}],"collection":[{"href":"https:\/\/support.multical.org\/index.php?rest_route=\/wp\/v2\/manual_documentation"}],"about":[{"href":"https:\/\/support.multical.org\/index.php?rest_route=\/wp\/v2\/types\/manual_documentation"}],"author":[{"embeddable":true,"href":"https:\/\/support.multical.org\/index.php?rest_route=\/wp\/v2\/users\/1"}],"version-history":[{"count":16,"href":"https:\/\/support.multical.org\/index.php?rest_route=\/wp\/v2\/manual_documentation\/2567\/revisions"}],"predecessor-version":[{"id":3006,"href":"https:\/\/support.multical.org\/index.php?rest_route=\/wp\/v2\/manual_documentation\/2567\/revisions\/3006"}],"up":[{"embeddable":true,"href":"https:\/\/support.multical.org\/index.php?rest_route=\/wp\/v2\/manual_documentation\/2477"}],"wp:attachment":[{"href":"https:\/\/support.multical.org\/index.php?rest_route=%2Fwp%2Fv2%2Fmedia&parent=2567"}],"wp:term":[{"taxonomy":"manualdocumentationcategory","embeddable":true,"href":"https:\/\/support.multical.org\/index.php?rest_route=%2Fwp%2Fv2%2Fmanualdocumentationcategory&post=2567"},{"taxonomy":"manual_doc_tag","embeddable":true,"href":"https:\/\/support.multical.org\/index.php?rest_route=%2Fwp%2Fv2%2Fmanual_doc_tag&post=2567"}],"curies":[{"name":"wp","href":"https:\/\/api.w.org\/{rel}","templated":true}]}}