{"id":2483,"date":"2022-04-19T15:46:09","date_gmt":"2022-04-19T15:46:09","guid":{"rendered":"https:\/\/support.multical.org\/?post_type=manual_documentation&#038;p=2483"},"modified":"2023-07-04T11:36:57","modified_gmt":"2023-07-04T11:36:57","slug":"ferienverwaltung-einfuehrung-fuer-administratoren","status":"publish","type":"manual_documentation","link":"https:\/\/support.multical.org\/?manual_documentation=ferienverwaltung\/ferienverwaltung-einfuehrung-fuer-administratoren","title":{"rendered":"Ferienverwaltung &#8211; Einf\u00fchrung f\u00fcr Administratoren"},"content":{"rendered":"<div id=\"toctoc\"><\/div>\n<p id=\"titel\">Als Administrator haben Sie das letzte Wort bei der Ferienverwaltung. Sie haben alle Rechte, um Mitarbeiter und Abteilungen zu erfassen, Anfragen zu stornieren oder den jeweiligen Jahresurlaub eines Mitarbeiters zu erzeugen und vieles mehr. Die folgenden Punkte erkl\u00e4ren Ihnen alle Einstellungen und Admin-Funktionen rund um das Modul \u00abFerienverwaltung\u00bb.<\/p>\n\n\n\n<h2 class=\"wp-block-heading\" id=\"firmeneinstellungen\">Firmeneinstellungen<\/h2>\n\n\n\n<p>Die Firmeneinstellungen befinden sich in der linken Seitennavigation unter \u00abAdministration\u00bb.<\/p>\n\n\n\n<p><\/p>\n\n\n\n<h4 class=\"wp-block-heading\">Firmenlogo<\/h4>\n\n\n\n<p>Hier k\u00f6nnen Sie Ihr Firmenlogo hochladen, das allen Benutzern dann in der linken oberen Ecke angezeigt wird.<\/p>\n\n\n\n<h4 class=\"wp-block-heading\">Benachrichtigungen allgemein<\/h4>\n\n\n\n<h5 class=\"wp-block-heading\">Verantwortlicher f\u00fcr Auszahlungen<\/h5>\n\n\n\n<p>Die Person, die Sie hier definieren, erh\u00e4lt eine Benachrichtigung, sobald \u00dcberstunden zum Auszahlen genehmigt wurden.<\/p>\n\n\n\n<h5 class=\"wp-block-heading\">Keine E-Mails oder Benachrichtigungen senden<\/h5>\n\n\n\n<p>Wenn Sie diese Option aktivieren, werden alle Benachrichtigungen des ganzen Unternehmens abgestellt.<\/p>\n\n\n\n<h5 class=\"wp-block-heading\" id=\"erneut\">Alle Mitarbeiter erneut einladen<\/h5>\n\n\n\n<p>Verschickt automatisch eine neue Einladung an alle Personen, die sich noch nicht bei MULTICAL angemeldet haben.<\/p>\n\n\n\n<h5 class=\"wp-block-heading\">Anzahl der Tage, nach denen Mitarbeiter ihr Passwort erneuern m\u00fcssen<\/h5>\n\n\n\n<p>Nach der eingegebenen Anzahl Tage werden Ihre Mitarbeiter aufgefordert, ihr Passwort zu \u00e4ndern. Dies tr\u00e4gt zu einer erh\u00f6hten Sicherheit beim Login bei.<\/p>\n\n\n\n<h4 class=\"wp-block-heading\">Einstellungen Ferienverwaltung<\/h4>\n\n\n\n<h5 class=\"wp-block-heading\" id=\"krankmeldung-senden\">Krankmeldung senden<\/h5>\n\n\n\n<p>Legen Sie fest, ob die ganze Belegschaft oder nur die Abteilungen des betroffenen Mitarbeiters informiert werden soll, wenn ein Mitarbeiter sich krank meldet.<\/p>\n\n\n\n<h5 class=\"wp-block-heading\" id=\"verantwortlicher-jahresurlaub\">Verantwortlicher f\u00fcr Jahresurlaub<\/h5>\n\n\n\n<p>Bestimmen Sie die Person, die benachrichtigt werden soll, wenn MULTICAL den Jahresurlaub automatisch angelegt hat. Dies ist beispielsweise dann der Fall, wenn jemand eine Anfrage f\u00fcr ein Kalenderjahr t\u00e4tigt, in dem noch kein Jahresurlaub manuell erstellt wurde.<\/p>\n\n\n\n<h4 class=\"wp-block-heading\">Berechnungen<\/h4>\n\n\n\n<h5 class=\"wp-block-heading\" id=\"Berechnungurlaub\">Berechnung des Urlaubs<\/h5>\n\n\n\n<p>Hier w\u00e4hlen Sie aus, auf welcher Basis ein Tag Urlaub errechnet werden soll:<\/p>\n\n\n\n<figure class=\"wp-block-table\"><table><tbody><tr><td>Urlaub \u00fcber Arbeitszeit berechnen (CH)<\/td><td>F\u00e4llt eine Urlaubsanfrage auf einen Tag, an welchem regul\u00e4r weniger lange gearbeitet wird, wird der enstprechende Anteil des Arbeitstages verrechnet<\/td><\/tr><tr><td>Urlaub \u00fcber Arbeitstage berechnen (DE)<\/td><td>Es ist nicht relevant, wie lange der regul\u00e4re Arbeitstag bei einem 100%-Pensum dauert<\/td><\/tr><tr><td>Urlaub \u00fcber L\u00e4nge der Arbeitszeit berechnen<\/td><td>Das Modul \u00abZeiterfassung\u00bb ermittelt, wie hoch der Urlaubsanspruch nach erfasster Arbeitszeit ist<\/td><\/tr><\/tbody><\/table><\/figure>\n\n\n\n<h5 class=\"wp-block-heading\" id=\"Berechnung\u00fcberst\">\u00dcberstunden aus der Zeiterfassung ermitteln<\/h5>\n\n\n\n<p><em>Diese Option sehen Sie nur, falls Sie auch das Modul \u00abZeiterfassung\u00bb verwenden.<\/em><\/p>\n\n\n\n<p>Die \u00dcberstunden werden anhand der Differenz der Soll-Arbeitszeit und den gebuchten Stunden aus dem Modul \u00abZeiterfassung\u00bb ermittelt. Falls Sie diese Option nicht aktiviert haben, k\u00f6nnen die \u00dcberstunden manuell als Anfrage \u00fcber den Genehmigungsprozess eingetragen werden.<\/p>\n\n\n\n<h5 class=\"wp-block-heading\">Abwesenheiten werden von der Soll-Arbeitszeit abgezogen<\/h5>\n\n\n\n<p>Wenn Sie wollen, dass beispielsweise ein Arztbesuch, der bezahlt ist, die Soll-Arbeitszeit des Tages reduzieren soll, aktivieren Sie die Checkbox. Beispiel: Eine Mitarbeiterin hat ein Tages-Soll von 8h. Sie gibt eine Stunde Abwesenheit wegen eines Arztbesuches ein. Ihre Soll-Arbeitszeit betr\u00e4gt dann noch 7h an diesem Tag.<\/p>\n\n\n\n<h5 class=\"wp-block-heading\" id=\"unbezahltreduz\">Unbezahlter Urlaub reduziert den Urlaubsanspruch<\/h5>\n\n\n\n<p>Ist diese Option aktiviert, so wird der Zeitraum des unbezahlten Urlaubs von der Gesamtarbeitszeit des Jahres abgezogen und der Urlaubsanspruch entsprechend reduziert.<\/p>\n\n\n\n<h4 class=\"wp-block-heading\">Sonstige Einstellungen<\/h4>\n\n\n\n<h5 class=\"wp-block-heading\" id=\"anfragenmax\">Anfragen-Maximum im Voraus<\/h5>\n\n\n\n<p>Bestimmen Sie, wie viele Jahre man in der Zukunft bebuchen kann.<\/p>\n\n\n\n<h5 class=\"wp-block-heading\">Maximalwert f\u00fcr \u00dcberstunden<\/h5>\n\n\n\n<p>Legen Sie fest, ob es eine Obergrenze f\u00fcr \u00dcberstunden geben soll.<\/p>\n\n\n\n<div style=\"height:100px\" aria-hidden=\"true\" class=\"wp-block-spacer\"><\/div>\n\n\n\n<h2 class=\"wp-block-heading\">Standorte und Feiertage<\/h2>\n\n\n\n<p>Diese Einstellungen befinden sich im Tab \u00abStandorte\u00bb der Firmeneinstellungen. Hier k\u00f6nnen Sie mehrere Standorte erfassen, welchen Sie dann Ihr Personal zuordnen k\u00f6nnen. Zudem haben Sie hier noch die M\u00f6glichkeit, die Feiertage und neue Mitarbeitende zu erfassen.<\/p>\n\n\n\n<h4 class=\"wp-block-heading\" id=\"standortee\">Standorte<\/h4>\n\n\n\n<p>Klicken Sie auf das Plus, um einen neuen Standort zu erfassen. Auf dem Stift-Icon daneben k\u00f6nnen Sie die bestehenden Standorte bearbeiten.<\/p>\n\n\n\n<figure class=\"wp-block-image size-full\"><a href=\"https:\/\/support.multical.org\/wp-content\/uploads\/2022\/04\/standorte-2.png\"><img loading=\"lazy\" decoding=\"async\" width=\"505\" height=\"102\" src=\"https:\/\/support.multical.org\/wp-content\/uploads\/2022\/04\/standorte-2.png\" alt=\"\" class=\"wp-image-328\" srcset=\"https:\/\/support.multical.org\/wp-content\/uploads\/2022\/04\/standorte-2.png 505w, https:\/\/support.multical.org\/wp-content\/uploads\/2022\/04\/standorte-2-300x61.png 300w\" sizes=\"auto, (max-width: 505px) 100vw, 505px\" \/><\/a><\/figure>\n\n\n\n<p>Die Wahl des Bundeslandes\/Kantons ist relevant f\u00fcr die automatische Erfassung von den jeweiligen gesetzlichen Feiertagen.<\/p>\n\n\n\n<h4 class=\"wp-block-heading\" id=\"Feiertage\">Feiertage<\/h4>\n\n\n\n<p>Einem Standort werden direkt die gesetzlichen Feiertage implementiert. Wenn Sie weitere Feiertage oder Betriebsferien haben, k\u00f6nnen Sie diese auf dem Plus-Icon (rot) manuell erfassen und auf Wunsch auch befristen. Klicken Sie auf das runde Plus (blau), um die gesetzlichen Feiertage neu zu importieren.<\/p>\n\n\n\n<figure class=\"wp-block-image size-full\"><a href=\"https:\/\/support.multical.org\/wp-content\/uploads\/2022\/04\/feiertage-1.png\"><img loading=\"lazy\" decoding=\"async\" width=\"846\" height=\"366\" src=\"https:\/\/support.multical.org\/wp-content\/uploads\/2022\/04\/feiertage-1.png\" alt=\"\" class=\"wp-image-332\" srcset=\"https:\/\/support.multical.org\/wp-content\/uploads\/2022\/04\/feiertage-1.png 846w, https:\/\/support.multical.org\/wp-content\/uploads\/2022\/04\/feiertage-1-300x130.png 300w, https:\/\/support.multical.org\/wp-content\/uploads\/2022\/04\/feiertage-1-768x332.png 768w\" sizes=\"auto, (max-width: 846px) 100vw, 846px\" \/><\/a><\/figure>\n\n\n\n<h4 class=\"wp-block-heading\" id=\"Mitarbeiter\">Mitarbeiter<\/h4>\n\n\n\n<p>Wenn Sie einem Standort gleich das zust\u00e4ndige Personal zuordnen m\u00f6chten, k\u00f6nnen Sie im selben Fenster auch noch Mitarbeiter erfassen. Klicke Sie daf\u00fcr auf das Plus. Alle Optionen, die Sie beim Erfassen eines Mitarbeiters haben, werden Ihnen <mark style=\"background-color:rgba(0, 0, 0, 0)\" class=\"has-inline-color has-black-color\"><a href=\"#kapmitarbeiter\" data-type=\"internal\" data-id=\"#kapmitarbeiter\">hier<\/a><\/mark> genauer erkl\u00e4rt.<\/p>\n\n\n\n<figure class=\"wp-block-image size-full\"><a href=\"https:\/\/support.multical.org\/wp-content\/uploads\/2022\/04\/mitarbeiter.png\"><img loading=\"lazy\" decoding=\"async\" width=\"800\" height=\"635\" src=\"https:\/\/support.multical.org\/wp-content\/uploads\/2022\/04\/mitarbeiter.png\" alt=\"\" class=\"wp-image-330\" srcset=\"https:\/\/support.multical.org\/wp-content\/uploads\/2022\/04\/mitarbeiter.png 800w, https:\/\/support.multical.org\/wp-content\/uploads\/2022\/04\/mitarbeiter-300x238.png 300w, https:\/\/support.multical.org\/wp-content\/uploads\/2022\/04\/mitarbeiter-768x610.png 768w\" sizes=\"auto, (max-width: 800px) 100vw, 800px\" \/><\/a><\/figure>\n\n\n\n<div style=\"height:100px\" aria-hidden=\"true\" class=\"wp-block-spacer\"><\/div>\n\n\n\n<h2 class=\"wp-block-heading\" id=\"Abteilungen\">Abteilungen<\/h2>\n\n\n\n<p>Klicken Sie auf das Plus (rot), um eine neue Abteilung anzulegen. Alternativ k\u00f6nnen Sie Abteilungen auch aus einer CSV-Datei importieren (blau).<\/p>\n\n\n\n<figure class=\"wp-block-image size-full\"><a href=\"https:\/\/support.multical.org\/wp-content\/uploads\/2022\/04\/rotblau.png\"><img loading=\"lazy\" decoding=\"async\" width=\"930\" height=\"218\" src=\"https:\/\/support.multical.org\/wp-content\/uploads\/2022\/04\/rotblau.png\" alt=\"\" class=\"wp-image-331\" srcset=\"https:\/\/support.multical.org\/wp-content\/uploads\/2022\/04\/rotblau.png 930w, https:\/\/support.multical.org\/wp-content\/uploads\/2022\/04\/rotblau-300x70.png 300w, https:\/\/support.multical.org\/wp-content\/uploads\/2022\/04\/rotblau-768x180.png 768w\" sizes=\"auto, (max-width: 930px) 100vw, 930px\" \/><\/a><\/figure>\n\n\n\n<p>Wenn Sie eine Abteilung anklicken, finden Sie rechts daneben das Dialogfenster, wo Sie Folgendes bestimmen k\u00f6nnen:<\/p>\n\n\n\n<ul class=\"wp-block-list\">\n<li>Name der Abteilung<\/li>\n\n\n\n<li>H\u00f6chstens abwesend (Anzahl Mitarbeiter, die zur selben Zeit abwesend sein d\u00fcrfen)<\/li>\n\n\n\n<li>Mindestens anwesend (Anzahl Mitarbeiter, die mindestens anwesend sein m\u00fcssen)<\/li>\n<\/ul>\n\n\n\n<p>Sollte eine verantwortliche Person Anfragen erhalten, die die oben aufgef\u00fchrten Bedingungen nicht erf\u00fcllen, wird diese entsprechend gewarnt.<\/p>\n\n\n\n<ul class=\"wp-block-list\">\n<li>Art der Genehmigung (Entweder muss nur ein Verantwortlicher die Anfragen genehmigen oder wenn mehrere definiert sind alle)<\/li>\n\n\n\n<li>Mitarbeiter<\/li>\n\n\n\n<li>Verantwortliche (M\u00fcssen die Anfragen der Mitarbeiter bearbeiten)<\/li>\n\n\n\n<li>Beobachter (Definieren Sie hier Personal, das nicht in dieser Abteilung ist, den Absenzenkalender dieser Abteilung aber dennoch sehen soll)<\/li>\n\n\n\n<li>L\u00f6schen (Klicken Sie den Button \u00abL\u00f6schen\u00bb, um die Abteilung zu l\u00f6schen.<\/li>\n<\/ul>\n\n\n\n<div style=\"height:100px\" aria-hidden=\"true\" class=\"wp-block-spacer\"><\/div>\n\n\n\n<h2 class=\"wp-block-heading\" id=\"Voreinstellungen\">Voreinstellungen Mitarbeiter<\/h2>\n\n\n\n<p>Hier legen Sie die Voreinstellungen fest, die beim Erfassungsfenster der Mitarbeitenden erscheinen.<\/p>\n\n\n\n<h4 class=\"wp-block-heading\" id=\"Sprache\">Sprache<\/h4>\n\n\n\n<p>Dies bestimmt die Benutzersprache des Mitarbeiters. Es besteht nur ein kleiner Unterschied zwischen Deutsch (CH) und Deutsch (DE), so z.B. wird bei der CH-Sprache das Wort \u00abFerien\u00bb und bei der DE-Sprache \u00abUrlaub\u00bb benutzt.<\/p>\n\n\n\n<h4 class=\"wp-block-heading\" id=\"Arbeitsstunden\">Arbeitsstunden pro Woche<\/h4>\n\n\n\n<p>Legt die Standard-Arbeitsdauer f\u00fcr das Personal f\u00fcr eine regul\u00e4re Arbeitswoche bei 100% fest.<\/p>\n\n\n\n<h4 class=\"wp-block-heading\" id=\"100%\">Urlaubstage bei 100%<\/h4>\n\n\n\n<p>Legt den Urlaubsanspruch f\u00fcr ein Kalenderjahr bei einem regul\u00e4ren 100%-Pensum fest.<\/p>\n\n\n\n<h4 class=\"wp-block-heading\" id=\"darfangekegt\">\u00dcberstunden d\u00fcrfen angefragt werden<\/h4>\n\n\n\n<p>Erlauben Sie, dass \u00dcberstunden angefragt werden k\u00f6nnen. Wenn dies deaktiviert ist, erscheint die Option \u00ab\u00dcberstunden\u00bb bei den Anfragen der Mitarbeitenden gar nicht.<\/p>\n\n\n\n<h4 class=\"wp-block-heading\" id=\"\u00fcberziehen\">Das \u00dcberstundenkonto darf \u00fcberzogen werden<\/h4>\n\n\n\n<p>Bestimmen Sie, ob ein negativer Wert bei \u00dcberstunden erlaubt sein soll. Dies macht dann Sinn, wenn Sie die \u00dcberstunden aus der Zeiterfassung ermitteln oder diese manuell \u00fcber \u00ab\u00dcberstunden anpassen\u00bb subtrahieren.<\/p>\n\n\n\n<h4 class=\"wp-block-heading\" id=\"nichtanzeigen\">\u00dcberstunden von Kollegen nicht anzeigen<\/h4>\n\n\n\n<p>Ist diese Option aktiviert, kann Ihr Personal keine \u00dcberstunden-Eintr\u00e4ge der selben und von anderen Abteilungen einsehen. Dies ist auch dann der Fall, wenn Sie die Mitarbeiter als Beobachter definieren. Einzig Verantwortliche und Administratoren k\u00f6nnen die \u00dcberstunden einsehen.<\/p>\n\n\n\n<h4 class=\"wp-block-heading\" id=\"arbeitszeiten100\">Arbeitszeiten<\/h4>\n\n\n\n<p>Hier legen Sie fest, wie der regul\u00e4re Arbeitstag bei einem 100%-Pensum zeitlich aussieht. Diese Zeiten haben keinen Einfluss auf den Urlaubsanspruch der Mitarbeitenden. Sie dienen vorwiegend dazu, dass die Software erkennt, wann jemand am arbeiten ist. Geben Sie f\u00fcr freie Tage (z.B. Samstag und Sonntag) in die 4 Felder jeweils eine 0 ein.<\/p>\n\n\n\n<figure class=\"wp-block-image size-full\"><a href=\"https:\/\/support.multical.org\/wp-content\/uploads\/2022\/04\/arbeitszeiten-1.png\"><img loading=\"lazy\" decoding=\"async\" width=\"387\" height=\"331\" src=\"https:\/\/support.multical.org\/wp-content\/uploads\/2022\/04\/arbeitszeiten-1.png\" alt=\"\" class=\"wp-image-334\" srcset=\"https:\/\/support.multical.org\/wp-content\/uploads\/2022\/04\/arbeitszeiten-1.png 387w, https:\/\/support.multical.org\/wp-content\/uploads\/2022\/04\/arbeitszeiten-1-300x257.png 300w\" sizes=\"auto, (max-width: 387px) 100vw, 387px\" \/><\/a><\/figure>\n\n\n\n<div style=\"height:100px\" aria-hidden=\"true\" class=\"wp-block-spacer\"><\/div>\n\n\n\n<h2 class=\"wp-block-heading\" id=\"kapmitarbeiter\">Mitarbeiter<\/h2>\n\n\n\n<p>Klicken Sie im Administrations-Men\u00fc in der linken Seitennavigation auf \u00abMitarbeiter\u00bb.<\/p>\n\n\n\n<p>Um einen neuen Mitarbeiter hinzuzuf\u00fcgen, klicken Sie auf das Plus-Icon rechts oben. <\/p>\n\n\n\n<p>Direkt unter dem Platzhalter f\u00fcr das Profilbild, das Sie oder der Mitarbeiter einfach in den markierten Bereich ziehen k\u00f6nnen, l\u00e4sst sich neben dem Geburtstag auch der Standort zuweisen, falls Sie mehrere Standorte erfasst haben. Zudem k\u00f6nnen Sie die Sprache noch ausw\u00e4hlen.<\/p>\n\n\n\n<p>Nach Eingabe der Personalien m\u00fcssen Sie die Rollen des Mitarbeiters bestimmen. Im Dropdown-Men\u00fc beim Punkt \u00abArbeit\u00bb k\u00f6nnen Sie ausw\u00e4hlen zwischen Mitarbeiter, Freier Mitarbeiter und Administrator:<\/p>\n\n\n\n<ul class=\"wp-block-list\">\n<li>Mitarbeiter: Vollzeit- oder Teilzeit-Pensum<\/li>\n\n\n\n<li>Freier Mitarbeiter: Irregul\u00e4res Pensum, keine Soll-Arbeitszeit<\/li>\n\n\n\n<li>Administrator: Mitarbeiter mit Administratoren-Rechte<\/li>\n<\/ul>\n\n\n\n<p>W\u00e4hlen Sie danach die Module aus, die Sie dem Mitarbeiter freigeben m\u00f6chten (abh\u00e4ngig davon, welche Sie bestellt haben). Geben Sie zwingend einen Arbeitsbeginn ein. Es lohnt sich, das Eintrittsdatum des Mitarbeiters einzugeben, da somit die Jubil\u00e4en korrekt im Kalender abgebildet werden k\u00f6nnen. Sofern es sich um ein befristetes Arbeitsverh\u00e4ltnis handelt, k\u00f6nnen Sie auch ein Enddatum eingeben.<\/p>\n\n\n\n<p>Bestimmen Sie nun, in welcher Abteilung der Mitarbeiter arbeitet (auch mehrere m\u00f6glich) und ob der Mitarbeiter Beobachter oder Verantwortlicher einer Abteilung ist. Wenn letzteres der Fall ist, kann noch seine Vertretung festgelegt werden. Die Vertretung kann dann bei Abwesenheit des Teamleiters die Anfragen der Abteilung stellvertretend beantworten. Der Beobachter hat den Vorteil, dass der Mitarbeiter nicht Teil der Abteilung sein muss, um die Absenzen der Abteilung im Kalender einsehen zu k\u00f6nnen.<\/p>\n\n\n\n<p>Nun k\u00f6nnen Sie auch hier nochmals f\u00fcr den Mitarbeiter bestimmen, ob \u00dcberstunden-Anfragen erlaubt sind, indem Sie beim entsprechenden Feld ein H\u00e4kchen setzen. Auch die weiteren \u00dcberstunden-Optionen k\u00f6nnen Sie hier nochmals individuell festlegen:<\/p>\n\n\n\n<ul class=\"wp-block-list\">\n<li>Das \u00dcberstundenkonto darf \u00fcberzogen werden: Erlaubt es dem Mitarbeiter, ein negatives \u00dcberstundenkonto aufzuweisen.<\/li>\n\n\n\n<li>\u00dcberstunden von Kollegen anzeigen: Nur relevant, wenn die \u00dcberstunden \u00fcber die Ferienverwaltung angefragt werden. Verhindert, dass die Mitarbeiter gegenseitig ihre \u00dcberstundenanfragen im Kalender sehen k\u00f6nnen.<\/li>\n<\/ul>\n\n\n\n<p>Sobald Sie auf \u00abSpeichern\u00bb klicken, k\u00f6nnen Sie in die weiteren Tabs wechseln.<\/p>\n\n\n\n<h4 class=\"wp-block-heading\" id=\"zeitarbeiter\">Arbeitszeiten<\/h4>\n\n\n\n<p>Die Arbeitszeiten werden gleich vom Firmenstandard \u00fcbernommen. M\u00f6chten Sie diese bearbeiten, klicken Sie in den Tab \u00abArbeitszeiten\u00bb und dann auf die bestehende Zeile. Nun \u00f6ffnet sich folgendes Fenster:<\/p>\n\n\n\n<figure class=\"wp-block-image size-full\"><a href=\"https:\/\/support.multical.org\/wp-content\/uploads\/2022\/04\/freetodecide.png\"><img loading=\"lazy\" decoding=\"async\" width=\"851\" height=\"428\" src=\"https:\/\/support.multical.org\/wp-content\/uploads\/2022\/04\/freetodecide.png\" alt=\"\" class=\"wp-image-339\" srcset=\"https:\/\/support.multical.org\/wp-content\/uploads\/2022\/04\/freetodecide.png 851w, https:\/\/support.multical.org\/wp-content\/uploads\/2022\/04\/freetodecide-300x151.png 300w, https:\/\/support.multical.org\/wp-content\/uploads\/2022\/04\/freetodecide-768x386.png 768w\" sizes=\"auto, (max-width: 851px) 100vw, 851px\" \/><\/a><\/figure>\n\n\n\n<p>Wenn Sie die Arbeitszeiten ver\u00e4ndern, passt sich der Urlaubsanspruch automatisch an. In diesem Fall wurden alle Zahlen beim Freitag auf 0 gesetzt und somit der Urlaubsanspruch von 100% auf 80% reduziert, was mit dem Wochenpensum des Mitarbeiters korreliert. Spielt es keine Rolle, an welchen Tagen der Mitarbeiter auf sein individuelles Pensum kommen soll, k\u00f6nnen Sie auch manuell den Prozentsatz im Feld \u00abUrlaubsanspruch %*\u00bb eingeben. Sie k\u00f6nnen die Arbeitszeiten auch befristen und mehrere davon anlegen. Sobald Sie ein Pensum anpassen, werden Sie gefragt, ob der aktuelle Jahresurlaub gleich angepasst werden soll.<\/p>\n\n\n\n<h4 class=\"wp-block-heading\" id=\"ahresurlaub\">Jahresurlaub<\/h4>\n\n\n\n<p>MULTICAL erstellt den Jahresurlaub auf Basis des Wochenpensums und Urlaubsanspruches des Personals jeweils automatisch. Sie m\u00fcssen also eigentlich nichts selbst tun.<\/p>\n\n\n\n<p>M\u00f6chten Sie dennoch \u00c4nderungen vornehmen, wechseln Sie in den Tab \u00abJahresurlaub\u00bb. Um diesen zu bearbeiten, klicken Sie die gew\u00fcnschte Zeile an.<\/p>\n\n\n\n<figure class=\"wp-block-image size-full\"><a href=\"https:\/\/support.multical.org\/wp-content\/uploads\/2022\/04\/Jahresurlaub.png\"><img loading=\"lazy\" decoding=\"async\" width=\"596\" height=\"386\" src=\"https:\/\/support.multical.org\/wp-content\/uploads\/2022\/04\/Jahresurlaub.png\" alt=\"\" class=\"wp-image-340\" srcset=\"https:\/\/support.multical.org\/wp-content\/uploads\/2022\/04\/Jahresurlaub.png 596w, https:\/\/support.multical.org\/wp-content\/uploads\/2022\/04\/Jahresurlaub-300x194.png 300w\" sizes=\"auto, (max-width: 596px) 100vw, 596px\" \/><\/a><\/figure>\n\n\n\n<p>Nun haben Sie die M\u00f6glichkeit, alle Daten zu bearbeiten. Ein Klick auf ein Zahnradsymbol bedeutet immer, dass alles neu auf Basis der eingegebenen Daten berechnet wird. Zudem k\u00f6nnen Sie hier auch noch manuell \u00dcbertr\u00e4ge von Urlaubstagen und \u00dcberstunden vornehmen:<\/p>\n\n\n\n<ul class=\"wp-block-list\">\n<li>\u00dcbertrag 2021: Geben Sie ein, wie viele Urlaubstage vom alten Kalenderjahr (in diesem Fall 2021) \u00fcbernommen werden sollen<\/li>\n\n\n\n<li>\u00dcbertrag \u00dcberstunden 2021: Geben Sie ein, wie viele \u00dcberstunden vom alten Kalenderjahr (in diesem Fall 2021) \u00fcbernommen werden sollen<\/li>\n<\/ul>\n\n\n\n<p>Klicken Sie auf \u00abSpeichern\u00bb, um den Jahresurlaub zu sichern. <\/p>\n\n\n\n<h4 class=\"wp-block-heading\" id=\"Verlaufw\">Verlauf<\/h4>\n\n\n\n<p>Im Tab \u00abVerlauf\u00bb finden Sie eine chronologische Auflistung aller get\u00e4tigten Anfragen des Mitarbeiters im ausgew\u00e4hlten Jahr. Dies hilft Ihnen dabei, alle Anfragen nachzuvollziehen. Rechts oben k\u00f6nnen Sie zudem das Jahr sowie auch den Abwesenheitstyp wechseln.<\/p>\n\n\n\n<p>Klicken Sie zudem auf das Zahnrad-Icon rechts oben, um den Jahresurlaub f\u00fcr diesen Mitarbeiter oder die ganze Firma neu zu erstellen oder um sich ganz einfach in den Account dieses Mitarbeiters einzuloggen.<\/p>\n\n\n\n<figure class=\"wp-block-image size-large\"><a href=\"https:\/\/support.multical.org\/wp-content\/uploads\/2022\/04\/schoggi.png\"><img loading=\"lazy\" decoding=\"async\" width=\"1024\" height=\"462\" src=\"https:\/\/support.multical.org\/wp-content\/uploads\/2022\/04\/schoggi-1024x462.png\" alt=\"\" class=\"wp-image-342\" srcset=\"https:\/\/support.multical.org\/wp-content\/uploads\/2022\/04\/schoggi-1024x462.png 1024w, https:\/\/support.multical.org\/wp-content\/uploads\/2022\/04\/schoggi-300x135.png 300w, https:\/\/support.multical.org\/wp-content\/uploads\/2022\/04\/schoggi-768x346.png 768w, https:\/\/support.multical.org\/wp-content\/uploads\/2022\/04\/schoggi.png 1027w\" sizes=\"auto, (max-width: 1024px) 100vw, 1024px\" \/><\/a><\/figure>\n\n\n\n<p>Um einen bestehenden Mitarbeiter zu bearbeiten, klicken Sie diesen einfach an.<\/p>\n\n\n\n<p>In der Mitarbeiterliste haben Sie neben der Suchfunktion auch noch folgende Optionen:<\/p>\n\n\n\n<p><\/p>\n\n\n\n<ul class=\"wp-block-list\">\n<li>Mitarbeiter hinzuf\u00fcgen (rot)<\/li>\n\n\n\n<li>Liste umschalten (blau): Erstellt Ihnen eine Liste mit allen genehmigten Anfragen pro Mitarbeiter kumuliert<\/li>\n\n\n\n<li>Export nach Excel (gr\u00fcn): Exportieren Sie die aufgerufenen Daten als XLS-Datei.<\/li>\n\n\n\n<li>Mitarbeiter importieren (gelb): Importieren Sie die Mitarbeiter von einer CSV-Datei<\/li>\n\n\n\n<li>Filter (orange): Bestimmen Sie, ob Ihnen nur die aktiven, die inaktiven oder alle Mitarbeiter angezeigt werden sollen.<\/li>\n<\/ul>\n\n\n\n<figure class=\"wp-block-image size-full is-resized\"><a href=\"https:\/\/support.multical.org\/wp-content\/uploads\/2022\/04\/Bildschirmfoto-2022-04-06-um-16.59.03.png\"><img loading=\"lazy\" decoding=\"async\" src=\"https:\/\/support.multical.org\/wp-content\/uploads\/2022\/04\/Bildschirmfoto-2022-04-06-um-16.59.03.png\" alt=\"\" class=\"wp-image-343\" width=\"443\" height=\"77\" srcset=\"https:\/\/support.multical.org\/wp-content\/uploads\/2022\/04\/Bildschirmfoto-2022-04-06-um-16.59.03.png 371w, https:\/\/support.multical.org\/wp-content\/uploads\/2022\/04\/Bildschirmfoto-2022-04-06-um-16.59.03-300x53.png 300w\" sizes=\"auto, (max-width: 443px) 100vw, 443px\" \/><\/a><\/figure>\n\n\n\n<div style=\"height:100px\" aria-hidden=\"true\" class=\"wp-block-spacer\"><\/div>\n\n\n\n<h2 class=\"wp-block-heading\" id=\"Aktuell\">Aktuell<\/h2>\n\n\n\n<p>Links in der Seitennavigation finden Sie das Men\u00fc \u00abAktuell\u00bb. Dieses besteht aus folgenden Optionen:<\/p>\n\n\n\n<h3 class=\"wp-block-heading\">Mitarbeiter und Ressourcen<\/h3>\n\n\n\n<p>\u00dcbersicht in welcher alle Personen und Ressourcen Ihrer Firma und deren Live-Verf\u00fcgbarkeit aufgelistet sind. Diese wird in Form eines farbigen Balkens neben dem Profilbild (oder den Initialen der Person) angezeigt. Die Farben teilen sich folgendermassen auf:<\/p>\n\n\n\n<ul class=\"wp-block-list\">\n<li>Gr\u00fcn: Verf\u00fcgbar<\/li>\n\n\n\n<li>Gelb: Arbeitet, hat aber derzeit einen Termin (Nur mit Teamkalender ersichtlich)<\/li>\n\n\n\n<li>Rot: Kein Arbeitstag \/ Urlaub \/ krank<\/li>\n<\/ul>\n\n\n\n<figure class=\"wp-block-image size-large is-resized\"><a href=\"https:\/\/support.multical.org\/wp-content\/uploads\/2022\/04\/Aktuell.png\"><img loading=\"lazy\" decoding=\"async\" src=\"https:\/\/support.multical.org\/wp-content\/uploads\/2022\/04\/Aktuell-1024x552.png\" alt=\"\" class=\"wp-image-437\" width=\"1117\" height=\"601\" srcset=\"https:\/\/support.multical.org\/wp-content\/uploads\/2022\/04\/Aktuell-1024x552.png 1024w, https:\/\/support.multical.org\/wp-content\/uploads\/2022\/04\/Aktuell-300x162.png 300w, https:\/\/support.multical.org\/wp-content\/uploads\/2022\/04\/Aktuell-768x414.png 768w\" sizes=\"auto, (max-width: 1117px) 100vw, 1117px\" \/><\/a><\/figure>\n\n\n\n<p>Falls Sie das Modul \u00abTeamkalender\u00bb verwenden, werden Ihnen hier auch die Termine und Homeoffice angezeigt.<\/p>\n\n\n\n<p>Falls Sie auch die Zeiterfassung verwenden, werden Ihnen aktuell laufende Zeitbuchungen der Mitarbeiter in Form eines sich bewegenden Kreises neben dem Namen angezeigt. Fahren Sie mit der Maus \u00fcber diesen Kreis, um herauszufinden, wann diese Zeitbuchung gestartet wurde:<\/p>\n\n\n\n<figure class=\"wp-block-image size-large\"><img loading=\"lazy\" decoding=\"async\" width=\"1024\" height=\"108\" src=\"https:\/\/support.multical.org\/wp-content\/uploads\/2023\/05\/Bildschirmfoto-2023-05-08-um-10.09.17-1024x108.png\" alt=\"\" class=\"wp-image-3010\" srcset=\"https:\/\/support.multical.org\/wp-content\/uploads\/2023\/05\/Bildschirmfoto-2023-05-08-um-10.09.17-1024x108.png 1024w, https:\/\/support.multical.org\/wp-content\/uploads\/2023\/05\/Bildschirmfoto-2023-05-08-um-10.09.17-300x32.png 300w, https:\/\/support.multical.org\/wp-content\/uploads\/2023\/05\/Bildschirmfoto-2023-05-08-um-10.09.17-768x81.png 768w, https:\/\/support.multical.org\/wp-content\/uploads\/2023\/05\/Bildschirmfoto-2023-05-08-um-10.09.17-1536x162.png 1536w, https:\/\/support.multical.org\/wp-content\/uploads\/2023\/05\/Bildschirmfoto-2023-05-08-um-10.09.17.png 1722w\" sizes=\"auto, (max-width: 1024px) 100vw, 1024px\" \/><\/figure>\n\n\n\n<div style=\"height:100px\" aria-hidden=\"true\" class=\"wp-block-spacer\"><\/div>\n\n\n\n<h3 class=\"wp-block-heading\">Geburtstage und Jubil\u00e4en<\/h3>\n\n\n\n<p><em>Hinweis: Diese \u00dcbersicht wird Ihnen nur angezeigt, wenn Sie Administratorenrechte haben oder Verantwortliche(r) eines Teams sind. Als Teamleiter\/in werden Ihnen nur die Mitarbeiter angezeigt, die in Ihrem Team sind.<\/em><\/p>\n\n\n\n<p>Diese \u00dcbersicht hilft Ihnen, die Geburtstage und Arbeitsjubil\u00e4en Ihres Personals jederzeit einzusehen. Dabei werden runde Geburtstage (alle 10 Jahre) und runde Jubil\u00e4en (alle 5 Jahre) besonders hervorgehoben. Falls Ihnen hier nichts angezeigt wird oder die Daten nicht stimmen, \u00fcberpr\u00fcfen Sie im Admin-Men\u00fc unter &#8220;Mitarbeiter&#8221; das Eintritts- sowie das Geburtsdatum. <\/p>\n\n\n\n<p>Sie k\u00f6nnen sich die \u00dcbersicht mittels der obigen Dropdown-Men\u00fcs auch auf gewisse Abteilungen einschr\u00e4nken (rot), als Excel-Datei exportieren (blau) oder auch nur die runden Geburtstage\/Jubil\u00e4en anzeigen lassen (gr\u00fcn).<\/p>\n\n\n\n<figure class=\"wp-block-image size-large is-resized\"><img loading=\"lazy\" decoding=\"async\" src=\"https:\/\/support.multical.org\/wp-content\/uploads\/2022\/07\/Bildschirmfoto-2022-07-21-um-11.55.54-1024x561.png\" alt=\"\" class=\"wp-image-2859\" width=\"1100\" height=\"602\" srcset=\"https:\/\/support.multical.org\/wp-content\/uploads\/2022\/07\/Bildschirmfoto-2022-07-21-um-11.55.54-1024x561.png 1024w, https:\/\/support.multical.org\/wp-content\/uploads\/2022\/07\/Bildschirmfoto-2022-07-21-um-11.55.54-300x164.png 300w, https:\/\/support.multical.org\/wp-content\/uploads\/2022\/07\/Bildschirmfoto-2022-07-21-um-11.55.54-768x421.png 768w, https:\/\/support.multical.org\/wp-content\/uploads\/2022\/07\/Bildschirmfoto-2022-07-21-um-11.55.54-1536x841.png 1536w, https:\/\/support.multical.org\/wp-content\/uploads\/2022\/07\/Bildschirmfoto-2022-07-21-um-11.55.54-2048x1122.png 2048w\" sizes=\"auto, (max-width: 1100px) 100vw, 1100px\" \/><\/figure>\n\n\n\n<h3 class=\"wp-block-heading\">Personalbesetzung<\/h3>\n\n\n\n<p>Die Personalbesetzung dient Ihnen als \u00dcbersicht, die Sie vor anstehenden personellen Engp\u00e4ssen aufgrund von Ferien und Absenzen warnen soll. Diese Ansicht funktioniert auf Basis der Abteilungen, die Sie links w\u00e4hlen k\u00f6nnen (rot). Zudem k\u00f6nnen Sie die Mindestanzahl an anwesendem Personal festlegen (blau) und nochmals genauer w\u00e4hlen, welche Mitarbeiter Sie einbeziehen m\u00f6chten (gr\u00fcn). Auch das Kalenderjahr k\u00f6nnen Sie einstellen (orange). <\/p>\n\n\n\n<figure class=\"wp-block-image size-large is-resized\"><a href=\"https:\/\/support.multical.org\/wp-content\/uploads\/2022\/04\/persobesetzung.png\"><img loading=\"lazy\" decoding=\"async\" src=\"https:\/\/support.multical.org\/wp-content\/uploads\/2022\/04\/persobesetzung-1024x569.png\" alt=\"\" class=\"wp-image-344\" width=\"1170\" height=\"649\" srcset=\"https:\/\/support.multical.org\/wp-content\/uploads\/2022\/04\/persobesetzung-1024x569.png 1024w, https:\/\/support.multical.org\/wp-content\/uploads\/2022\/04\/persobesetzung-300x167.png 300w, https:\/\/support.multical.org\/wp-content\/uploads\/2022\/04\/persobesetzung-768x427.png 768w, https:\/\/support.multical.org\/wp-content\/uploads\/2022\/04\/persobesetzung-1536x853.png 1536w, https:\/\/support.multical.org\/wp-content\/uploads\/2022\/04\/persobesetzung.png 1705w\" sizes=\"auto, (max-width: 1170px) 100vw, 1170px\" \/><\/a><\/figure>\n\n\n\n<p>Alle Tage, die einen personellen Engpass bedeuten k\u00f6nnten, sind entsprechend mit einem Farbpunkt markiert. Ganz unten (rot eingerahmt) sehen Sie die Legende dazu.<\/p>\n\n\n\n<p><\/p>\n\n\n\n<h4 class=\"wp-block-heading\" id=\"Statistik\">Statistik<\/h4>\n\n\n\n<p>Unter \u00abStatistik\u00bb finden Sie nun eine Ansicht vor, die Ihnen f\u00fcr jeden Wochentag pro Mitarbeiter die Anzahl Krankentage, Abwesenheiten und \u00dcberstunden angibt. Falls Sie das Modul \u00abTeamkalender\u00bb verwenden, k\u00f6nnen Sie auch noch Ihre Homeoffice-Tage auswerten Mit Klick auf die entsprechende Anfrage kann auch hier gefiltert werden (rot, blau, braun, gr\u00fcn). Wenn Sie auf \u00abFirma\u00bb klicken, sehen Sie die entsprechenden Statistiken von allen Mitarbeitern zusammengerechnet. Diese Punkte lassen sich auch in % anzeigen, wenn Sie daf\u00fcr auf das entsprechende Symbol klicken.<\/p>\n\n\n\n<figure class=\"wp-block-image size-large is-style-default\"><img loading=\"lazy\" decoding=\"async\" width=\"1024\" height=\"218\" src=\"https:\/\/support.multical.org\/wp-content\/uploads\/2023\/07\/Bildschirmfoto-2023-07-04-um-13.33.49-1024x218.png\" alt=\"\" class=\"wp-image-3079\" srcset=\"https:\/\/support.multical.org\/wp-content\/uploads\/2023\/07\/Bildschirmfoto-2023-07-04-um-13.33.49-1024x218.png 1024w, https:\/\/support.multical.org\/wp-content\/uploads\/2023\/07\/Bildschirmfoto-2023-07-04-um-13.33.49-300x64.png 300w, https:\/\/support.multical.org\/wp-content\/uploads\/2023\/07\/Bildschirmfoto-2023-07-04-um-13.33.49-768x163.png 768w, https:\/\/support.multical.org\/wp-content\/uploads\/2023\/07\/Bildschirmfoto-2023-07-04-um-13.33.49-1536x326.png 1536w, https:\/\/support.multical.org\/wp-content\/uploads\/2023\/07\/Bildschirmfoto-2023-07-04-um-13.33.49-2048x435.png 2048w\" sizes=\"auto, (max-width: 1024px) 100vw, 1024px\" \/><\/figure>\n\n\n\n<h4 class=\"wp-block-heading\" id=\"Verl\u00e4ufe\">Verl\u00e4ufe<\/h4>\n\n\n\n<p>\u00abVerl\u00e4ufe\u00bb ist eine tabellarische \u00dcbersicht aller Mitarbeitenden, die Sie erfasst haben. Hier sehen Sie im direkten Vergleich, die Abwesenheiten, Krankheitstage, wer noch wie viele Ferientage auf seinem Konto hat und vieles mehr. Was genau Sie abbilden m\u00f6chten, k\u00f6nnen Sie selbst bestimmen (rot). Neben dem Kalenderjahr (blau), k\u00f6nnen Sie die Tabelle auch per Ende eines Monats oder bis zum heutigen Tag anzeigen (gr\u00fcn). Exportieren Sie die abgebildete Tabelle gleich in ein XLS-File (gelb). Das Zahnrad-Icon (orange) bietet Ihnen hier nochmals die M\u00f6glichkeit, den Jahresurlaub f\u00fcr einen oder mehrere Mitarbeitende zu erstellen.<\/p>\n\n\n\n<figure class=\"wp-block-image size-large is-resized\"><a href=\"https:\/\/support.multical.org\/wp-content\/uploads\/2022\/04\/verl\u00e4ufe.png\"><img loading=\"lazy\" decoding=\"async\" src=\"https:\/\/support.multical.org\/wp-content\/uploads\/2022\/04\/verl\u00e4ufe-1024x473.png\" alt=\"\" class=\"wp-image-349\" width=\"1180\" height=\"545\"\/><\/a><\/figure>\n\n\n\n<h3 class=\"wp-block-heading\">Zeitanalyse<\/h3>\n\n\n\n<p><em>Hinweis: Diese \u00dcbersicht wird Ihnen nur angezeigt, wenn Sie Administratorenrechte haben oder Verantwortliche(r) eines Teams sind. Als Teamleiter\/in werden Ihnen nur die Mitarbeiter angezeigt, die in Ihrem Team sind.<\/em><\/p>\n\n\n\n<p>Mithilfe der Zeitanalyse k\u00f6nnen Sie herausfinden, welche Mitarbeiter wie viel Zeit im Urlaub, krankheitsbedingt, abwesend oder bei der Arbeit wegen \u00dcberstunden verbracht haben (rot). Falls Sie auch das Modul &#8220;Teamkalender&#8221; aktiviert haben, haben Sie noch viel mehr M\u00f6glichkeiten und k\u00f6nnen die Ansicht mit Terminen und deren Typen (blau), Homeoffice oder Info-Terminen erweitern und zudem auch noch die Ressourcen, wie z.B. das Sitzungszimmer oder ein Messger\u00e4t ausw\u00e4hlen.<\/p>\n\n\n\n<p>Schr\u00e4nken Sie die Ansicht nochmals ein indem Sie das Kalenderjahr, den Monat oder die Kalenderwoche w\u00e4hlen (alle gr\u00fcn) oder w\u00e4hlen Sie nur bestimmte Mitarbeiter, Abteilungen oder Ressourcen aus (alle gelb). Auch diese Ansicht k\u00f6nnen Sie als Excel-Datei exportieren (orange) oder noch weiter filtern (lila).<\/p>\n\n\n\n<figure class=\"wp-block-image size-large is-resized\"><img loading=\"lazy\" decoding=\"async\" src=\"https:\/\/support.multical.org\/wp-content\/uploads\/2022\/07\/Bildschirmfoto-2022-07-21-um-13.59.17-1024x290.png\" alt=\"\" class=\"wp-image-2890\" width=\"1121\" height=\"317\" srcset=\"https:\/\/support.multical.org\/wp-content\/uploads\/2022\/07\/Bildschirmfoto-2022-07-21-um-13.59.17-1024x290.png 1024w, https:\/\/support.multical.org\/wp-content\/uploads\/2022\/07\/Bildschirmfoto-2022-07-21-um-13.59.17-300x85.png 300w, https:\/\/support.multical.org\/wp-content\/uploads\/2022\/07\/Bildschirmfoto-2022-07-21-um-13.59.17-768x218.png 768w, https:\/\/support.multical.org\/wp-content\/uploads\/2022\/07\/Bildschirmfoto-2022-07-21-um-13.59.17-1536x435.png 1536w, https:\/\/support.multical.org\/wp-content\/uploads\/2022\/07\/Bildschirmfoto-2022-07-21-um-13.59.17-2048x580.png 2048w\" sizes=\"auto, (max-width: 1121px) 100vw, 1121px\" \/><\/figure>\n\n\n\n<div style=\"height:100px\" aria-hidden=\"true\" class=\"wp-block-spacer\"><\/div>\n\n\n\n<h2 class=\"wp-block-heading\">Anfragearten<\/h2>\n\n\n\n<p>Hier k\u00f6nnen Sie Ihre Krankmeldungen und Abwesesenheitstypen genauer definieren. Bei den Krankheiten lassen sich beispielsweise Typen wie &#8220;Unfall&#8221; oder &#8220;Betriebsunfall&#8221; anlegen. Definieren Sie Abwesenheitstypen wie z.B. Arztbesuch, Elternurlaub oder Umzugstage. Wenn Sie einen Typen erfassen, k\u00f6nnen Sie sogleich auch die \u00dcbersetzungen in die anderen Sprachen eingeben (rot). Zudem k\u00f6nnen Sie f\u00fcr jeden Typen eine Farbe festlegen (blau), die dann im Kalender als solche sichtbar wird.<\/p>\n\n\n\n<figure class=\"wp-block-image size-full\"><img loading=\"lazy\" decoding=\"async\" width=\"800\" height=\"668\" src=\"https:\/\/support.multical.org\/wp-content\/uploads\/2023\/03\/Bildschirmfoto-2023-03-21-um-11.43.20.png\" alt=\"\" class=\"wp-image-2985\" srcset=\"https:\/\/support.multical.org\/wp-content\/uploads\/2023\/03\/Bildschirmfoto-2023-03-21-um-11.43.20.png 800w, https:\/\/support.multical.org\/wp-content\/uploads\/2023\/03\/Bildschirmfoto-2023-03-21-um-11.43.20-300x251.png 300w, https:\/\/support.multical.org\/wp-content\/uploads\/2023\/03\/Bildschirmfoto-2023-03-21-um-11.43.20-768x641.png 768w\" sizes=\"auto, (max-width: 800px) 100vw, 800px\" \/><\/figure>\n\n\n\n<div style=\"height:100px\" aria-hidden=\"true\" class=\"wp-block-spacer\"><\/div>\n\n\n\n<h2 class=\"wp-block-heading\">Lizenzverwaltung<\/h2>\n\n\n\n<p>Unter \u00abLizenzverwaltung\u00bb haben Sie die M\u00f6glichkeit, Ihr Abo einzusehen und anzupassen. Dies funktioniert genauso wie bei der erstmaligen Registrierung.<\/p>\n\n\n\n<p>Vorerst sehen Sie im Detail, welche Module und wie viele Mitarbeiter Sie in Ihrem Abo festgelegt haben (Aktuelle Lizenz). Mit einem Klick auf \u00abRechnung anzeigen\u00bb sehen Sie genau, aus welchen Betr\u00e4gen sich Ihre Rechnung zusammensetzt, sofern Sie schon bestellt haben. Wenn Sie bestellen m\u00f6chten, klicken Sie einfach auf den Button \u00abBestellen\u00bb.<\/p>\n\n\n\n<p>Wenn Sie Ihre Lizenz bearbeiten m\u00f6chten, klicken Sie auf den Button \u00abAbo Anpassen\u00bb.<\/p>\n\n\n\n<p>Nun gibt es zwei M\u00f6glichkeiten:<\/p>\n\n\n\n<p>1. Sie m\u00f6chten Ihre Lizenz aufstocken, d.h. mehr Mitarbeiter und\/oder Module hinzuf\u00fcgen. Diese \u00c4nderung wird <strong>sofort <\/strong>vorgenommen und Ihr Abopreis f\u00fcr die restliche Laufzeit angepasst.<\/p>\n\n\n\n<p>2. Sie m\u00f6chten Ihre Lizenz verkleinern, d.h. weniger Mitarbeiter und\/oder Module hinzuf\u00fcgen. Diese \u00c4nderung wird <strong>erst nach Ablauf der Laufzeit<\/strong> angepasst. Das bedeutet, Sie verl\u00e4ngern Ihr Abo nach der aktuellen Laufzeit um ein weiteres Jahr mit den vorgenommenen \u00c4nderungen.<\/p>\n\n\n\n<p><\/p>\n\n\n\n<p>Wenn Ihnen MULTICAL gef\u00e4llt und Sie es gerne an eine Partnerfirma oder an Bekannte weitergeben m\u00f6chten, k\u00f6nnen sowohl Sie als auch Ihr Partner davon profitieren. Im gelb markierten Kasten finden Sie Ihren Referenzcode (hier: MC-fritz-muster-ag). Erhalten wir eine kaufpflichtige Bestellung, die mit diesem Referenzcode versehen wurde, erh\u00e4lt Ihr Partner gleich 10% Rabatt auf die erste Jahresrechnung, Sie selbst erhalten ebenfalls 10% auf die Rechnung im darauffolgenden Jahr.<\/p>\n\n\n\n<p><\/p>\n\n\n\n<p>Im orange markierten Kasten sehen Sie, welche Partner Ihren Referenzcode schon erhalten haben. \u00dcber den Button &#8220;Meinen Code senden&#8221; k\u00f6nnen Sie Ihren Referenzcode gleich nochmals an andere Bekannte verschicken. <\/p>\n\n\n\n<div style=\"height:100px\" aria-hidden=\"true\" class=\"wp-block-spacer\"><\/div>\n\n\n\n<h2 class=\"wp-block-heading\">Links zu AGB, Datenschutz, Impressum<\/h2>\n\n\n\n<p><a href=\"https:\/\/www.multical.org\/de_CH\/agb.html\" data-type=\"URL\" data-id=\"https:\/\/www.multical.org\/de_CH\/agb.html\">Allgemeine Gesch\u00e4ftsbedingungen (AGB)<\/a><\/p>\n\n\n\n<p><a href=\"https:\/\/www.multical.org\/Datenschutz.html\" data-type=\"URL\" data-id=\"https:\/\/www.multical.org\/Datenschutz.html\">Datenschutzerkl\u00e4rung<\/a><\/p>\n\n\n\n<p><a href=\"https:\/\/www.multical.org\/Impressum.html\" data-type=\"URL\" data-id=\"https:\/\/www.multical.org\/Impressum.html\">Impressum<\/a><\/p>\n","protected":false},"author":1,"featured_media":0,"parent":2477,"menu_order":101,"template":"","manualdocumentationcategory":[94,92,39],"manual_doc_tag":[],"class_list":["post-2483","manual_documentation","type-manual_documentation","status-publish","hentry","manualdocumentationcategory-anleitungen","manualdocumentationcategory-ferienverwaltung","manualdocumentationcategory-erste-schritte"],"_links":{"self":[{"href":"https:\/\/support.multical.org\/index.php?rest_route=\/wp\/v2\/manual_documentation\/2483","targetHints":{"allow":["GET"]}}],"collection":[{"href":"https:\/\/support.multical.org\/index.php?rest_route=\/wp\/v2\/manual_documentation"}],"about":[{"href":"https:\/\/support.multical.org\/index.php?rest_route=\/wp\/v2\/types\/manual_documentation"}],"author":[{"embeddable":true,"href":"https:\/\/support.multical.org\/index.php?rest_route=\/wp\/v2\/users\/1"}],"version-history":[{"count":65,"href":"https:\/\/support.multical.org\/index.php?rest_route=\/wp\/v2\/manual_documentation\/2483\/revisions"}],"predecessor-version":[{"id":3082,"href":"https:\/\/support.multical.org\/index.php?rest_route=\/wp\/v2\/manual_documentation\/2483\/revisions\/3082"}],"up":[{"embeddable":true,"href":"https:\/\/support.multical.org\/index.php?rest_route=\/wp\/v2\/manual_documentation\/2477"}],"wp:attachment":[{"href":"https:\/\/support.multical.org\/index.php?rest_route=%2Fwp%2Fv2%2Fmedia&parent=2483"}],"wp:term":[{"taxonomy":"manualdocumentationcategory","embeddable":true,"href":"https:\/\/support.multical.org\/index.php?rest_route=%2Fwp%2Fv2%2Fmanualdocumentationcategory&post=2483"},{"taxonomy":"manual_doc_tag","embeddable":true,"href":"https:\/\/support.multical.org\/index.php?rest_route=%2Fwp%2Fv2%2Fmanual_doc_tag&post=2483"}],"curies":[{"name":"wp","href":"https:\/\/api.w.org\/{rel}","templated":true}]}}